{"id":326,"date":"2018-03-29T18:46:51","date_gmt":"2018-03-29T18:46:51","guid":{"rendered":"https:\/\/demo.afthemes.com\/elegant-magazine\/newsportal\/?page_id=10"},"modified":"2026-08-06T17:28:22","modified_gmt":"2026-08-06T20:28:22","slug":"ello-tv","status":"publish","type":"page","link":"https:\/\/ellotv.com.br\/site\/","title":{"rendered":"Feed De Not\u00edcias"},"content":{"rendered":"\t\t<div data-elementor-type=\"wp-page\" data-elementor-id=\"326\" class=\"elementor elementor-326\">\n\t\t\t\t\t\t<section class=\"elementor-section elementor-top-section elementor-element elementor-element-58ef78aa elementor-section-full_width elementor-section-height-default elementor-section-height-default\" data-id=\"58ef78aa\" data-element_type=\"section\" data-e-type=\"section\">\n\t\t\t\t\t\t<div class=\"elementor-container elementor-column-gap-default\">\n\t\t\t\t\t<div class=\"elementor-column elementor-col-100 elementor-top-column elementor-element elementor-element-4ce090cf\" data-id=\"4ce090cf\" data-element_type=\"column\" data-e-type=\"column\">\n\t\t\t<div class=\"elementor-widget-wrap elementor-element-populated\">\n\t\t\t\t\t\t<div class=\"elementor-element elementor-element-222b5de1 elespare-section-title-elespare-left elementor-invisible elementor-widget elementor-widget-post-banner\" data-id=\"222b5de1\" data-element_type=\"widget\" data-e-type=\"widget\" data-settings=\"{&quot;_animation&quot;:&quot;slideInDown&quot;,&quot;_animation_speed&quot;:300,&quot;_autoplay&quot;:&quot;yes&quot;,&quot;_loop&quot;:&quot;yes&quot;,&quot;trending_count_shapes&quot;:&quot;elespare-post-count-square&quot;,&quot;trending_count_shapes_position&quot;:&quot;elespare-pst-cnt-bl&quot;,&quot;trending_animation_speed&quot;:300,&quot;trending_autoplay&quot;:&quot;yes&quot;,&quot;trending_autoplay_speed&quot;:6000,&quot;trending_loop&quot;:&quot;yes&quot;}\" data-widget_type=\"post-banner.default\">\n\t\t\t\t\t\n    <div class=\"elespare-banner-one-wrap banner-layout  banner-style-1\">\n              <div class=\"elespare-section-grid\">\n          <div class=\"elespare-widget-title-section title-style-2 elespare-left\">\n\t\t\t\t<h2 class=\"elespare-widget-title\">\n\t\t\t\t\t<span class=\"elespare-section-title-before\"><\/span>\n\t\t\t\t\t<span class=\"elespare-section-title\">N\u00e3o Perca<\/span>\n\t\t\t\t\t<span class=\"elespare-section-title-after\"><\/span>\n\t\t\t\t<\/h2>\n\t\t\t<\/div>          <div\n            class=\"elespare-posts-grid-wrap elespare-posts-wrap \">\n                            <div class=\"elespare-posts-grid-post-items\">\n\n                  <div class=\"elespare-img-wrapper\">\n                    \n      <a href=\"https:\/\/ellotv.com.br\/site\/2026\/08\/03\/casa-lotada-no-agreste-reforca-alcance-estadual-da-pre-candidatura-de-marconi-santana\/\" aria-label=\"Casa lotada no Agreste refor\u00e7a alcance estadual da pr\u00e9-candidatura de Marconi Santana\">\n        <img fetchpriority=\"high\" decoding=\"async\" width=\"240\" height=\"300\" src=\"https:\/\/ellotv.com.br\/site\/wp-content\/uploads\/2026\/08\/WhatsApp-Image-2026-07-30-at-08.23.42-240x300.jpeg\" class=\"attachment-medium size-medium wp-post-image\" alt=\"Casa lotada no Agreste refor\u00e7a alcance estadual da pr\u00e9-candidatura de Marconi Santana\" srcset=\"https:\/\/ellotv.com.br\/site\/wp-content\/uploads\/2026\/08\/WhatsApp-Image-2026-07-30-at-08.23.42-240x300.jpeg 240w, https:\/\/ellotv.com.br\/site\/wp-content\/uploads\/2026\/08\/WhatsApp-Image-2026-07-30-at-08.23.42-819x1024.jpeg 819w, https:\/\/ellotv.com.br\/site\/wp-content\/uploads\/2026\/08\/WhatsApp-Image-2026-07-30-at-08.23.42-768x960.jpeg 768w, https:\/\/ellotv.com.br\/site\/wp-content\/uploads\/2026\/08\/WhatsApp-Image-2026-07-30-at-08.23.42.jpeg 1024w\" sizes=\"(max-width: 240px) 100vw, 240px\" \/>      <\/a>\n\n    \n                  <\/div>\n                  <div class=\"elespare-content-wrapper\">\n                    <ul class=\"elespare-cat-links solid\"><li class=\"elespare-meta-category\">\n                      <a class=\"elespare-categories\" href=\"https:\/\/ellotv.com.br\/site\/category\/noticias\/\" aria-label=\"View all posts in Noticias category\">\n                      \n                        Noticias\n                      <\/a>\n                  <\/li><li class=\"elespare-meta-category\">\n                      <a class=\"elespare-categories\" href=\"https:\/\/ellotv.com.br\/site\/category\/regional\/\" aria-label=\"View all posts in Regional category\">\n                      \n                        Regional\n                      <\/a>\n                  <\/li><\/ul>\n    <h3 class=\"elespare-post-title\">\n      <a href=\"https:\/\/ellotv.com.br\/site\/2026\/08\/03\/casa-lotada-no-agreste-reforca-alcance-estadual-da-pre-candidatura-de-marconi-santana\/\"> <span>Casa lotada no Agreste refor\u00e7a alcance estadual da pr\u00e9-candidatura de Marconi Santana<\/span><\/a>\n    <\/h3>\n          <div class=\"elespare-metadata\">\n                  <span class=\"post-author\">\n            <a href=\"https:\/\/ellotv.com.br\/site\/author\/elloagencia\/\">\n              ELLO TV            <\/a>\n          <\/span>\n                              <\/div>\n\n                  <\/div>\n                <\/div>\n                            <div class=\"elespare-posts-grid-post-items\">\n\n                  <div class=\"elespare-img-wrapper\">\n                    \n      <a href=\"https:\/\/ellotv.com.br\/site\/2026\/08\/03\/pesquisa-aponta-empate-tecnico-entre-raquel-lyra-e-joao-campos-em-pernambuco\/\" aria-label=\"Pesquisa aponta empate t\u00e9cnico entre Raquel Lyra e Jo\u00e3o Campos em Pernambuco\">\n        <img decoding=\"async\" width=\"225\" height=\"300\" src=\"https:\/\/ellotv.com.br\/site\/wp-content\/uploads\/2026\/08\/WhatsApp-Image-2026-07-31-at-08.37.37-225x300.jpeg\" class=\"attachment-medium size-medium wp-post-image\" alt=\"Pesquisa aponta empate t\u00e9cnico entre Raquel Lyra e Jo\u00e3o Campos em Pernambuco\" srcset=\"https:\/\/ellotv.com.br\/site\/wp-content\/uploads\/2026\/08\/WhatsApp-Image-2026-07-31-at-08.37.37-225x300.jpeg 225w, https:\/\/ellotv.com.br\/site\/wp-content\/uploads\/2026\/08\/WhatsApp-Image-2026-07-31-at-08.37.37-767x1024.jpeg 767w, https:\/\/ellotv.com.br\/site\/wp-content\/uploads\/2026\/08\/WhatsApp-Image-2026-07-31-at-08.37.37-768x1026.jpeg 768w, https:\/\/ellotv.com.br\/site\/wp-content\/uploads\/2026\/08\/WhatsApp-Image-2026-07-31-at-08.37.37-1150x1536.jpeg 1150w, https:\/\/ellotv.com.br\/site\/wp-content\/uploads\/2026\/08\/WhatsApp-Image-2026-07-31-at-08.37.37-1024x1368.jpeg 1024w, https:\/\/ellotv.com.br\/site\/wp-content\/uploads\/2026\/08\/WhatsApp-Image-2026-07-31-at-08.37.37.jpeg 1198w\" sizes=\"(max-width: 225px) 100vw, 225px\" \/>      <\/a>\n\n    \n                  <\/div>\n                  <div class=\"elespare-content-wrapper\">\n                    <ul class=\"elespare-cat-links solid\"><li class=\"elespare-meta-category\">\n                      <a class=\"elespare-categories\" href=\"https:\/\/ellotv.com.br\/site\/category\/brasil\/\" aria-label=\"View all posts in Brasil category\">\n                      \n                        Brasil\n                      <\/a>\n                  <\/li><li class=\"elespare-meta-category\">\n                      <a class=\"elespare-categories\" href=\"https:\/\/ellotv.com.br\/site\/category\/noticias\/\" aria-label=\"View all posts in Noticias category\">\n                      \n                        Noticias\n                      <\/a>\n                  <\/li><li class=\"elespare-meta-category\">\n                      <a class=\"elespare-categories\" href=\"https:\/\/ellotv.com.br\/site\/category\/regional\/\" aria-label=\"View all posts in Regional category\">\n                      \n                        Regional\n                      <\/a>\n                  <\/li><\/ul>\n    <h3 class=\"elespare-post-title\">\n      <a href=\"https:\/\/ellotv.com.br\/site\/2026\/08\/03\/pesquisa-aponta-empate-tecnico-entre-raquel-lyra-e-joao-campos-em-pernambuco\/\"> <span>Pesquisa aponta empate t\u00e9cnico entre Raquel Lyra e Jo\u00e3o Campos em Pernambuco<\/span><\/a>\n    <\/h3>\n          <div class=\"elespare-metadata\">\n                  <span class=\"post-author\">\n            <a href=\"https:\/\/ellotv.com.br\/site\/author\/elloagencia\/\">\n              ELLO TV            <\/a>\n          <\/span>\n                              <\/div>\n\n                  <\/div>\n                <\/div>\n                      <\/div>\n        <\/div>\n      \n      <div class=\"elespare-section-slider\">\n        <div class=\"elespare-section-carousel-title\">\n          <div class=\"elespare-widget-title-section title-style-2 elespare-left\">\n\t\t\t\t<h2 class=\"elespare-widget-title\">\n\t\t\t\t\t<span class=\"elespare-section-title-before\"><\/span>\n\t\t\t\t\t<span class=\"elespare-section-title\">Destaques<\/span>\n\t\t\t\t\t<span class=\"elespare-section-title-after\"><\/span>\n\t\t\t\t<\/h2>\n\t\t\t<\/div>            <div\n              class=\"elespare-carousel-wrap elespare-posts-wrap  \"\n              data-num=\"1\">\n                              <div class=\"elespare-posts-carousel-post-items\">\n\n                  <div class=\"elespare-img-wrapper\">\n                    \n      <a href=\"https:\/\/ellotv.com.br\/site\/2026\/08\/28\/ello-tv-recebe-gislandio-araujo-em-entrevista-especial-sobre-as-eleicoes-2026\/\" aria-label=\"ELLO TV recebe Gisl\u00e2ndio Ara\u00fajo em entrevista especial sobre as Elei\u00e7\u00f5es 2026\">\n        <img decoding=\"async\" width=\"640\" height=\"853\" src=\"https:\/\/ellotv.com.br\/site\/wp-content\/uploads\/2026\/08\/WhatsApp-Image-2026-08-28-at-15.18.18-768x1024.jpeg\" class=\"attachment-large size-large wp-post-image\" alt=\"ELLO TV recebe Gisl\u00e2ndio Ara\u00fajo em entrevista especial sobre as Elei\u00e7\u00f5es 2026\" srcset=\"https:\/\/ellotv.com.br\/site\/wp-content\/uploads\/2026\/08\/WhatsApp-Image-2026-08-28-at-15.18.18-768x1024.jpeg 768w, https:\/\/ellotv.com.br\/site\/wp-content\/uploads\/2026\/08\/WhatsApp-Image-2026-08-28-at-15.18.18-225x300.jpeg 225w, https:\/\/ellotv.com.br\/site\/wp-content\/uploads\/2026\/08\/WhatsApp-Image-2026-08-28-at-15.18.18-1024x1365.jpeg 1024w, https:\/\/ellotv.com.br\/site\/wp-content\/uploads\/2026\/08\/WhatsApp-Image-2026-08-28-at-15.18.18.jpeg 1080w\" sizes=\"(max-width: 640px) 100vw, 640px\" \/>      <\/a>\n\n    \n                  <\/div>\n                  <div class=\"elespare-content-wrapper\">\n                    <ul class=\"elespare-cat-links solid\"><li class=\"elespare-meta-category\">\n                      <a class=\"elespare-categories\" href=\"https:\/\/ellotv.com.br\/site\/category\/ello\/\" aria-label=\"View all posts in Ello category\">\n                      \n                        Ello\n                      <\/a>\n                  <\/li><\/ul>\n    <h3 class=\"elespare-post-title\">\n      <a href=\"https:\/\/ellotv.com.br\/site\/2026\/08\/28\/ello-tv-recebe-gislandio-araujo-em-entrevista-especial-sobre-as-eleicoes-2026\/\"> <span>ELLO TV recebe Gisl\u00e2ndio Ara\u00fajo em entrevista especial sobre as Elei\u00e7\u00f5es 2026<\/span><\/a>\n    <\/h3>\n          <div class=\"elespare-metadata\">\n                  <span class=\"post-author\">\n            <a href=\"https:\/\/ellotv.com.br\/site\/author\/elloagencia\/\">\n              ELLO TV            <\/a>\n          <\/span>\n                              <\/div>\n    <div class=\"elespare-exceprt\">\n              <a class=\"read-more-btn\" href=\"https:\/\/ellotv.com.br\/site\/2026\/08\/28\/ello-tv-recebe-gislandio-araujo-em-entrevista-especial-sobre-as-eleicoes-2026\/\">\n    Leia mais    <span class=\"screen-reader-text\"> about ELLO TV recebe Gisl\u00e2ndio Ara\u00fajo em entrevista especial sobre as Elei\u00e7\u00f5es 2026<\/span>\n  <\/a>\n      <\/div>\n  \n                  <\/div>\n                <\/div>\n                              <div class=\"elespare-posts-carousel-post-items\">\n\n                  <div class=\"elespare-img-wrapper\">\n                    \n      <a href=\"https:\/\/ellotv.com.br\/site\/2026\/08\/27\/efesta-mostra-os-melhores-momentos-da-festa-de-agosto-2026-em-santa-rosa\/\" aria-label=\"\u00e9Festa mostra os melhores momentos da Festa de Agosto 2026 em Santa Rosa\">\n        <img loading=\"lazy\" decoding=\"async\" width=\"640\" height=\"800\" src=\"https:\/\/ellotv.com.br\/site\/wp-content\/uploads\/2026\/08\/WhatsApp-Image-2026-08-27-at-11.07.25-819x1024.jpeg\" class=\"attachment-large size-large wp-post-image\" alt=\"\u00e9Festa mostra os melhores momentos da Festa de Agosto 2026 em Santa Rosa\" srcset=\"https:\/\/ellotv.com.br\/site\/wp-content\/uploads\/2026\/08\/WhatsApp-Image-2026-08-27-at-11.07.25-819x1024.jpeg 819w, https:\/\/ellotv.com.br\/site\/wp-content\/uploads\/2026\/08\/WhatsApp-Image-2026-08-27-at-11.07.25-240x300.jpeg 240w, https:\/\/ellotv.com.br\/site\/wp-content\/uploads\/2026\/08\/WhatsApp-Image-2026-08-27-at-11.07.25-768x960.jpeg 768w, https:\/\/ellotv.com.br\/site\/wp-content\/uploads\/2026\/08\/WhatsApp-Image-2026-08-27-at-11.07.25-1024x1280.jpeg 1024w, https:\/\/ellotv.com.br\/site\/wp-content\/uploads\/2026\/08\/WhatsApp-Image-2026-08-27-at-11.07.25.jpeg 1080w\" sizes=\"(max-width: 640px) 100vw, 640px\" \/>      <\/a>\n\n    \n                  <\/div>\n                  <div class=\"elespare-content-wrapper\">\n                    <ul class=\"elespare-cat-links solid\"><li class=\"elespare-meta-category\">\n                      <a class=\"elespare-categories\" href=\"https:\/\/ellotv.com.br\/site\/category\/ello\/\" aria-label=\"View all posts in Ello category\">\n                      \n                        Ello\n                      <\/a>\n                  <\/li><\/ul>\n    <h3 class=\"elespare-post-title\">\n      <a href=\"https:\/\/ellotv.com.br\/site\/2026\/08\/27\/efesta-mostra-os-melhores-momentos-da-festa-de-agosto-2026-em-santa-rosa\/\"> <span>\u00e9Festa mostra os melhores momentos da Festa de Agosto 2026 em Santa Rosa<\/span><\/a>\n    <\/h3>\n          <div class=\"elespare-metadata\">\n                  <span class=\"post-author\">\n            <a href=\"https:\/\/ellotv.com.br\/site\/author\/elloagencia\/\">\n              ELLO TV            <\/a>\n          <\/span>\n                              <\/div>\n    <div class=\"elespare-exceprt\">\n              <a class=\"read-more-btn\" href=\"https:\/\/ellotv.com.br\/site\/2026\/08\/27\/efesta-mostra-os-melhores-momentos-da-festa-de-agosto-2026-em-santa-rosa\/\">\n    Leia mais    <span class=\"screen-reader-text\"> about \u00e9Festa mostra os melhores momentos da Festa de Agosto 2026 em Santa Rosa<\/span>\n  <\/a>\n      <\/div>\n  \n                  <\/div>\n                <\/div>\n                              <div class=\"elespare-posts-carousel-post-items\">\n\n                  <div class=\"elespare-img-wrapper\">\n                    \n      <a href=\"https:\/\/ellotv.com.br\/site\/2026\/08\/26\/causos-causas-do-pajeu-a-amazonia-a-trajetoria-de-dr-valdir-perazzo-leite\/\" aria-label=\"Causos &#038; Causas: do Paje\u00fa \u00e0 Amaz\u00f4nia, a trajet\u00f3ria de Dr. Valdir Perazzo Leite\">\n        <img loading=\"lazy\" decoding=\"async\" width=\"640\" height=\"800\" src=\"https:\/\/ellotv.com.br\/site\/wp-content\/uploads\/2026\/08\/WhatsApp-Image-2026-08-26-at-16.35.50-1-819x1024.jpeg\" class=\"attachment-large size-large wp-post-image\" alt=\"Causos &#038; Causas: do Paje\u00fa \u00e0 Amaz\u00f4nia, a trajet\u00f3ria de Dr. Valdir Perazzo Leite\" srcset=\"https:\/\/ellotv.com.br\/site\/wp-content\/uploads\/2026\/08\/WhatsApp-Image-2026-08-26-at-16.35.50-1-819x1024.jpeg 819w, https:\/\/ellotv.com.br\/site\/wp-content\/uploads\/2026\/08\/WhatsApp-Image-2026-08-26-at-16.35.50-1-240x300.jpeg 240w, https:\/\/ellotv.com.br\/site\/wp-content\/uploads\/2026\/08\/WhatsApp-Image-2026-08-26-at-16.35.50-1-768x960.jpeg 768w, https:\/\/ellotv.com.br\/site\/wp-content\/uploads\/2026\/08\/WhatsApp-Image-2026-08-26-at-16.35.50-1-1229x1536.jpeg 1229w, https:\/\/ellotv.com.br\/site\/wp-content\/uploads\/2026\/08\/WhatsApp-Image-2026-08-26-at-16.35.50-1-1024x1280.jpeg 1024w, https:\/\/ellotv.com.br\/site\/wp-content\/uploads\/2026\/08\/WhatsApp-Image-2026-08-26-at-16.35.50-1.jpeg 1280w\" sizes=\"(max-width: 640px) 100vw, 640px\" \/>      <\/a>\n\n    \n                  <\/div>\n                  <div class=\"elespare-content-wrapper\">\n                    <ul class=\"elespare-cat-links solid\"><li class=\"elespare-meta-category\">\n                      <a class=\"elespare-categories\" href=\"https:\/\/ellotv.com.br\/site\/category\/ello\/\" aria-label=\"View all posts in Ello category\">\n                      \n                        Ello\n                      <\/a>\n                  <\/li><\/ul>\n    <h3 class=\"elespare-post-title\">\n      <a href=\"https:\/\/ellotv.com.br\/site\/2026\/08\/26\/causos-causas-do-pajeu-a-amazonia-a-trajetoria-de-dr-valdir-perazzo-leite\/\"> <span>Causos &#038; Causas: do Paje\u00fa \u00e0 Amaz\u00f4nia, a trajet\u00f3ria de Dr. Valdir Perazzo Leite<\/span><\/a>\n    <\/h3>\n          <div class=\"elespare-metadata\">\n                  <span class=\"post-author\">\n            <a href=\"https:\/\/ellotv.com.br\/site\/author\/elloagencia\/\">\n              ELLO TV            <\/a>\n          <\/span>\n                              <\/div>\n    <div class=\"elespare-exceprt\">\n              <a class=\"read-more-btn\" href=\"https:\/\/ellotv.com.br\/site\/2026\/08\/26\/causos-causas-do-pajeu-a-amazonia-a-trajetoria-de-dr-valdir-perazzo-leite\/\">\n    Leia mais    <span class=\"screen-reader-text\"> about Causos &#038; Causas: do Paje\u00fa \u00e0 Amaz\u00f4nia, a trajet\u00f3ria de Dr. Valdir Perazzo Leite<\/span>\n  <\/a>\n      <\/div>\n  \n                  <\/div>\n                <\/div>\n                              <div class=\"elespare-posts-carousel-post-items\">\n\n                  <div class=\"elespare-img-wrapper\">\n                    \n      <a href=\"https:\/\/ellotv.com.br\/site\/2026\/08\/25\/diga-la-poeta-recebe-mariana-teles-para-celebrar-o-legado-de-valdir-teles\/\" aria-label=\"Diga L\u00e1 Poeta recebe Mariana Teles para celebrar o legado de Valdir Teles\">\n        <img loading=\"lazy\" decoding=\"async\" width=\"640\" height=\"800\" src=\"https:\/\/ellotv.com.br\/site\/wp-content\/uploads\/2026\/08\/WhatsApp-Image-2026-08-25-at-10.00.35-819x1024.jpeg\" class=\"attachment-large size-large wp-post-image\" alt=\"Diga L\u00e1 Poeta recebe Mariana Teles para celebrar o legado de Valdir Teles\" srcset=\"https:\/\/ellotv.com.br\/site\/wp-content\/uploads\/2026\/08\/WhatsApp-Image-2026-08-25-at-10.00.35-819x1024.jpeg 819w, https:\/\/ellotv.com.br\/site\/wp-content\/uploads\/2026\/08\/WhatsApp-Image-2026-08-25-at-10.00.35-240x300.jpeg 240w, https:\/\/ellotv.com.br\/site\/wp-content\/uploads\/2026\/08\/WhatsApp-Image-2026-08-25-at-10.00.35-768x960.jpeg 768w, https:\/\/ellotv.com.br\/site\/wp-content\/uploads\/2026\/08\/WhatsApp-Image-2026-08-25-at-10.00.35-1229x1536.jpeg 1229w, https:\/\/ellotv.com.br\/site\/wp-content\/uploads\/2026\/08\/WhatsApp-Image-2026-08-25-at-10.00.35-1024x1280.jpeg 1024w, https:\/\/ellotv.com.br\/site\/wp-content\/uploads\/2026\/08\/WhatsApp-Image-2026-08-25-at-10.00.35.jpeg 1280w\" sizes=\"(max-width: 640px) 100vw, 640px\" \/>      <\/a>\n\n    \n                  <\/div>\n                  <div class=\"elespare-content-wrapper\">\n                    <ul class=\"elespare-cat-links solid\"><li class=\"elespare-meta-category\">\n                      <a class=\"elespare-categories\" href=\"https:\/\/ellotv.com.br\/site\/category\/ello\/\" aria-label=\"View all posts in Ello category\">\n                      \n                        Ello\n                      <\/a>\n                  <\/li><\/ul>\n    <h3 class=\"elespare-post-title\">\n      <a href=\"https:\/\/ellotv.com.br\/site\/2026\/08\/25\/diga-la-poeta-recebe-mariana-teles-para-celebrar-o-legado-de-valdir-teles\/\"> <span>Diga L\u00e1 Poeta recebe Mariana Teles para celebrar o legado de Valdir Teles<\/span><\/a>\n    <\/h3>\n          <div class=\"elespare-metadata\">\n                  <span class=\"post-author\">\n            <a href=\"https:\/\/ellotv.com.br\/site\/author\/elloagencia\/\">\n              ELLO TV            <\/a>\n          <\/span>\n                              <\/div>\n    <div class=\"elespare-exceprt\">\n              <a class=\"read-more-btn\" href=\"https:\/\/ellotv.com.br\/site\/2026\/08\/25\/diga-la-poeta-recebe-mariana-teles-para-celebrar-o-legado-de-valdir-teles\/\">\n    Leia mais    <span class=\"screen-reader-text\"> about Diga L\u00e1 Poeta recebe Mariana Teles para celebrar o legado de Valdir Teles<\/span>\n  <\/a>\n      <\/div>\n  \n                  <\/div>\n                <\/div>\n                              <div class=\"elespare-posts-carousel-post-items\">\n\n                  <div class=\"elespare-img-wrapper\">\n                    \n      <a href=\"https:\/\/ellotv.com.br\/site\/2026\/08\/25\/politica-em-foco-recebe-vicente-galdino-para-debater-cenario-atual-e-desafios-da-regiao\/\" aria-label=\"Pol\u00edtica em Foco recebe Vicente Galdino para debater cen\u00e1rio atual e desafios da regi\u00e3o\">\n        <img loading=\"lazy\" decoding=\"async\" width=\"640\" height=\"800\" src=\"https:\/\/ellotv.com.br\/site\/wp-content\/uploads\/2026\/08\/WhatsApp-Image-2026-08-25-at-09.36.21-819x1024.jpeg\" class=\"attachment-large size-large wp-post-image\" alt=\"Pol\u00edtica em Foco recebe Vicente Galdino para debater cen\u00e1rio atual e desafios da regi\u00e3o\" srcset=\"https:\/\/ellotv.com.br\/site\/wp-content\/uploads\/2026\/08\/WhatsApp-Image-2026-08-25-at-09.36.21-819x1024.jpeg 819w, https:\/\/ellotv.com.br\/site\/wp-content\/uploads\/2026\/08\/WhatsApp-Image-2026-08-25-at-09.36.21-240x300.jpeg 240w, https:\/\/ellotv.com.br\/site\/wp-content\/uploads\/2026\/08\/WhatsApp-Image-2026-08-25-at-09.36.21-768x960.jpeg 768w, https:\/\/ellotv.com.br\/site\/wp-content\/uploads\/2026\/08\/WhatsApp-Image-2026-08-25-at-09.36.21-1229x1536.jpeg 1229w, https:\/\/ellotv.com.br\/site\/wp-content\/uploads\/2026\/08\/WhatsApp-Image-2026-08-25-at-09.36.21-1024x1280.jpeg 1024w, https:\/\/ellotv.com.br\/site\/wp-content\/uploads\/2026\/08\/WhatsApp-Image-2026-08-25-at-09.36.21.jpeg 1280w\" sizes=\"(max-width: 640px) 100vw, 640px\" \/>      <\/a>\n\n    \n                  <\/div>\n                  <div class=\"elespare-content-wrapper\">\n                    <ul class=\"elespare-cat-links solid\"><li class=\"elespare-meta-category\">\n                      <a class=\"elespare-categories\" href=\"https:\/\/ellotv.com.br\/site\/category\/ello\/\" aria-label=\"View all posts in Ello category\">\n                      \n                        Ello\n                      <\/a>\n                  <\/li><\/ul>\n    <h3 class=\"elespare-post-title\">\n      <a href=\"https:\/\/ellotv.com.br\/site\/2026\/08\/25\/politica-em-foco-recebe-vicente-galdino-para-debater-cenario-atual-e-desafios-da-regiao\/\"> <span>Pol\u00edtica em Foco recebe Vicente Galdino para debater cen\u00e1rio atual e desafios da regi\u00e3o<\/span><\/a>\n    <\/h3>\n          <div class=\"elespare-metadata\">\n                  <span class=\"post-author\">\n            <a href=\"https:\/\/ellotv.com.br\/site\/author\/elloagencia\/\">\n              ELLO TV            <\/a>\n          <\/span>\n                              <\/div>\n    <div class=\"elespare-exceprt\">\n              <a class=\"read-more-btn\" href=\"https:\/\/ellotv.com.br\/site\/2026\/08\/25\/politica-em-foco-recebe-vicente-galdino-para-debater-cenario-atual-e-desafios-da-regiao\/\">\n    Leia mais    <span class=\"screen-reader-text\"> about Pol\u00edtica em Foco recebe Vicente Galdino para debater cen\u00e1rio atual e desafios da regi\u00e3o<\/span>\n  <\/a>\n      <\/div>\n  \n                  <\/div>\n                <\/div>\n                          <\/div>\n                  <\/div>\n      <\/div>\n\n\n      <button type=\"button\" class=\"slick-prev elespare-nav-carousel\"><i class=\"elespare-icons-angle-left\"\n          aria-hidden=\"true\"><\/i><\/button>\n      <button type=\"button\" class=\"slick-next elespare-nav-carousel\"><i class=\"elespare-icons-angle-right\"\n          aria-hidden=\"true\"><\/i><\/button>\n\n\n      \n      <div class=\"elespare-section-trending has-background \">\n        <div class=\"elespare-section-trending-title\">\n          <div class=\"elespare-widget-title-section title-style-2 elespare-left\">\n\t\t\t\t<h2 class=\"elespare-widget-title\">\n\t\t\t\t\t<span class=\"elespare-section-title-before\"><\/span>\n\t\t\t\t\t<span class=\"elespare-section-title\">Acompanhe<\/span>\n\t\t\t\t\t<span class=\"elespare-section-title-after\"><\/span>\n\t\t\t\t<\/h2>\n\t\t\t<\/div>            <div\n              class=\"elespare-trending-wrap elespare-posts-wrap   elespare-light\">\n                              <div class=\"elespare-posts-trending-post-items\">\n\n                  <div class=\"elespare-img-wrapper\">\n\n                    \n      <a href=\"https:\/\/ellotv.com.br\/site\/2026\/08\/03\/pesquisa-aponta-empate-tecnico-entre-raquel-lyra-e-joao-campos-em-pernambuco\/\" aria-label=\"Pesquisa aponta empate t\u00e9cnico entre Raquel Lyra e Jo\u00e3o Campos em Pernambuco\">\n        <img loading=\"lazy\" decoding=\"async\" width=\"150\" height=\"150\" src=\"https:\/\/ellotv.com.br\/site\/wp-content\/uploads\/2026\/08\/WhatsApp-Image-2026-07-31-at-08.37.37-150x150.jpeg\" class=\"attachment-thumbnail size-thumbnail wp-post-image\" alt=\"Pesquisa aponta empate t\u00e9cnico entre Raquel Lyra e Jo\u00e3o Campos em Pernambuco\" srcset=\"https:\/\/ellotv.com.br\/site\/wp-content\/uploads\/2026\/08\/WhatsApp-Image-2026-07-31-at-08.37.37-150x150.jpeg 150w, https:\/\/ellotv.com.br\/site\/wp-content\/uploads\/2026\/08\/WhatsApp-Image-2026-07-31-at-08.37.37-350x350.jpeg 350w\" sizes=\"(max-width: 150px) 100vw, 150px\" \/>      <\/a>\n\n                        <div\n                      class=\"elespare-post-count elespare-post-count-square elespare-pst-cnt-bl\">\n                      1<\/div>\n                  <\/div>\n                  <div class=\"elespare-content-wrapper\">\n                    \n    <h3 class=\"elespare-post-title\">\n      <a href=\"https:\/\/ellotv.com.br\/site\/2026\/08\/03\/pesquisa-aponta-empate-tecnico-entre-raquel-lyra-e-joao-campos-em-pernambuco\/\"> <span>Pesquisa aponta empate t\u00e9cnico entre Raquel Lyra e Jo\u00e3o Campos em Pernambuco<\/span><\/a>\n    <\/h3>\n    \n                  <\/div>\n                <\/div>\n                              <div class=\"elespare-posts-trending-post-items\">\n\n                  <div class=\"elespare-img-wrapper\">\n\n                    \n      <a href=\"https:\/\/ellotv.com.br\/site\/2026\/07\/29\/lula-lidera-cenario-presidencial-em-pernambuco-com-55-aponta-quaest\/\" aria-label=\"Lula lidera cen\u00e1rio presidencial em Pernambuco com 55%, aponta Quaest\">\n        <img loading=\"lazy\" decoding=\"async\" width=\"150\" height=\"150\" src=\"https:\/\/ellotv.com.br\/site\/wp-content\/uploads\/2026\/07\/WhatsApp-Image-2026-07-28-at-16.23.38-150x150.jpeg\" class=\"attachment-thumbnail size-thumbnail wp-post-image\" alt=\"Lula lidera cen\u00e1rio presidencial em Pernambuco com 55%, aponta Quaest\" srcset=\"https:\/\/ellotv.com.br\/site\/wp-content\/uploads\/2026\/07\/WhatsApp-Image-2026-07-28-at-16.23.38-150x150.jpeg 150w, https:\/\/ellotv.com.br\/site\/wp-content\/uploads\/2026\/07\/WhatsApp-Image-2026-07-28-at-16.23.38-350x350.jpeg 350w\" sizes=\"(max-width: 150px) 100vw, 150px\" \/>      <\/a>\n\n                        <div\n                      class=\"elespare-post-count elespare-post-count-square elespare-pst-cnt-bl\">\n                      2<\/div>\n                  <\/div>\n                  <div class=\"elespare-content-wrapper\">\n                    \n    <h3 class=\"elespare-post-title\">\n      <a href=\"https:\/\/ellotv.com.br\/site\/2026\/07\/29\/lula-lidera-cenario-presidencial-em-pernambuco-com-55-aponta-quaest\/\"> <span>Lula lidera cen\u00e1rio presidencial em Pernambuco com 55%, aponta Quaest<\/span><\/a>\n    <\/h3>\n    \n                  <\/div>\n                <\/div>\n                              <div class=\"elespare-posts-trending-post-items\">\n\n                  <div class=\"elespare-img-wrapper\">\n\n                    \n      <a href=\"https:\/\/ellotv.com.br\/site\/2026\/07\/13\/ayrton-senna-e-oficialmente-reconhecido-como-heroi-da-patria\/\" aria-label=\"Ayrton Senna \u00e9 oficialmente reconhecido como Her\u00f3i da P\u00e1tria\">\n        <img loading=\"lazy\" decoding=\"async\" width=\"150\" height=\"150\" src=\"https:\/\/ellotv.com.br\/site\/wp-content\/uploads\/2026\/07\/WhatsApp-Image-2026-07-12-at-11.31.02-150x150.jpeg\" class=\"attachment-thumbnail size-thumbnail wp-post-image\" alt=\"Ayrton Senna \u00e9 oficialmente reconhecido como Her\u00f3i da P\u00e1tria\" srcset=\"https:\/\/ellotv.com.br\/site\/wp-content\/uploads\/2026\/07\/WhatsApp-Image-2026-07-12-at-11.31.02-150x150.jpeg 150w, https:\/\/ellotv.com.br\/site\/wp-content\/uploads\/2026\/07\/WhatsApp-Image-2026-07-12-at-11.31.02-350x350.jpeg 350w\" sizes=\"(max-width: 150px) 100vw, 150px\" \/>      <\/a>\n\n                        <div\n                      class=\"elespare-post-count elespare-post-count-square elespare-pst-cnt-bl\">\n                      3<\/div>\n                  <\/div>\n                  <div class=\"elespare-content-wrapper\">\n                    \n    <h3 class=\"elespare-post-title\">\n      <a href=\"https:\/\/ellotv.com.br\/site\/2026\/07\/13\/ayrton-senna-e-oficialmente-reconhecido-como-heroi-da-patria\/\"> <span>Ayrton Senna \u00e9 oficialmente reconhecido como Her\u00f3i da P\u00e1tria<\/span><\/a>\n    <\/h3>\n    \n                  <\/div>\n                <\/div>\n                              <div class=\"elespare-posts-trending-post-items\">\n\n                  <div class=\"elespare-img-wrapper\">\n\n                    \n      <a href=\"https:\/\/ellotv.com.br\/site\/2026\/07\/13\/119-x-80-x-77-marta-supera-neymar-e-pele-e-e-a-maior-artilheira-da-historia-da-selecao-brasileira\/\" aria-label=\"119 x 80 x 77: Marta supera Neymar e Pel\u00e9 e \u00e9 a maior artilheira da hist\u00f3ria da Sele\u00e7\u00e3o Brasileira\">\n        <img loading=\"lazy\" decoding=\"async\" width=\"150\" height=\"150\" src=\"https:\/\/ellotv.com.br\/site\/wp-content\/uploads\/2026\/07\/WhatsApp-Image-2026-07-12-at-11.08.32-150x150.jpeg\" class=\"attachment-thumbnail size-thumbnail wp-post-image\" alt=\"119 x 80 x 77: Marta supera Neymar e Pel\u00e9 e \u00e9 a maior artilheira da hist\u00f3ria da Sele\u00e7\u00e3o Brasileira\" srcset=\"https:\/\/ellotv.com.br\/site\/wp-content\/uploads\/2026\/07\/WhatsApp-Image-2026-07-12-at-11.08.32-150x150.jpeg 150w, https:\/\/ellotv.com.br\/site\/wp-content\/uploads\/2026\/07\/WhatsApp-Image-2026-07-12-at-11.08.32-350x350.jpeg 350w\" sizes=\"(max-width: 150px) 100vw, 150px\" \/>      <\/a>\n\n                        <div\n                      class=\"elespare-post-count elespare-post-count-square elespare-pst-cnt-bl\">\n                      4<\/div>\n                  <\/div>\n                  <div class=\"elespare-content-wrapper\">\n                    \n    <h3 class=\"elespare-post-title\">\n      <a href=\"https:\/\/ellotv.com.br\/site\/2026\/07\/13\/119-x-80-x-77-marta-supera-neymar-e-pele-e-e-a-maior-artilheira-da-historia-da-selecao-brasileira\/\"> <span>119 x 80 x 77: Marta supera Neymar e Pel\u00e9 e \u00e9 a maior artilheira da hist\u00f3ria da Sele\u00e7\u00e3o Brasileira<\/span><\/a>\n    <\/h3>\n    \n                  <\/div>\n                <\/div>\n                              <div class=\"elespare-posts-trending-post-items\">\n\n                  <div class=\"elespare-img-wrapper\">\n\n                    \n      <a href=\"https:\/\/ellotv.com.br\/site\/2026\/07\/09\/repasse-extra-de-r-99-bilhoes-reforca-caixa-das-prefeituras-brasileiras-em-julho\/\" aria-label=\"Repasse extra de R$ 9,9 bilh\u00f5es refor\u00e7a caixa das prefeituras brasileiras em julho\">\n        <img loading=\"lazy\" decoding=\"async\" width=\"150\" height=\"150\" src=\"https:\/\/ellotv.com.br\/site\/wp-content\/uploads\/2026\/07\/WhatsApp-Image-2026-07-08-at-19.42.53-150x150.jpeg\" class=\"attachment-thumbnail size-thumbnail wp-post-image\" alt=\"Repasse extra de R$ 9,9 bilh\u00f5es refor\u00e7a caixa das prefeituras brasileiras em julho\" srcset=\"https:\/\/ellotv.com.br\/site\/wp-content\/uploads\/2026\/07\/WhatsApp-Image-2026-07-08-at-19.42.53-150x150.jpeg 150w, https:\/\/ellotv.com.br\/site\/wp-content\/uploads\/2026\/07\/WhatsApp-Image-2026-07-08-at-19.42.53-350x350.jpeg 350w\" sizes=\"(max-width: 150px) 100vw, 150px\" \/>      <\/a>\n\n                        <div\n                      class=\"elespare-post-count elespare-post-count-square elespare-pst-cnt-bl\">\n                      5<\/div>\n                  <\/div>\n                  <div class=\"elespare-content-wrapper\">\n                    \n    <h3 class=\"elespare-post-title\">\n      <a href=\"https:\/\/ellotv.com.br\/site\/2026\/07\/09\/repasse-extra-de-r-99-bilhoes-reforca-caixa-das-prefeituras-brasileiras-em-julho\/\"> <span>Repasse extra de R$ 9,9 bilh\u00f5es refor\u00e7a caixa das prefeituras brasileiras em julho<\/span><\/a>\n    <\/h3>\n    \n                  <\/div>\n                <\/div>\n                          <\/div>\n                  <\/div>\n      <\/div>\n\n    <\/div>\n    \t\t\t\t<\/div>\n\t\t\t\t\t<\/div>\n\t\t<\/div>\n\t\t\t\t\t<\/div>\n\t\t<\/section>\n\t\t\t\t<section class=\"elementor-section elementor-top-section elementor-element elementor-element-790260c3 elementor-section-full_width elementor-section-height-default elementor-section-height-default\" data-id=\"790260c3\" data-element_type=\"section\" data-e-type=\"section\">\n\t\t\t\t\t\t<div class=\"elementor-container elementor-column-gap-default\">\n\t\t\t\t\t<div class=\"elementor-column elementor-col-100 elementor-top-column elementor-element elementor-element-69411005\" data-id=\"69411005\" data-element_type=\"column\" data-e-type=\"column\">\n\t\t\t<div class=\"elementor-widget-wrap elementor-element-populated\">\n\t\t\t\t\t\t<div class=\"elementor-element elementor-element-10ccb9da elementor-widget elementor-widget-image\" data-id=\"10ccb9da\" data-element_type=\"widget\" data-e-type=\"widget\" data-widget_type=\"image.default\">\n\t\t\t\t\t\t\t\t\t\t\t\t\t\t\t\t<a href=\"https:\/\/www.instagram.com\/prontomaisfarma\/?igsh=Zjd2enh4cTFmNjg0#\">\n\t\t\t\t\t\t\t<img loading=\"lazy\" decoding=\"async\" width=\"1024\" height=\"100\" src=\"https:\/\/ellotv.com.br\/site\/wp-content\/uploads\/2025\/12\/FAIXA.png\" class=\"attachment-darknews-slider-full size-darknews-slider-full wp-image-3843\" alt=\"\" srcset=\"https:\/\/ellotv.com.br\/site\/wp-content\/uploads\/2025\/12\/FAIXA.png 1024w, https:\/\/ellotv.com.br\/site\/wp-content\/uploads\/2025\/12\/FAIXA-300x29.png 300w, https:\/\/ellotv.com.br\/site\/wp-content\/uploads\/2025\/12\/FAIXA-768x75.png 768w\" sizes=\"(max-width: 1024px) 100vw, 1024px\" \/>\t\t\t\t\t\t\t\t<\/a>\n\t\t\t\t\t\t\t\t\t\t\t\t\t\t\t<\/div>\n\t\t\t\t\t<\/div>\n\t\t<\/div>\n\t\t\t\t\t<\/div>\n\t\t<\/section>\n\t\t\t\t<section class=\"elementor-section elementor-top-section elementor-element elementor-element-679df800 elementor-section-full_width elementor-section-height-default elementor-section-height-default\" data-id=\"679df800\" data-element_type=\"section\" data-e-type=\"section\">\n\t\t\t\t\t\t<div class=\"elementor-container elementor-column-gap-default\">\n\t\t\t\t\t<div class=\"elementor-column elementor-col-25 elementor-top-column elementor-element elementor-element-6823c7ee\" data-id=\"6823c7ee\" data-element_type=\"column\" data-e-type=\"column\">\n\t\t\t<div class=\"elementor-widget-wrap elementor-element-populated\">\n\t\t\t\t\t\t<div class=\"elementor-element elementor-element-42e6da9d elespare-section-title-elespare-left elementor-invisible elementor-widget elementor-widget-post-author\" data-id=\"42e6da9d\" data-element_type=\"widget\" data-e-type=\"widget\" data-settings=\"{&quot;_animation&quot;:&quot;slideInLeft&quot;}\" data-widget_type=\"post-author.default\">\n\t\t\t\t\t    <div class=\"elespare-widget-auhtor-wrapper\">\n      <div class=\"elespare-widget-title-section title-style-2 elespare-left\"><h4 class=\"elespare-widget-title\"><span class=\"elespare-section-title-before\"><\/span><span class=\"elespare-section-title\">BLOG <\/span><span class=\"elespare-section-title-after\"><\/span><\/h4><\/div>      <div class=\"elespare-author-wrapper author-style-1\">\n                  <div class=\"elespare-img-wrap\">\n            <img loading=\"lazy\" decoding=\"async\" width=\"150\" height=\"150\" src=\"https:\/\/ellotv.com.br\/site\/wp-content\/uploads\/2025\/11\/images-150x150.jpeg\" class=\"elementor-animation-disable-animation attachment-thumbnail size-thumbnail wp-image-3605\" alt=\"\" \/>          <\/div>\n                <div class=\"elespare-author-info-wrap\">\n          <h2 class=\"elespare-infobox-title\"><a target=\"_blank\" href=\"https:\/\/blogdomarcellopatriota.com.br\/blog\/\">Marcello Patriota<\/a><\/h2><div class=\"elespare-infobox-desc\">Acompanhe as noticias do nosso parceiro\n<\/div>          <div class=\"elespare-social-links\">\n                          <a target=\"_blank\" class=\"es-facebook\" href=\"https:\/\/blogdomarcellopatriota.com.br\/blog\/\"><i\n                  class=\"demo-icon elespare-icons-facebook\"><\/i>Facebook<\/a>\n                                                              <a target=\"_blank\" class=\"es-instagram\" href=\"https:\/\/blogdomarcellopatriota.com.br\/blog\/\"><i\n                  class=\"demo-icon elespare-icons-instagram\"><\/i>Instagram<\/a>\n                        \n          <\/div>\n        <\/div>\n      <\/div>\n\n    <\/div>\n\n\t\t\t\t<\/div>\n\t\t\t\t<div class=\"elementor-element elementor-element-72664a3b elementor-invisible elementor-widget elementor-widget-image\" data-id=\"72664a3b\" data-element_type=\"widget\" data-e-type=\"widget\" data-settings=\"{&quot;_animation&quot;:&quot;slideInLeft&quot;}\" data-widget_type=\"image.default\">\n\t\t\t\t\t\t\t\t\t\t\t\t\t\t\t<img loading=\"lazy\" decoding=\"async\" width=\"349\" height=\"273\" src=\"https:\/\/ellotv.com.br\/site\/wp-content\/uploads\/2025\/12\/PATROCINADORES-OFC.png\" class=\"attachment-large size-large wp-image-3824\" alt=\"\" srcset=\"https:\/\/ellotv.com.br\/site\/wp-content\/uploads\/2025\/12\/PATROCINADORES-OFC.png 349w, https:\/\/ellotv.com.br\/site\/wp-content\/uploads\/2025\/12\/PATROCINADORES-OFC-300x235.png 300w\" sizes=\"(max-width: 349px) 100vw, 349px\" \/>\t\t\t\t\t\t\t\t\t\t\t\t\t\t\t<\/div>\n\t\t\t\t<div class=\"elementor-element elementor-element-04c9180 elementor-widget elementor-widget-video\" data-id=\"04c9180\" data-element_type=\"widget\" data-e-type=\"widget\" data-settings=\"{&quot;youtube_url&quot;:&quot;https:\\\/\\\/www.youtube.com\\\/watch?v=2kNOVmiEF5E&quot;,&quot;video_type&quot;:&quot;youtube&quot;,&quot;controls&quot;:&quot;yes&quot;}\" data-widget_type=\"video.default\">\n\t\t\t\t\t\t\t<div class=\"elementor-wrapper elementor-open-inline\">\n\t\t\t<div class=\"elementor-video\"><\/div>\t\t<\/div>\n\t\t\t\t\t\t<\/div>\n\t\t\t\t<div class=\"elementor-element elementor-element-b59cb00 elespare-section-title-elespare-left elespare-grid-elespare-left elementor-invisible elementor-widget elementor-widget-post-social-links\" data-id=\"b59cb00\" data-element_type=\"widget\" data-e-type=\"widget\" data-settings=\"{&quot;_animation&quot;:&quot;slideInLeft&quot;}\" data-widget_type=\"post-social-links.default\">\n\t\t\t\t\t    <div class=\"elespare-widget-social-link-wrapper\" role=\"navigation\" aria-label=\"Social media links\">\n      <div class=\"elespare-widget-title-section title-style-2 elespare-left\">\n\t\t\t\t<h2 class=\"elespare-widget-title\">\n\t\t\t\t\t<span class=\"elespare-section-title-before\"><\/span>\n\t\t\t\t\t<span class=\"elespare-section-title\">Nossas Redes<\/span>\n\t\t\t\t\t<span class=\"elespare-section-title-after\"><\/span>\n\t\t\t\t<\/h2>\n\t\t\t<\/div>      <div\n        class=\"elespare-social-link-wrapper social-style-1 elespare-left elespare-medium\">\n                  <div class=\"elespare-social-links\">\n            <a target=\"_blank\" rel=\"noopener\" href=\"https:\/\/www.instagram.com\/ellotv\" class=\"elementor-repeater-item-35f6e47 es-instagram\"><i class=\"demo-icon elespare-icons-instagram\" aria-hidden=\"true\"><\/i><span class=\"elespare-social-item-name\">instagram<\/span><span class=\"screen-reader-text\"> opens in a new window<\/span><\/a><a target=\"_blank\" rel=\"noopener\" href=\"https:\/\/www.youtube.com\/@ELLOTVOF\" class=\"elementor-repeater-item-0d97d2d es-youtube\"><i class=\"demo-icon elespare-icons-youtube\" aria-hidden=\"true\"><\/i><span class=\"elespare-social-item-name\">youtube<\/span><span class=\"screen-reader-text\"> opens in a new window<\/span><\/a><a target=\"_blank\" rel=\"noopener\" href=\"https:\/\/www.facebook.com\/share\/1D5Wdr3xxE\/?mibextid=wwXIfr\" class=\"elementor-repeater-item-f9bb54c es-facebook\"><i class=\"demo-icon elespare-icons-facebook\" aria-hidden=\"true\"><\/i><span class=\"elespare-social-item-name\">facebook<\/span><span class=\"screen-reader-text\"> opens in a new window<\/span><\/a>          <\/div>\n              <\/div>\n\n    <\/div>\n\n\t\t\t\t<\/div>\n\t\t\t\t<div class=\"elementor-element elementor-element-7e29462 elementor-widget elementor-widget-image\" data-id=\"7e29462\" data-element_type=\"widget\" data-e-type=\"widget\" data-widget_type=\"image.default\">\n\t\t\t\t\t\t\t\t\t\t\t\t\t\t\t<img loading=\"lazy\" decoding=\"async\" width=\"640\" height=\"800\" src=\"https:\/\/ellotv.com.br\/site\/wp-content\/uploads\/2026\/01\/IMG_0435-819x1024.png\" class=\"attachment-large size-large wp-image-4440\" alt=\"\" srcset=\"https:\/\/ellotv.com.br\/site\/wp-content\/uploads\/2026\/01\/IMG_0435-819x1024.png 819w, https:\/\/ellotv.com.br\/site\/wp-content\/uploads\/2026\/01\/IMG_0435-240x300.png 240w, https:\/\/ellotv.com.br\/site\/wp-content\/uploads\/2026\/01\/IMG_0435-768x960.png 768w, https:\/\/ellotv.com.br\/site\/wp-content\/uploads\/2026\/01\/IMG_0435-1024x1280.png 1024w, https:\/\/ellotv.com.br\/site\/wp-content\/uploads\/2026\/01\/IMG_0435.png 1080w\" sizes=\"(max-width: 640px) 100vw, 640px\" \/>\t\t\t\t\t\t\t\t\t\t\t\t\t\t\t<\/div>\n\t\t\t\t<div class=\"elementor-element elementor-element-37257fe elespare-section-title-elespare-left elementor-widget elementor-widget-post-express-list\" data-id=\"37257fe\" data-element_type=\"widget\" data-e-type=\"widget\" data-widget_type=\"post-express-list.default\">\n\t\t\t\t\t<div class=\"elespare-widget-title-section title-style-2 elespare-left\">\n\t\t\t\t<h2 class=\"elespare-widget-title\">\n\t\t\t\t\t<span class=\"elespare-section-title-before\"><\/span>\n\t\t\t\t\t<span class=\"elespare-section-title\">GERAL<\/span>\n\t\t\t\t\t<span class=\"elespare-section-title-after\"><\/span>\n\t\t\t\t<\/h2>\n\t\t\t<\/div>\n    <div class=\"elespare-express-list-wrap express-layout has-background \">\n      <div class=\"elespare-posts-wrap elementor-express express-style-1  elespare-image-zoom elespare-light\">\n                    <div class=\"elespare-posts-express-post-items\">\n\n              <div class=\"elespare-img-wrapper\">\n                \n      <a href=\"https:\/\/ellotv.com.br\/site\/2026\/03\/30\/ministerio-da-agricultura-articula-r-3-bilhoes-para-recuperacao-da-caatinga-em-reuniao-no-recife\/\" aria-label=\"Minist\u00e9rio da Agricultura articula R$ 3 bilh\u00f5es para recupera\u00e7\u00e3o da Caatinga em reuni\u00e3o no Recife\">\n        <img loading=\"lazy\" decoding=\"async\" width=\"1280\" height=\"720\" src=\"https:\/\/ellotv.com.br\/site\/wp-content\/uploads\/2026\/03\/WhatsApp-Image-2026-03-28-at-19.21.06-1280x720.jpeg\" class=\"attachment-darknews-slider-full size-darknews-slider-full wp-post-image\" alt=\"Minist\u00e9rio da Agricultura articula R$ 3 bilh\u00f5es para recupera\u00e7\u00e3o da Caatinga em reuni\u00e3o no Recife\" \/>      <\/a>\n\n                  <\/div>\n              <div class=\"elespare-content-wrapper\">\n                <ul class=\"elespare-cat-links none\"><li class=\"elespare-meta-category\">\n                      <a class=\"elespare-categories\" href=\"https:\/\/ellotv.com.br\/site\/category\/geral\/\" aria-label=\"View all posts in Geral category\">\n                      \n                        Geral\n                      <\/a>\n                  <\/li><li class=\"elespare-meta-category\">\n                      <a class=\"elespare-categories\" href=\"https:\/\/ellotv.com.br\/site\/category\/noticias\/\" aria-label=\"View all posts in Noticias category\">\n                      \n                        Noticias\n                      <\/a>\n                  <\/li><li class=\"elespare-meta-category\">\n                      <a class=\"elespare-categories\" href=\"https:\/\/ellotv.com.br\/site\/category\/regional\/\" aria-label=\"View all posts in Regional category\">\n                      \n                        Regional\n                      <\/a>\n                  <\/li><\/ul>\n    <h3 class=\"elespare-post-title\">\n      <a href=\"https:\/\/ellotv.com.br\/site\/2026\/03\/30\/ministerio-da-agricultura-articula-r-3-bilhoes-para-recuperacao-da-caatinga-em-reuniao-no-recife\/\"> <span>Minist\u00e9rio da Agricultura articula R$ 3 bilh\u00f5es para recupera\u00e7\u00e3o da Caatinga em reuni\u00e3o no Recife<\/span><\/a>\n    <\/h3>\n        <div class=\"elespare-exceprt\">\n              <a class=\"read-more-btn\" href=\"https:\/\/ellotv.com.br\/site\/2026\/03\/30\/ministerio-da-agricultura-articula-r-3-bilhoes-para-recuperacao-da-caatinga-em-reuniao-no-recife\/\">\n    Leia mais    <span class=\"screen-reader-text\"> about Minist\u00e9rio da Agricultura articula R$ 3 bilh\u00f5es para recupera\u00e7\u00e3o da Caatinga em reuni\u00e3o no Recife<\/span>\n  <\/a>\n      <\/div>\n  \n              <\/div>\n            <\/div>\n                    <div class=\"elespare-posts-express-post-items\">\n\n              <div class=\"elespare-img-wrapper\">\n                \n      <a href=\"https:\/\/ellotv.com.br\/site\/2026\/02\/02\/empresarios-2026-nao-e-sobre-resiliencia-e-sobre-estrategia-juridica\/\" aria-label=\"Empres\u00e1rios: 2026 n\u00e3o \u00e9 sobre resili\u00eancia, \u00e9 sobre estrat\u00e9gia jur\u00eddica\">\n        <img loading=\"lazy\" decoding=\"async\" width=\"557\" height=\"650\" src=\"https:\/\/ellotv.com.br\/site\/wp-content\/uploads\/2026\/02\/WhatsApp-Image-2026-01-31-at-10.23.45.jpeg\" class=\"attachment-darknews-slider-full size-darknews-slider-full wp-post-image\" alt=\"Empres\u00e1rios: 2026 n\u00e3o \u00e9 sobre resili\u00eancia, \u00e9 sobre estrat\u00e9gia jur\u00eddica\" srcset=\"https:\/\/ellotv.com.br\/site\/wp-content\/uploads\/2026\/02\/WhatsApp-Image-2026-01-31-at-10.23.45.jpeg 557w, https:\/\/ellotv.com.br\/site\/wp-content\/uploads\/2026\/02\/WhatsApp-Image-2026-01-31-at-10.23.45-257x300.jpeg 257w\" sizes=\"(max-width: 557px) 100vw, 557px\" \/>      <\/a>\n\n                  <\/div>\n              <div class=\"elespare-content-wrapper\">\n                <ul class=\"elespare-cat-links none\"><li class=\"elespare-meta-category\">\n                      <a class=\"elespare-categories\" href=\"https:\/\/ellotv.com.br\/site\/category\/geral\/\" aria-label=\"View all posts in Geral category\">\n                      \n                        Geral\n                      <\/a>\n                  <\/li><li class=\"elespare-meta-category\">\n                      <a class=\"elespare-categories\" href=\"https:\/\/ellotv.com.br\/site\/category\/noticias\/\" aria-label=\"View all posts in Noticias category\">\n                      \n                        Noticias\n                      <\/a>\n                  <\/li><\/ul>\n    <h3 class=\"elespare-post-title\">\n      <a href=\"https:\/\/ellotv.com.br\/site\/2026\/02\/02\/empresarios-2026-nao-e-sobre-resiliencia-e-sobre-estrategia-juridica\/\"> <span>Empres\u00e1rios: 2026 n\u00e3o \u00e9 sobre resili\u00eancia, \u00e9 sobre estrat\u00e9gia jur\u00eddica<\/span><\/a>\n    <\/h3>\n    \n              <\/div>\n            <\/div>\n                    <div class=\"elespare-posts-express-post-items\">\n\n              <div class=\"elespare-img-wrapper\">\n                \n      <a href=\"https:\/\/ellotv.com.br\/site\/2026\/01\/21\/filtro-de-barro-segue-entre-os-metodos-mais-eficientes-de-purificacao-de-agua-apontam-estudos\/\" aria-label=\"Filtro de barro segue entre os m\u00e9todos mais eficientes de purifica\u00e7\u00e3o de \u00e1gua, apontam estudos\">\n        <img loading=\"lazy\" decoding=\"async\" width=\"1150\" height=\"711\" src=\"https:\/\/ellotv.com.br\/site\/wp-content\/uploads\/2026\/01\/WhatsApp-Image-2026-01-21-at-16.14.07.jpeg\" class=\"attachment-darknews-slider-full size-darknews-slider-full wp-post-image\" alt=\"Filtro de barro segue entre os m\u00e9todos mais eficientes de purifica\u00e7\u00e3o de \u00e1gua, apontam estudos\" srcset=\"https:\/\/ellotv.com.br\/site\/wp-content\/uploads\/2026\/01\/WhatsApp-Image-2026-01-21-at-16.14.07.jpeg 1150w, https:\/\/ellotv.com.br\/site\/wp-content\/uploads\/2026\/01\/WhatsApp-Image-2026-01-21-at-16.14.07-300x185.jpeg 300w, https:\/\/ellotv.com.br\/site\/wp-content\/uploads\/2026\/01\/WhatsApp-Image-2026-01-21-at-16.14.07-1024x633.jpeg 1024w, https:\/\/ellotv.com.br\/site\/wp-content\/uploads\/2026\/01\/WhatsApp-Image-2026-01-21-at-16.14.07-768x475.jpeg 768w\" sizes=\"(max-width: 1150px) 100vw, 1150px\" \/>      <\/a>\n\n                  <\/div>\n              <div class=\"elespare-content-wrapper\">\n                <ul class=\"elespare-cat-links none\"><li class=\"elespare-meta-category\">\n                      <a class=\"elespare-categories\" href=\"https:\/\/ellotv.com.br\/site\/category\/brasil\/\" aria-label=\"View all posts in Brasil category\">\n                      \n                        Brasil\n                      <\/a>\n                  <\/li><li class=\"elespare-meta-category\">\n                      <a class=\"elespare-categories\" href=\"https:\/\/ellotv.com.br\/site\/category\/geral\/\" aria-label=\"View all posts in Geral category\">\n                      \n                        Geral\n                      <\/a>\n                  <\/li><li class=\"elespare-meta-category\">\n                      <a class=\"elespare-categories\" href=\"https:\/\/ellotv.com.br\/site\/category\/noticias\/\" aria-label=\"View all posts in Noticias category\">\n                      \n                        Noticias\n                      <\/a>\n                  <\/li><\/ul>\n    <h3 class=\"elespare-post-title\">\n      <a href=\"https:\/\/ellotv.com.br\/site\/2026\/01\/21\/filtro-de-barro-segue-entre-os-metodos-mais-eficientes-de-purificacao-de-agua-apontam-estudos\/\"> <span>Filtro de barro segue entre os m\u00e9todos mais eficientes de purifica\u00e7\u00e3o de \u00e1gua, apontam estudos<\/span><\/a>\n    <\/h3>\n    \n              <\/div>\n            <\/div>\n                    <div class=\"elespare-posts-express-post-items\">\n\n              <div class=\"elespare-img-wrapper\">\n                \n      <a href=\"https:\/\/ellotv.com.br\/site\/2026\/01\/20\/netflix-avanca-em-negociacao-historica-para-comprar-a-warner-bros\/\" aria-label=\"Netflix avan\u00e7a em negocia\u00e7\u00e3o hist\u00f3rica para comprar a Warner Bros.\">\n        <img loading=\"lazy\" decoding=\"async\" width=\"936\" height=\"622\" src=\"https:\/\/ellotv.com.br\/site\/wp-content\/uploads\/2026\/01\/WhatsApp-Image-2026-01-20-at-13.32.25.jpeg\" class=\"attachment-darknews-slider-full size-darknews-slider-full wp-post-image\" alt=\"Netflix avan\u00e7a em negocia\u00e7\u00e3o hist\u00f3rica para comprar a Warner Bros.\" srcset=\"https:\/\/ellotv.com.br\/site\/wp-content\/uploads\/2026\/01\/WhatsApp-Image-2026-01-20-at-13.32.25.jpeg 936w, https:\/\/ellotv.com.br\/site\/wp-content\/uploads\/2026\/01\/WhatsApp-Image-2026-01-20-at-13.32.25-300x199.jpeg 300w, https:\/\/ellotv.com.br\/site\/wp-content\/uploads\/2026\/01\/WhatsApp-Image-2026-01-20-at-13.32.25-768x510.jpeg 768w\" sizes=\"(max-width: 936px) 100vw, 936px\" \/>      <\/a>\n\n                  <\/div>\n              <div class=\"elespare-content-wrapper\">\n                <ul class=\"elespare-cat-links none\"><li class=\"elespare-meta-category\">\n                      <a class=\"elespare-categories\" href=\"https:\/\/ellotv.com.br\/site\/category\/geral\/\" aria-label=\"View all posts in Geral category\">\n                      \n                        Geral\n                      <\/a>\n                  <\/li><li class=\"elespare-meta-category\">\n                      <a class=\"elespare-categories\" href=\"https:\/\/ellotv.com.br\/site\/category\/mundo\/\" aria-label=\"View all posts in Mundo category\">\n                      \n                        Mundo\n                      <\/a>\n                  <\/li><li class=\"elespare-meta-category\">\n                      <a class=\"elespare-categories\" href=\"https:\/\/ellotv.com.br\/site\/category\/noticias\/\" aria-label=\"View all posts in Noticias category\">\n                      \n                        Noticias\n                      <\/a>\n                  <\/li><\/ul>\n    <h3 class=\"elespare-post-title\">\n      <a href=\"https:\/\/ellotv.com.br\/site\/2026\/01\/20\/netflix-avanca-em-negociacao-historica-para-comprar-a-warner-bros\/\"> <span>Netflix avan\u00e7a em negocia\u00e7\u00e3o hist\u00f3rica para comprar a Warner Bros.<\/span><\/a>\n    <\/h3>\n    \n              <\/div>\n            <\/div>\n                    <div class=\"elespare-posts-express-post-items\">\n\n              <div class=\"elespare-img-wrapper\">\n                \n      <a href=\"https:\/\/ellotv.com.br\/site\/2026\/01\/20\/vontade-de-doce-a-noite-o-que-seu-corpo-pode-estar-pedindo\/\" aria-label=\"Vontade de doce \u00e0 noite: o que seu corpo pode estar pedindo\">\n        <img loading=\"lazy\" decoding=\"async\" width=\"1280\" height=\"720\" src=\"https:\/\/ellotv.com.br\/site\/wp-content\/uploads\/2026\/01\/WhatsApp-Image-2026-01-20-at-09.57.51-1280x720.jpeg\" class=\"attachment-darknews-slider-full size-darknews-slider-full wp-post-image\" alt=\"Vontade de doce \u00e0 noite: o que seu corpo pode estar pedindo\" \/>      <\/a>\n\n                  <\/div>\n              <div class=\"elespare-content-wrapper\">\n                <ul class=\"elespare-cat-links none\"><li class=\"elespare-meta-category\">\n                      <a class=\"elespare-categories\" href=\"https:\/\/ellotv.com.br\/site\/category\/geral\/\" aria-label=\"View all posts in Geral category\">\n                      \n                        Geral\n                      <\/a>\n                  <\/li><li class=\"elespare-meta-category\">\n                      <a class=\"elespare-categories\" href=\"https:\/\/ellotv.com.br\/site\/category\/noticias\/\" aria-label=\"View all posts in Noticias category\">\n                      \n                        Noticias\n                      <\/a>\n                  <\/li><\/ul>\n    <h3 class=\"elespare-post-title\">\n      <a href=\"https:\/\/ellotv.com.br\/site\/2026\/01\/20\/vontade-de-doce-a-noite-o-que-seu-corpo-pode-estar-pedindo\/\"> <span>Vontade de doce \u00e0 noite: o que seu corpo pode estar pedindo<\/span><\/a>\n    <\/h3>\n    \n              <\/div>\n            <\/div>\n                    <div class=\"elespare-posts-express-post-items\">\n\n              <div class=\"elespare-img-wrapper\">\n                \n      <a href=\"https:\/\/ellotv.com.br\/site\/2026\/01\/19\/quando-o-cansaco-virou-medalha-a-romantizacao-da-exaustao-na-vida-moderna\/\" aria-label=\"Quando o cansa\u00e7o virou medalha: a romantiza\u00e7\u00e3o da exaust\u00e3o na vida moderna\">\n        <img loading=\"lazy\" decoding=\"async\" width=\"1280\" height=\"720\" src=\"https:\/\/ellotv.com.br\/site\/wp-content\/uploads\/2026\/01\/2149361839-1280x720.jpg\" class=\"attachment-darknews-slider-full size-darknews-slider-full wp-post-image\" alt=\"Quando o cansa\u00e7o virou medalha: a romantiza\u00e7\u00e3o da exaust\u00e3o na vida moderna\" \/>      <\/a>\n\n                  <\/div>\n              <div class=\"elespare-content-wrapper\">\n                <ul class=\"elespare-cat-links none\"><li class=\"elespare-meta-category\">\n                      <a class=\"elespare-categories\" href=\"https:\/\/ellotv.com.br\/site\/category\/geral\/\" aria-label=\"View all posts in Geral category\">\n                      \n                        Geral\n                      <\/a>\n                  <\/li><li class=\"elespare-meta-category\">\n                      <a class=\"elespare-categories\" href=\"https:\/\/ellotv.com.br\/site\/category\/noticias\/\" aria-label=\"View all posts in Noticias category\">\n                      \n                        Noticias\n                      <\/a>\n                  <\/li><\/ul>\n    <h3 class=\"elespare-post-title\">\n      <a href=\"https:\/\/ellotv.com.br\/site\/2026\/01\/19\/quando-o-cansaco-virou-medalha-a-romantizacao-da-exaustao-na-vida-moderna\/\"> <span>Quando o cansa\u00e7o virou medalha: a romantiza\u00e7\u00e3o da exaust\u00e3o na vida moderna<\/span><\/a>\n    <\/h3>\n    \n              <\/div>\n            <\/div>\n                    <div class=\"elespare-posts-express-post-items\">\n\n              <div class=\"elespare-img-wrapper\">\n                \n      <a href=\"https:\/\/ellotv.com.br\/site\/2026\/01\/16\/%f0%9f%a7%81-anvisa-suspende-glitter-culinario-e-folhas-de-ouro-apos-identificar-plastico-em-produtos-comestiveis\/\" aria-label=\"\ud83e\uddc1 ANVISA suspende glitter culin\u00e1rio e folhas de ouro ap\u00f3s identificar pl\u00e1stico em produtos comest\u00edveis\">\n        <img loading=\"lazy\" decoding=\"async\" width=\"1280\" height=\"709\" src=\"https:\/\/ellotv.com.br\/site\/wp-content\/uploads\/2026\/01\/plastico-comestivel-anvisa-alerta-para-decoracao-de-alimentos-feita-de-material-proibido-5-1300x709-1-1280x709.jpeg\" class=\"attachment-darknews-slider-full size-darknews-slider-full wp-post-image\" alt=\"\ud83e\uddc1 ANVISA suspende glitter culin\u00e1rio e folhas de ouro ap\u00f3s identificar pl\u00e1stico em produtos comest\u00edveis\" \/>      <\/a>\n\n                  <\/div>\n              <div class=\"elespare-content-wrapper\">\n                <ul class=\"elespare-cat-links none\"><li class=\"elespare-meta-category\">\n                      <a class=\"elespare-categories\" href=\"https:\/\/ellotv.com.br\/site\/category\/brasil\/\" aria-label=\"View all posts in Brasil category\">\n                      \n                        Brasil\n                      <\/a>\n                  <\/li><li class=\"elespare-meta-category\">\n                      <a class=\"elespare-categories\" href=\"https:\/\/ellotv.com.br\/site\/category\/geral\/\" aria-label=\"View all posts in Geral category\">\n                      \n                        Geral\n                      <\/a>\n                  <\/li><li class=\"elespare-meta-category\">\n                      <a class=\"elespare-categories\" href=\"https:\/\/ellotv.com.br\/site\/category\/noticias\/\" aria-label=\"View all posts in Noticias category\">\n                      \n                        Noticias\n                      <\/a>\n                  <\/li><\/ul>\n    <h3 class=\"elespare-post-title\">\n      <a href=\"https:\/\/ellotv.com.br\/site\/2026\/01\/16\/%f0%9f%a7%81-anvisa-suspende-glitter-culinario-e-folhas-de-ouro-apos-identificar-plastico-em-produtos-comestiveis\/\"> <span>\ud83e\uddc1 ANVISA suspende glitter culin\u00e1rio e folhas de ouro ap\u00f3s identificar pl\u00e1stico em produtos comest\u00edveis<\/span><\/a>\n    <\/h3>\n    \n              <\/div>\n            <\/div>\n                    <div class=\"elespare-posts-express-post-items\">\n\n              <div class=\"elespare-img-wrapper\">\n                \n      <a href=\"https:\/\/ellotv.com.br\/site\/2026\/01\/16\/%f0%9f%8e%93-resultado-do-enem-2025-e-divulgado-sisu-abre-inscricoes-na-proxima-semana\/\" aria-label=\"\ud83c\udf93 Resultado do Enem 2025 \u00e9 divulgado; SISU abre inscri\u00e7\u00f5es na pr\u00f3xima semana\">\n        <img loading=\"lazy\" decoding=\"async\" width=\"668\" height=\"720\" src=\"https:\/\/ellotv.com.br\/site\/wp-content\/uploads\/2026\/01\/Captura-de-tela-2026-01-16-095529-1-668x720.png\" class=\"attachment-darknews-slider-full size-darknews-slider-full wp-post-image\" alt=\"\ud83c\udf93 Resultado do Enem 2025 \u00e9 divulgado; SISU abre inscri\u00e7\u00f5es na pr\u00f3xima semana\" \/>      <\/a>\n\n                  <\/div>\n              <div class=\"elespare-content-wrapper\">\n                <ul class=\"elespare-cat-links none\"><li class=\"elespare-meta-category\">\n                      <a class=\"elespare-categories\" href=\"https:\/\/ellotv.com.br\/site\/category\/brasil\/\" aria-label=\"View all posts in Brasil category\">\n                      \n                        Brasil\n                      <\/a>\n                  <\/li><li class=\"elespare-meta-category\">\n                      <a class=\"elespare-categories\" href=\"https:\/\/ellotv.com.br\/site\/category\/geral\/\" aria-label=\"View all posts in Geral category\">\n                      \n                        Geral\n                      <\/a>\n                  <\/li><li class=\"elespare-meta-category\">\n                      <a class=\"elespare-categories\" href=\"https:\/\/ellotv.com.br\/site\/category\/noticias\/\" aria-label=\"View all posts in Noticias category\">\n                      \n                        Noticias\n                      <\/a>\n                  <\/li><\/ul>\n    <h3 class=\"elespare-post-title\">\n      <a href=\"https:\/\/ellotv.com.br\/site\/2026\/01\/16\/%f0%9f%8e%93-resultado-do-enem-2025-e-divulgado-sisu-abre-inscricoes-na-proxima-semana\/\"> <span>\ud83c\udf93 Resultado do Enem 2025 \u00e9 divulgado; SISU abre inscri\u00e7\u00f5es na pr\u00f3xima semana<\/span><\/a>\n    <\/h3>\n    \n              <\/div>\n            <\/div>\n                    <div class=\"elespare-posts-express-post-items\">\n\n              <div class=\"elespare-img-wrapper\">\n                \n      <a href=\"https:\/\/ellotv.com.br\/site\/2026\/01\/15\/%f0%9f%95%b9%ef%b8%8f-subway-surfers-city-e-anunciado-e-promete-renovar-a-franquia-mobile\/\" aria-label=\"\ud83d\udd79\ufe0f Subway Surfers City \u00e9 anunciado e promete renovar a franquia mobile\">\n        <img loading=\"lazy\" decoding=\"async\" width=\"1280\" height=\"720\" src=\"https:\/\/ellotv.com.br\/site\/wp-content\/uploads\/2026\/01\/WhatsApp-Image-2026-01-15-at-15.06.00-1280x720.jpeg\" class=\"attachment-darknews-slider-full size-darknews-slider-full wp-post-image\" alt=\"\ud83d\udd79\ufe0f Subway Surfers City \u00e9 anunciado e promete renovar a franquia mobile\" srcset=\"https:\/\/ellotv.com.br\/site\/wp-content\/uploads\/2026\/01\/WhatsApp-Image-2026-01-15-at-15.06.00-1280x720.jpeg 1280w, https:\/\/ellotv.com.br\/site\/wp-content\/uploads\/2026\/01\/WhatsApp-Image-2026-01-15-at-15.06.00-300x169.jpeg 300w, https:\/\/ellotv.com.br\/site\/wp-content\/uploads\/2026\/01\/WhatsApp-Image-2026-01-15-at-15.06.00-1024x576.jpeg 1024w, https:\/\/ellotv.com.br\/site\/wp-content\/uploads\/2026\/01\/WhatsApp-Image-2026-01-15-at-15.06.00-768x432.jpeg 768w, https:\/\/ellotv.com.br\/site\/wp-content\/uploads\/2026\/01\/WhatsApp-Image-2026-01-15-at-15.06.00-1536x864.jpeg 1536w, https:\/\/ellotv.com.br\/site\/wp-content\/uploads\/2026\/01\/WhatsApp-Image-2026-01-15-at-15.06.00.jpeg 1600w\" sizes=\"(max-width: 1280px) 100vw, 1280px\" \/>      <\/a>\n\n                  <\/div>\n              <div class=\"elespare-content-wrapper\">\n                <ul class=\"elespare-cat-links none\"><li class=\"elespare-meta-category\">\n                      <a class=\"elespare-categories\" href=\"https:\/\/ellotv.com.br\/site\/category\/geral\/\" aria-label=\"View all posts in Geral category\">\n                      \n                        Geral\n                      <\/a>\n                  <\/li><li class=\"elespare-meta-category\">\n                      <a class=\"elespare-categories\" href=\"https:\/\/ellotv.com.br\/site\/category\/mundo\/\" aria-label=\"View all posts in Mundo category\">\n                      \n                        Mundo\n                      <\/a>\n                  <\/li><li class=\"elespare-meta-category\">\n                      <a class=\"elespare-categories\" href=\"https:\/\/ellotv.com.br\/site\/category\/noticias\/\" aria-label=\"View all posts in Noticias category\">\n                      \n                        Noticias\n                      <\/a>\n                  <\/li><\/ul>\n    <h3 class=\"elespare-post-title\">\n      <a href=\"https:\/\/ellotv.com.br\/site\/2026\/01\/15\/%f0%9f%95%b9%ef%b8%8f-subway-surfers-city-e-anunciado-e-promete-renovar-a-franquia-mobile\/\"> <span>\ud83d\udd79\ufe0f Subway Surfers City \u00e9 anunciado e promete renovar a franquia mobile<\/span><\/a>\n    <\/h3>\n    \n              <\/div>\n            <\/div>\n              <\/div>\n    <\/div>\n    \t\t\t\t<\/div>\n\t\t\t\t\t<\/div>\n\t\t<\/div>\n\t\t\t\t<div class=\"elementor-column elementor-col-50 elementor-top-column elementor-element elementor-element-674a5201\" data-id=\"674a5201\" data-element_type=\"column\" data-e-type=\"column\" data-settings=\"{&quot;background_background&quot;:&quot;classic&quot;}\">\n\t\t\t<div class=\"elementor-widget-wrap elementor-element-populated\">\n\t\t\t\t\t\t<div class=\"elementor-element elementor-element-40d98053 elespare-section-title-elespare-left elementor-invisible elementor-widget elementor-widget-post-list\" data-id=\"40d98053\" data-element_type=\"widget\" data-e-type=\"widget\" data-settings=\"{&quot;_animation&quot;:&quot;slideInRight&quot;}\" data-widget_type=\"post-list.default\">\n\t\t\t\t\t\n    <div class=\"elespare-list-wrap list-layout has-background \">\n      <div class=\"elespare-posts-wrap list-style-1 elespare-image-zoom  elespare-light\">\n                    <div class=\"elespare-posts-list-post-items\">\n                              <div class=\"elespare-img-wrapper\">\n\n                  \n      <a href=\"https:\/\/ellotv.com.br\/site\/2026\/08\/03\/casa-lotada-no-agreste-reforca-alcance-estadual-da-pre-candidatura-de-marconi-santana\/\" aria-label=\"Casa lotada no Agreste refor\u00e7a alcance estadual da pr\u00e9-candidatura de Marconi Santana\">\n        <img fetchpriority=\"high\" decoding=\"async\" width=\"240\" height=\"300\" src=\"https:\/\/ellotv.com.br\/site\/wp-content\/uploads\/2026\/08\/WhatsApp-Image-2026-07-30-at-08.23.42-240x300.jpeg\" class=\"attachment-medium size-medium wp-post-image\" alt=\"Casa lotada no Agreste refor\u00e7a alcance estadual da pr\u00e9-candidatura de Marconi Santana\" srcset=\"https:\/\/ellotv.com.br\/site\/wp-content\/uploads\/2026\/08\/WhatsApp-Image-2026-07-30-at-08.23.42-240x300.jpeg 240w, https:\/\/ellotv.com.br\/site\/wp-content\/uploads\/2026\/08\/WhatsApp-Image-2026-07-30-at-08.23.42-819x1024.jpeg 819w, https:\/\/ellotv.com.br\/site\/wp-content\/uploads\/2026\/08\/WhatsApp-Image-2026-07-30-at-08.23.42-768x960.jpeg 768w, https:\/\/ellotv.com.br\/site\/wp-content\/uploads\/2026\/08\/WhatsApp-Image-2026-07-30-at-08.23.42.jpeg 1024w\" sizes=\"(max-width: 240px) 100vw, 240px\" \/>      <\/a>\n\n    \n                <\/div>\n              \n              <div class=\"elespare-content-wrapper\">\n                <ul class=\"elespare-cat-links none\"><li class=\"elespare-meta-category\">\n                      <a class=\"elespare-categories\" href=\"https:\/\/ellotv.com.br\/site\/category\/noticias\/\" aria-label=\"View all posts in Noticias category\">\n                      \n                        Noticias\n                      <\/a>\n                  <\/li><li class=\"elespare-meta-category\">\n                      <a class=\"elespare-categories\" href=\"https:\/\/ellotv.com.br\/site\/category\/regional\/\" aria-label=\"View all posts in Regional category\">\n                      \n                        Regional\n                      <\/a>\n                  <\/li><\/ul>\n    <h3 class=\"elespare-post-title\">\n      <a href=\"https:\/\/ellotv.com.br\/site\/2026\/08\/03\/casa-lotada-no-agreste-reforca-alcance-estadual-da-pre-candidatura-de-marconi-santana\/\"> <span>Casa lotada no Agreste refor\u00e7a alcance estadual da pr\u00e9-candidatura de Marconi Santana<\/span><\/a>\n    <\/h3>\n                  <\/div>\n                          <\/div>\n                    <div class=\"elespare-posts-list-post-items\">\n                              <div class=\"elespare-img-wrapper\">\n\n                  \n      <a href=\"https:\/\/ellotv.com.br\/site\/2026\/08\/03\/pesquisa-aponta-empate-tecnico-entre-raquel-lyra-e-joao-campos-em-pernambuco\/\" aria-label=\"Pesquisa aponta empate t\u00e9cnico entre Raquel Lyra e Jo\u00e3o Campos em Pernambuco\">\n        <img decoding=\"async\" width=\"225\" height=\"300\" src=\"https:\/\/ellotv.com.br\/site\/wp-content\/uploads\/2026\/08\/WhatsApp-Image-2026-07-31-at-08.37.37-225x300.jpeg\" class=\"attachment-medium size-medium wp-post-image\" alt=\"Pesquisa aponta empate t\u00e9cnico entre Raquel Lyra e Jo\u00e3o Campos em Pernambuco\" srcset=\"https:\/\/ellotv.com.br\/site\/wp-content\/uploads\/2026\/08\/WhatsApp-Image-2026-07-31-at-08.37.37-225x300.jpeg 225w, https:\/\/ellotv.com.br\/site\/wp-content\/uploads\/2026\/08\/WhatsApp-Image-2026-07-31-at-08.37.37-767x1024.jpeg 767w, https:\/\/ellotv.com.br\/site\/wp-content\/uploads\/2026\/08\/WhatsApp-Image-2026-07-31-at-08.37.37-768x1026.jpeg 768w, https:\/\/ellotv.com.br\/site\/wp-content\/uploads\/2026\/08\/WhatsApp-Image-2026-07-31-at-08.37.37-1150x1536.jpeg 1150w, https:\/\/ellotv.com.br\/site\/wp-content\/uploads\/2026\/08\/WhatsApp-Image-2026-07-31-at-08.37.37-1024x1368.jpeg 1024w, https:\/\/ellotv.com.br\/site\/wp-content\/uploads\/2026\/08\/WhatsApp-Image-2026-07-31-at-08.37.37.jpeg 1198w\" sizes=\"(max-width: 225px) 100vw, 225px\" \/>      <\/a>\n\n    \n                <\/div>\n              \n              <div class=\"elespare-content-wrapper\">\n                <ul class=\"elespare-cat-links none\"><li class=\"elespare-meta-category\">\n                      <a class=\"elespare-categories\" href=\"https:\/\/ellotv.com.br\/site\/category\/brasil\/\" aria-label=\"View all posts in Brasil category\">\n                      \n                        Brasil\n                      <\/a>\n                  <\/li><li class=\"elespare-meta-category\">\n                      <a class=\"elespare-categories\" href=\"https:\/\/ellotv.com.br\/site\/category\/noticias\/\" aria-label=\"View all posts in Noticias category\">\n                      \n                        Noticias\n                      <\/a>\n                  <\/li><li class=\"elespare-meta-category\">\n                      <a class=\"elespare-categories\" href=\"https:\/\/ellotv.com.br\/site\/category\/regional\/\" aria-label=\"View all posts in Regional category\">\n                      \n                        Regional\n                      <\/a>\n                  <\/li><\/ul>\n    <h3 class=\"elespare-post-title\">\n      <a href=\"https:\/\/ellotv.com.br\/site\/2026\/08\/03\/pesquisa-aponta-empate-tecnico-entre-raquel-lyra-e-joao-campos-em-pernambuco\/\"> <span>Pesquisa aponta empate t\u00e9cnico entre Raquel Lyra e Jo\u00e3o Campos em Pernambuco<\/span><\/a>\n    <\/h3>\n                  <\/div>\n                          <\/div>\n                    <div class=\"elespare-posts-list-post-items\">\n                              <div class=\"elespare-img-wrapper\">\n\n                  \n      <a href=\"https:\/\/ellotv.com.br\/site\/2026\/07\/29\/gilson-bento-declara-apoio-a-reeleicao-de-humberto-costa-para-o-senado\/\" aria-label=\"Gilson Bento declara apoio \u00e0 reelei\u00e7\u00e3o de Humberto Costa para o Senado\">\n        <img loading=\"lazy\" decoding=\"async\" width=\"227\" height=\"300\" src=\"https:\/\/ellotv.com.br\/site\/wp-content\/uploads\/2026\/07\/WhatsApp-Image-2026-07-29-at-12.02.39-227x300.jpeg\" class=\"attachment-medium size-medium wp-post-image\" alt=\"Gilson Bento declara apoio \u00e0 reelei\u00e7\u00e3o de Humberto Costa para o Senado\" srcset=\"https:\/\/ellotv.com.br\/site\/wp-content\/uploads\/2026\/07\/WhatsApp-Image-2026-07-29-at-12.02.39-227x300.jpeg 227w, https:\/\/ellotv.com.br\/site\/wp-content\/uploads\/2026\/07\/WhatsApp-Image-2026-07-29-at-12.02.39-774x1024.jpeg 774w, https:\/\/ellotv.com.br\/site\/wp-content\/uploads\/2026\/07\/WhatsApp-Image-2026-07-29-at-12.02.39-768x1016.jpeg 768w, https:\/\/ellotv.com.br\/site\/wp-content\/uploads\/2026\/07\/WhatsApp-Image-2026-07-29-at-12.02.39-1162x1536.jpeg 1162w, https:\/\/ellotv.com.br\/site\/wp-content\/uploads\/2026\/07\/WhatsApp-Image-2026-07-29-at-12.02.39-1024x1354.jpeg 1024w, https:\/\/ellotv.com.br\/site\/wp-content\/uploads\/2026\/07\/WhatsApp-Image-2026-07-29-at-12.02.39.jpeg 1210w\" sizes=\"(max-width: 227px) 100vw, 227px\" \/>      <\/a>\n\n    \n                <\/div>\n              \n              <div class=\"elespare-content-wrapper\">\n                <ul class=\"elespare-cat-links none\"><li class=\"elespare-meta-category\">\n                      <a class=\"elespare-categories\" href=\"https:\/\/ellotv.com.br\/site\/category\/noticias\/\" aria-label=\"View all posts in Noticias category\">\n                      \n                        Noticias\n                      <\/a>\n                  <\/li><li class=\"elespare-meta-category\">\n                      <a class=\"elespare-categories\" href=\"https:\/\/ellotv.com.br\/site\/category\/regional\/\" aria-label=\"View all posts in Regional category\">\n                      \n                        Regional\n                      <\/a>\n                  <\/li><\/ul>\n    <h3 class=\"elespare-post-title\">\n      <a href=\"https:\/\/ellotv.com.br\/site\/2026\/07\/29\/gilson-bento-declara-apoio-a-reeleicao-de-humberto-costa-para-o-senado\/\"> <span>Gilson Bento declara apoio \u00e0 reelei\u00e7\u00e3o de Humberto Costa para o Senado<\/span><\/a>\n    <\/h3>\n                  <\/div>\n                          <\/div>\n                    <div class=\"elespare-posts-list-post-items\">\n                              <div class=\"elespare-img-wrapper\">\n\n                  \n      <a href=\"https:\/\/ellotv.com.br\/site\/2026\/07\/23\/malhada-dos-bois-recebe-marconi-santana-em-noite-de-forte-participacao-popular\/\" aria-label=\"Malhada dos Bois recebe Marconi Santana em noite de forte participa\u00e7\u00e3o popular\">\n        <img loading=\"lazy\" decoding=\"async\" width=\"225\" height=\"300\" src=\"https:\/\/ellotv.com.br\/site\/wp-content\/uploads\/2026\/07\/WhatsApp-Image-2026-07-23-at-08.36.58-225x300.jpeg\" class=\"attachment-medium size-medium wp-post-image\" alt=\"Malhada dos Bois recebe Marconi Santana em noite de forte participa\u00e7\u00e3o popular\" srcset=\"https:\/\/ellotv.com.br\/site\/wp-content\/uploads\/2026\/07\/WhatsApp-Image-2026-07-23-at-08.36.58-225x300.jpeg 225w, https:\/\/ellotv.com.br\/site\/wp-content\/uploads\/2026\/07\/WhatsApp-Image-2026-07-23-at-08.36.58-768x1024.jpeg 768w, https:\/\/ellotv.com.br\/site\/wp-content\/uploads\/2026\/07\/WhatsApp-Image-2026-07-23-at-08.36.58.jpeg 960w\" sizes=\"(max-width: 225px) 100vw, 225px\" \/>      <\/a>\n\n    \n                <\/div>\n              \n              <div class=\"elespare-content-wrapper\">\n                <ul class=\"elespare-cat-links none\"><li class=\"elespare-meta-category\">\n                      <a class=\"elespare-categories\" href=\"https:\/\/ellotv.com.br\/site\/category\/noticias\/\" aria-label=\"View all posts in Noticias category\">\n                      \n                        Noticias\n                      <\/a>\n                  <\/li><li class=\"elespare-meta-category\">\n                      <a class=\"elespare-categories\" href=\"https:\/\/ellotv.com.br\/site\/category\/regional\/\" aria-label=\"View all posts in Regional category\">\n                      \n                        Regional\n                      <\/a>\n                  <\/li><\/ul>\n    <h3 class=\"elespare-post-title\">\n      <a href=\"https:\/\/ellotv.com.br\/site\/2026\/07\/23\/malhada-dos-bois-recebe-marconi-santana-em-noite-de-forte-participacao-popular\/\"> <span>Malhada dos Bois recebe Marconi Santana em noite de forte participa\u00e7\u00e3o popular<\/span><\/a>\n    <\/h3>\n                  <\/div>\n                          <\/div>\n                    <div class=\"elespare-posts-list-post-items\">\n                              <div class=\"elespare-img-wrapper\">\n\n                  \n      <a href=\"https:\/\/ellotv.com.br\/site\/2026\/07\/20\/congresso-sertanejo-de-educacao-debate-inovacao-e-uso-etico-da-tecnologia\/\" aria-label=\"Congresso Sertanejo de Educa\u00e7\u00e3o debate inova\u00e7\u00e3o e uso \u00e9tico da tecnologia\">\n        <img loading=\"lazy\" decoding=\"async\" width=\"263\" height=\"300\" src=\"https:\/\/ellotv.com.br\/site\/wp-content\/uploads\/2026\/07\/WhatsApp-Image-2026-07-20-at-16.43.55-263x300.jpeg\" class=\"attachment-medium size-medium wp-post-image\" alt=\"Congresso Sertanejo de Educa\u00e7\u00e3o debate inova\u00e7\u00e3o e uso \u00e9tico da tecnologia\" srcset=\"https:\/\/ellotv.com.br\/site\/wp-content\/uploads\/2026\/07\/WhatsApp-Image-2026-07-20-at-16.43.55-263x300.jpeg 263w, https:\/\/ellotv.com.br\/site\/wp-content\/uploads\/2026\/07\/WhatsApp-Image-2026-07-20-at-16.43.55.jpeg 595w\" sizes=\"(max-width: 263px) 100vw, 263px\" \/>      <\/a>\n\n    \n                <\/div>\n              \n              <div class=\"elespare-content-wrapper\">\n                <ul class=\"elespare-cat-links none\"><li class=\"elespare-meta-category\">\n                      <a class=\"elespare-categories\" href=\"https:\/\/ellotv.com.br\/site\/category\/noticias\/\" aria-label=\"View all posts in Noticias category\">\n                      \n                        Noticias\n                      <\/a>\n                  <\/li><li class=\"elespare-meta-category\">\n                      <a class=\"elespare-categories\" href=\"https:\/\/ellotv.com.br\/site\/category\/regional\/\" aria-label=\"View all posts in Regional category\">\n                      \n                        Regional\n                      <\/a>\n                  <\/li><\/ul>\n    <h3 class=\"elespare-post-title\">\n      <a href=\"https:\/\/ellotv.com.br\/site\/2026\/07\/20\/congresso-sertanejo-de-educacao-debate-inovacao-e-uso-etico-da-tecnologia\/\"> <span>Congresso Sertanejo de Educa\u00e7\u00e3o debate inova\u00e7\u00e3o e uso \u00e9tico da tecnologia<\/span><\/a>\n    <\/h3>\n                  <\/div>\n                          <\/div>\n                    <div class=\"elespare-posts-list-post-items\">\n                              <div class=\"elespare-img-wrapper\">\n\n                  \n      <a href=\"https:\/\/ellotv.com.br\/site\/2026\/07\/20\/marconi-santana-reforca-alianca-com-helio-tadeu-e-reune-dezenas-de-pessoas-em-encontro-em-serra-talhada\/\" aria-label=\"MARCONI SANTANA REFOR\u00c7A ALIAN\u00c7A COM H\u00c9LIO TADEU E RE\u00daNE DEZENAS DE PESSOAS EM ENCONTRO EM SERRA TALHADA\">\n        <img loading=\"lazy\" decoding=\"async\" width=\"225\" height=\"300\" src=\"https:\/\/ellotv.com.br\/site\/wp-content\/uploads\/2026\/07\/WhatsApp-Image-2026-07-17-at-12.48.51-1-225x300.jpeg\" class=\"attachment-medium size-medium wp-post-image\" alt=\"MARCONI SANTANA REFOR\u00c7A ALIAN\u00c7A COM H\u00c9LIO TADEU E RE\u00daNE DEZENAS DE PESSOAS EM ENCONTRO EM SERRA TALHADA\" srcset=\"https:\/\/ellotv.com.br\/site\/wp-content\/uploads\/2026\/07\/WhatsApp-Image-2026-07-17-at-12.48.51-1-225x300.jpeg 225w, https:\/\/ellotv.com.br\/site\/wp-content\/uploads\/2026\/07\/WhatsApp-Image-2026-07-17-at-12.48.51-1-768x1024.jpeg 768w, https:\/\/ellotv.com.br\/site\/wp-content\/uploads\/2026\/07\/WhatsApp-Image-2026-07-17-at-12.48.51-1.jpeg 960w\" sizes=\"(max-width: 225px) 100vw, 225px\" \/>      <\/a>\n\n    \n                <\/div>\n              \n              <div class=\"elespare-content-wrapper\">\n                <ul class=\"elespare-cat-links none\"><li class=\"elespare-meta-category\">\n                      <a class=\"elespare-categories\" href=\"https:\/\/ellotv.com.br\/site\/category\/noticias\/\" aria-label=\"View all posts in Noticias category\">\n                      \n                        Noticias\n                      <\/a>\n                  <\/li><li class=\"elespare-meta-category\">\n                      <a class=\"elespare-categories\" href=\"https:\/\/ellotv.com.br\/site\/category\/regional\/\" aria-label=\"View all posts in Regional category\">\n                      \n                        Regional\n                      <\/a>\n                  <\/li><\/ul>\n    <h3 class=\"elespare-post-title\">\n      <a href=\"https:\/\/ellotv.com.br\/site\/2026\/07\/20\/marconi-santana-reforca-alianca-com-helio-tadeu-e-reune-dezenas-de-pessoas-em-encontro-em-serra-talhada\/\"> <span>MARCONI SANTANA REFOR\u00c7A ALIAN\u00c7A COM H\u00c9LIO TADEU E RE\u00daNE DEZENAS DE PESSOAS EM ENCONTRO EM SERRA TALHADA<\/span><\/a>\n    <\/h3>\n                  <\/div>\n                          <\/div>\n              <\/div>\n    <\/div>\n    \t\t\t\t<\/div>\n\t\t\t\t<div class=\"elementor-element elementor-element-5cad3951 elespare-section-title-elespare-left elementor-invisible elementor-widget elementor-widget-post-slider\" data-id=\"5cad3951\" data-element_type=\"widget\" data-e-type=\"widget\" data-settings=\"{&quot;_animation&quot;:&quot;slideInDown&quot;,&quot;animation_speed&quot;:300,&quot;autoplay&quot;:&quot;yes&quot;,&quot;autoplay_speed&quot;:3000,&quot;loop&quot;:&quot;yes&quot;,&quot;navigation&quot;:&quot;arrow&quot;,&quot;nav_show_on_hover&quot;:&quot;yes&quot;}\" data-widget_type=\"post-slider.default\">\n\t\t\t\t\t<div class=\"elespare-widget-title-section title-style-2 elespare-left\">\n\t\t\t\t<h2 class=\"elespare-widget-title\">\n\t\t\t\t\t<span class=\"elespare-section-title-before\"><\/span>\n\t\t\t\t\t<span class=\"elespare-section-title\">ELLO<\/span>\n\t\t\t\t\t<span class=\"elespare-section-title-after\"><\/span>\n\t\t\t\t<\/h2>\n\t\t\t<\/div>    <div class=\"elespare-slider-wrap slider-layout elespare-has-equal-height\">\n      <div class=\"elespare-posts-wrap slider-style-1  elespare-image-zoom elespare-light show-on-hover\">\n                    <div class=\"elespare-posts-slider-post-items\">\n              <div class=\"elespare-img-wrapper\">\n                \n      <a href=\"https:\/\/ellotv.com.br\/site\/2026\/08\/28\/ello-tv-recebe-gislandio-araujo-em-entrevista-especial-sobre-as-eleicoes-2026\/\" aria-label=\"ELLO TV recebe Gisl\u00e2ndio Ara\u00fajo em entrevista especial sobre as Elei\u00e7\u00f5es 2026\">\n        <img decoding=\"async\" width=\"640\" height=\"853\" src=\"https:\/\/ellotv.com.br\/site\/wp-content\/uploads\/2026\/08\/WhatsApp-Image-2026-08-28-at-15.18.18-768x1024.jpeg\" class=\"attachment-large size-large wp-post-image\" alt=\"ELLO TV recebe Gisl\u00e2ndio Ara\u00fajo em entrevista especial sobre as Elei\u00e7\u00f5es 2026\" srcset=\"https:\/\/ellotv.com.br\/site\/wp-content\/uploads\/2026\/08\/WhatsApp-Image-2026-08-28-at-15.18.18-768x1024.jpeg 768w, https:\/\/ellotv.com.br\/site\/wp-content\/uploads\/2026\/08\/WhatsApp-Image-2026-08-28-at-15.18.18-225x300.jpeg 225w, https:\/\/ellotv.com.br\/site\/wp-content\/uploads\/2026\/08\/WhatsApp-Image-2026-08-28-at-15.18.18-1024x1365.jpeg 1024w, https:\/\/ellotv.com.br\/site\/wp-content\/uploads\/2026\/08\/WhatsApp-Image-2026-08-28-at-15.18.18.jpeg 1080w\" sizes=\"(max-width: 640px) 100vw, 640px\" \/>      <\/a>\n\n                  <\/div>\n\n              <div class=\"elespare-content-wrapper\">\n                <ul class=\"elespare-cat-links solid\"><li class=\"elespare-meta-category\">\n                      <a class=\"elespare-categories\" href=\"https:\/\/ellotv.com.br\/site\/category\/ello\/\" aria-label=\"View all posts in Ello category\">\n                      \n                        Ello\n                      <\/a>\n                  <\/li><\/ul>                <div class=\"elespare-content-wrapper-inner\">\n                  \n    <h3 class=\"elespare-post-title\">\n      <a href=\"https:\/\/ellotv.com.br\/site\/2026\/08\/28\/ello-tv-recebe-gislandio-araujo-em-entrevista-especial-sobre-as-eleicoes-2026\/\"> <span>ELLO TV recebe Gisl\u00e2ndio Ara\u00fajo em entrevista especial sobre as Elei\u00e7\u00f5es 2026<\/span><\/a>\n    <\/h3>\n          <div class=\"elespare-metadata\">\n                  <span class=\"post-author\">\n            <a href=\"https:\/\/ellotv.com.br\/site\/author\/elloagencia\/\">\n                              <i class=\"demo-icon elespare-icons-user-circle-regular\" aria-hidden=\"true\"><\/i>\n              ELLO TV            <\/a>\n          <\/span>\n                          <span class=\"elespare-posts-slider-post-author\">\n            <a href=\"https:\/\/ellotv.com.br\/site\/2026\/\">\n              <i class=\"demo-icon elespare-icons-clock-regular\" aria-hidden=\"true\"><\/i>\n              28 de agosto de 2026            <\/a>\n          <\/span>\n                          <span class=\"comment_count\">\n            <i class=\"demo-icon elespare-icons-comment-empty\" aria-hidden=\"true\"><\/i>\n            0          <\/span>\n              <\/div>\n    <div class=\"elespare-exceprt\">\n              <a class=\"read-more-btn\" href=\"https:\/\/ellotv.com.br\/site\/2026\/08\/28\/ello-tv-recebe-gislandio-araujo-em-entrevista-especial-sobre-as-eleicoes-2026\/\">\n    Leia mais    <span class=\"screen-reader-text\"> about ELLO TV recebe Gisl\u00e2ndio Ara\u00fajo em entrevista especial sobre as Elei\u00e7\u00f5es 2026<\/span>\n  <\/a>\n      <\/div>\n                  <\/div>\n              <\/div>\n            <\/div>\n\n                    <div class=\"elespare-posts-slider-post-items\">\n              <div class=\"elespare-img-wrapper\">\n                \n      <a href=\"https:\/\/ellotv.com.br\/site\/2026\/08\/27\/efesta-mostra-os-melhores-momentos-da-festa-de-agosto-2026-em-santa-rosa\/\" aria-label=\"\u00e9Festa mostra os melhores momentos da Festa de Agosto 2026 em Santa Rosa\">\n        <img loading=\"lazy\" decoding=\"async\" width=\"640\" height=\"800\" src=\"https:\/\/ellotv.com.br\/site\/wp-content\/uploads\/2026\/08\/WhatsApp-Image-2026-08-27-at-11.07.25-819x1024.jpeg\" class=\"attachment-large size-large wp-post-image\" alt=\"\u00e9Festa mostra os melhores momentos da Festa de Agosto 2026 em Santa Rosa\" srcset=\"https:\/\/ellotv.com.br\/site\/wp-content\/uploads\/2026\/08\/WhatsApp-Image-2026-08-27-at-11.07.25-819x1024.jpeg 819w, https:\/\/ellotv.com.br\/site\/wp-content\/uploads\/2026\/08\/WhatsApp-Image-2026-08-27-at-11.07.25-240x300.jpeg 240w, https:\/\/ellotv.com.br\/site\/wp-content\/uploads\/2026\/08\/WhatsApp-Image-2026-08-27-at-11.07.25-768x960.jpeg 768w, https:\/\/ellotv.com.br\/site\/wp-content\/uploads\/2026\/08\/WhatsApp-Image-2026-08-27-at-11.07.25-1024x1280.jpeg 1024w, https:\/\/ellotv.com.br\/site\/wp-content\/uploads\/2026\/08\/WhatsApp-Image-2026-08-27-at-11.07.25.jpeg 1080w\" sizes=\"(max-width: 640px) 100vw, 640px\" \/>      <\/a>\n\n                  <\/div>\n\n              <div class=\"elespare-content-wrapper\">\n                <ul class=\"elespare-cat-links solid\"><li class=\"elespare-meta-category\">\n                      <a class=\"elespare-categories\" href=\"https:\/\/ellotv.com.br\/site\/category\/ello\/\" aria-label=\"View all posts in Ello category\">\n                      \n                        Ello\n                      <\/a>\n                  <\/li><\/ul>                <div class=\"elespare-content-wrapper-inner\">\n                  \n    <h3 class=\"elespare-post-title\">\n      <a href=\"https:\/\/ellotv.com.br\/site\/2026\/08\/27\/efesta-mostra-os-melhores-momentos-da-festa-de-agosto-2026-em-santa-rosa\/\"> <span>\u00e9Festa mostra os melhores momentos da Festa de Agosto 2026 em Santa Rosa<\/span><\/a>\n    <\/h3>\n          <div class=\"elespare-metadata\">\n                  <span class=\"post-author\">\n            <a href=\"https:\/\/ellotv.com.br\/site\/author\/elloagencia\/\">\n                              <i class=\"demo-icon elespare-icons-user-circle-regular\" aria-hidden=\"true\"><\/i>\n              ELLO TV            <\/a>\n          <\/span>\n                          <span class=\"elespare-posts-slider-post-author\">\n            <a href=\"https:\/\/ellotv.com.br\/site\/2026\/\">\n              <i class=\"demo-icon elespare-icons-clock-regular\" aria-hidden=\"true\"><\/i>\n              27 de agosto de 2026            <\/a>\n          <\/span>\n                          <span class=\"comment_count\">\n            <i class=\"demo-icon elespare-icons-comment-empty\" aria-hidden=\"true\"><\/i>\n            0          <\/span>\n              <\/div>\n    <div class=\"elespare-exceprt\">\n              <a class=\"read-more-btn\" href=\"https:\/\/ellotv.com.br\/site\/2026\/08\/27\/efesta-mostra-os-melhores-momentos-da-festa-de-agosto-2026-em-santa-rosa\/\">\n    Leia mais    <span class=\"screen-reader-text\"> about \u00e9Festa mostra os melhores momentos da Festa de Agosto 2026 em Santa Rosa<\/span>\n  <\/a>\n      <\/div>\n                  <\/div>\n              <\/div>\n            <\/div>\n\n                    <div class=\"elespare-posts-slider-post-items\">\n              <div class=\"elespare-img-wrapper\">\n                \n      <a href=\"https:\/\/ellotv.com.br\/site\/2026\/08\/26\/causos-causas-do-pajeu-a-amazonia-a-trajetoria-de-dr-valdir-perazzo-leite\/\" aria-label=\"Causos &#038; Causas: do Paje\u00fa \u00e0 Amaz\u00f4nia, a trajet\u00f3ria de Dr. Valdir Perazzo Leite\">\n        <img loading=\"lazy\" decoding=\"async\" width=\"640\" height=\"800\" src=\"https:\/\/ellotv.com.br\/site\/wp-content\/uploads\/2026\/08\/WhatsApp-Image-2026-08-26-at-16.35.50-1-819x1024.jpeg\" class=\"attachment-large size-large wp-post-image\" alt=\"Causos &#038; Causas: do Paje\u00fa \u00e0 Amaz\u00f4nia, a trajet\u00f3ria de Dr. Valdir Perazzo Leite\" srcset=\"https:\/\/ellotv.com.br\/site\/wp-content\/uploads\/2026\/08\/WhatsApp-Image-2026-08-26-at-16.35.50-1-819x1024.jpeg 819w, https:\/\/ellotv.com.br\/site\/wp-content\/uploads\/2026\/08\/WhatsApp-Image-2026-08-26-at-16.35.50-1-240x300.jpeg 240w, https:\/\/ellotv.com.br\/site\/wp-content\/uploads\/2026\/08\/WhatsApp-Image-2026-08-26-at-16.35.50-1-768x960.jpeg 768w, https:\/\/ellotv.com.br\/site\/wp-content\/uploads\/2026\/08\/WhatsApp-Image-2026-08-26-at-16.35.50-1-1229x1536.jpeg 1229w, https:\/\/ellotv.com.br\/site\/wp-content\/uploads\/2026\/08\/WhatsApp-Image-2026-08-26-at-16.35.50-1-1024x1280.jpeg 1024w, https:\/\/ellotv.com.br\/site\/wp-content\/uploads\/2026\/08\/WhatsApp-Image-2026-08-26-at-16.35.50-1.jpeg 1280w\" sizes=\"(max-width: 640px) 100vw, 640px\" \/>      <\/a>\n\n                  <\/div>\n\n              <div class=\"elespare-content-wrapper\">\n                <ul class=\"elespare-cat-links solid\"><li class=\"elespare-meta-category\">\n                      <a class=\"elespare-categories\" href=\"https:\/\/ellotv.com.br\/site\/category\/ello\/\" aria-label=\"View all posts in Ello category\">\n                      \n                        Ello\n                      <\/a>\n                  <\/li><\/ul>                <div class=\"elespare-content-wrapper-inner\">\n                  \n    <h3 class=\"elespare-post-title\">\n      <a href=\"https:\/\/ellotv.com.br\/site\/2026\/08\/26\/causos-causas-do-pajeu-a-amazonia-a-trajetoria-de-dr-valdir-perazzo-leite\/\"> <span>Causos &#038; Causas: do Paje\u00fa \u00e0 Amaz\u00f4nia, a trajet\u00f3ria de Dr. Valdir Perazzo Leite<\/span><\/a>\n    <\/h3>\n          <div class=\"elespare-metadata\">\n                  <span class=\"post-author\">\n            <a href=\"https:\/\/ellotv.com.br\/site\/author\/elloagencia\/\">\n                              <i class=\"demo-icon elespare-icons-user-circle-regular\" aria-hidden=\"true\"><\/i>\n              ELLO TV            <\/a>\n          <\/span>\n                          <span class=\"elespare-posts-slider-post-author\">\n            <a href=\"https:\/\/ellotv.com.br\/site\/2026\/\">\n              <i class=\"demo-icon elespare-icons-clock-regular\" aria-hidden=\"true\"><\/i>\n              26 de agosto de 2026            <\/a>\n          <\/span>\n                          <span class=\"comment_count\">\n            <i class=\"demo-icon elespare-icons-comment-empty\" aria-hidden=\"true\"><\/i>\n            0          <\/span>\n              <\/div>\n    <div class=\"elespare-exceprt\">\n              <a class=\"read-more-btn\" href=\"https:\/\/ellotv.com.br\/site\/2026\/08\/26\/causos-causas-do-pajeu-a-amazonia-a-trajetoria-de-dr-valdir-perazzo-leite\/\">\n    Leia mais    <span class=\"screen-reader-text\"> about Causos &#038; Causas: do Paje\u00fa \u00e0 Amaz\u00f4nia, a trajet\u00f3ria de Dr. Valdir Perazzo Leite<\/span>\n  <\/a>\n      <\/div>\n                  <\/div>\n              <\/div>\n            <\/div>\n\n                    <div class=\"elespare-posts-slider-post-items\">\n              <div class=\"elespare-img-wrapper\">\n                \n      <a href=\"https:\/\/ellotv.com.br\/site\/2026\/08\/25\/diga-la-poeta-recebe-mariana-teles-para-celebrar-o-legado-de-valdir-teles\/\" aria-label=\"Diga L\u00e1 Poeta recebe Mariana Teles para celebrar o legado de Valdir Teles\">\n        <img loading=\"lazy\" decoding=\"async\" width=\"640\" height=\"800\" src=\"https:\/\/ellotv.com.br\/site\/wp-content\/uploads\/2026\/08\/WhatsApp-Image-2026-08-25-at-10.00.35-819x1024.jpeg\" class=\"attachment-large size-large wp-post-image\" alt=\"Diga L\u00e1 Poeta recebe Mariana Teles para celebrar o legado de Valdir Teles\" srcset=\"https:\/\/ellotv.com.br\/site\/wp-content\/uploads\/2026\/08\/WhatsApp-Image-2026-08-25-at-10.00.35-819x1024.jpeg 819w, https:\/\/ellotv.com.br\/site\/wp-content\/uploads\/2026\/08\/WhatsApp-Image-2026-08-25-at-10.00.35-240x300.jpeg 240w, https:\/\/ellotv.com.br\/site\/wp-content\/uploads\/2026\/08\/WhatsApp-Image-2026-08-25-at-10.00.35-768x960.jpeg 768w, https:\/\/ellotv.com.br\/site\/wp-content\/uploads\/2026\/08\/WhatsApp-Image-2026-08-25-at-10.00.35-1229x1536.jpeg 1229w, https:\/\/ellotv.com.br\/site\/wp-content\/uploads\/2026\/08\/WhatsApp-Image-2026-08-25-at-10.00.35-1024x1280.jpeg 1024w, https:\/\/ellotv.com.br\/site\/wp-content\/uploads\/2026\/08\/WhatsApp-Image-2026-08-25-at-10.00.35.jpeg 1280w\" sizes=\"(max-width: 640px) 100vw, 640px\" \/>      <\/a>\n\n                  <\/div>\n\n              <div class=\"elespare-content-wrapper\">\n                <ul class=\"elespare-cat-links solid\"><li class=\"elespare-meta-category\">\n                      <a class=\"elespare-categories\" href=\"https:\/\/ellotv.com.br\/site\/category\/ello\/\" aria-label=\"View all posts in Ello category\">\n                      \n                        Ello\n                      <\/a>\n                  <\/li><\/ul>                <div class=\"elespare-content-wrapper-inner\">\n                  \n    <h3 class=\"elespare-post-title\">\n      <a href=\"https:\/\/ellotv.com.br\/site\/2026\/08\/25\/diga-la-poeta-recebe-mariana-teles-para-celebrar-o-legado-de-valdir-teles\/\"> <span>Diga L\u00e1 Poeta recebe Mariana Teles para celebrar o legado de Valdir Teles<\/span><\/a>\n    <\/h3>\n          <div class=\"elespare-metadata\">\n                  <span class=\"post-author\">\n            <a href=\"https:\/\/ellotv.com.br\/site\/author\/elloagencia\/\">\n                              <i class=\"demo-icon elespare-icons-user-circle-regular\" aria-hidden=\"true\"><\/i>\n              ELLO TV            <\/a>\n          <\/span>\n                          <span class=\"elespare-posts-slider-post-author\">\n            <a href=\"https:\/\/ellotv.com.br\/site\/2026\/\">\n              <i class=\"demo-icon elespare-icons-clock-regular\" aria-hidden=\"true\"><\/i>\n              25 de agosto de 2026            <\/a>\n          <\/span>\n                          <span class=\"comment_count\">\n            <i class=\"demo-icon elespare-icons-comment-empty\" aria-hidden=\"true\"><\/i>\n            0          <\/span>\n              <\/div>\n    <div class=\"elespare-exceprt\">\n              <a class=\"read-more-btn\" href=\"https:\/\/ellotv.com.br\/site\/2026\/08\/25\/diga-la-poeta-recebe-mariana-teles-para-celebrar-o-legado-de-valdir-teles\/\">\n    Leia mais    <span class=\"screen-reader-text\"> about Diga L\u00e1 Poeta recebe Mariana Teles para celebrar o legado de Valdir Teles<\/span>\n  <\/a>\n      <\/div>\n                  <\/div>\n              <\/div>\n            <\/div>\n\n                    <div class=\"elespare-posts-slider-post-items\">\n              <div class=\"elespare-img-wrapper\">\n                \n      <a href=\"https:\/\/ellotv.com.br\/site\/2026\/08\/25\/politica-em-foco-recebe-vicente-galdino-para-debater-cenario-atual-e-desafios-da-regiao\/\" aria-label=\"Pol\u00edtica em Foco recebe Vicente Galdino para debater cen\u00e1rio atual e desafios da regi\u00e3o\">\n        <img loading=\"lazy\" decoding=\"async\" width=\"640\" height=\"800\" src=\"https:\/\/ellotv.com.br\/site\/wp-content\/uploads\/2026\/08\/WhatsApp-Image-2026-08-25-at-09.36.21-819x1024.jpeg\" class=\"attachment-large size-large wp-post-image\" alt=\"Pol\u00edtica em Foco recebe Vicente Galdino para debater cen\u00e1rio atual e desafios da regi\u00e3o\" srcset=\"https:\/\/ellotv.com.br\/site\/wp-content\/uploads\/2026\/08\/WhatsApp-Image-2026-08-25-at-09.36.21-819x1024.jpeg 819w, https:\/\/ellotv.com.br\/site\/wp-content\/uploads\/2026\/08\/WhatsApp-Image-2026-08-25-at-09.36.21-240x300.jpeg 240w, https:\/\/ellotv.com.br\/site\/wp-content\/uploads\/2026\/08\/WhatsApp-Image-2026-08-25-at-09.36.21-768x960.jpeg 768w, https:\/\/ellotv.com.br\/site\/wp-content\/uploads\/2026\/08\/WhatsApp-Image-2026-08-25-at-09.36.21-1229x1536.jpeg 1229w, https:\/\/ellotv.com.br\/site\/wp-content\/uploads\/2026\/08\/WhatsApp-Image-2026-08-25-at-09.36.21-1024x1280.jpeg 1024w, https:\/\/ellotv.com.br\/site\/wp-content\/uploads\/2026\/08\/WhatsApp-Image-2026-08-25-at-09.36.21.jpeg 1280w\" sizes=\"(max-width: 640px) 100vw, 640px\" \/>      <\/a>\n\n                  <\/div>\n\n              <div class=\"elespare-content-wrapper\">\n                <ul class=\"elespare-cat-links solid\"><li class=\"elespare-meta-category\">\n                      <a class=\"elespare-categories\" href=\"https:\/\/ellotv.com.br\/site\/category\/ello\/\" aria-label=\"View all posts in Ello category\">\n                      \n                        Ello\n                      <\/a>\n                  <\/li><\/ul>                <div class=\"elespare-content-wrapper-inner\">\n                  \n    <h3 class=\"elespare-post-title\">\n      <a href=\"https:\/\/ellotv.com.br\/site\/2026\/08\/25\/politica-em-foco-recebe-vicente-galdino-para-debater-cenario-atual-e-desafios-da-regiao\/\"> <span>Pol\u00edtica em Foco recebe Vicente Galdino para debater cen\u00e1rio atual e desafios da regi\u00e3o<\/span><\/a>\n    <\/h3>\n          <div class=\"elespare-metadata\">\n                  <span class=\"post-author\">\n            <a href=\"https:\/\/ellotv.com.br\/site\/author\/elloagencia\/\">\n                              <i class=\"demo-icon elespare-icons-user-circle-regular\" aria-hidden=\"true\"><\/i>\n              ELLO TV            <\/a>\n          <\/span>\n                          <span class=\"elespare-posts-slider-post-author\">\n            <a href=\"https:\/\/ellotv.com.br\/site\/2026\/\">\n              <i class=\"demo-icon elespare-icons-clock-regular\" aria-hidden=\"true\"><\/i>\n              25 de agosto de 2026            <\/a>\n          <\/span>\n                          <span class=\"comment_count\">\n            <i class=\"demo-icon elespare-icons-comment-empty\" aria-hidden=\"true\"><\/i>\n            0          <\/span>\n              <\/div>\n    <div class=\"elespare-exceprt\">\n              <a class=\"read-more-btn\" href=\"https:\/\/ellotv.com.br\/site\/2026\/08\/25\/politica-em-foco-recebe-vicente-galdino-para-debater-cenario-atual-e-desafios-da-regiao\/\">\n    Leia mais    <span class=\"screen-reader-text\"> about Pol\u00edtica em Foco recebe Vicente Galdino para debater cen\u00e1rio atual e desafios da regi\u00e3o<\/span>\n  <\/a>\n      <\/div>\n                  <\/div>\n              <\/div>\n            <\/div>\n\n              <\/div>\n    <\/div>\n    <button type=\"button\" class=\"slick-prev elespare-nav-carousel\"><i class=\"elespare-icons-angle-left\"\n        aria-hidden=\"true\"><\/i><\/button>\n    <button type=\"button\" class=\"slick-next elespare-nav-carousel\"><i class=\"elespare-icons-angle-right\"\n        aria-hidden=\"true\"><\/i><\/button>\n    \t\t\t\t<\/div>\n\t\t\t\t<div class=\"elementor-element elementor-element-fefcc42 elespare-section-title-elespare-left elementor-invisible elementor-widget elementor-widget-post-list\" data-id=\"fefcc42\" data-element_type=\"widget\" data-e-type=\"widget\" data-settings=\"{&quot;_animation&quot;:&quot;slideInRight&quot;}\" data-widget_type=\"post-list.default\">\n\t\t\t\t\t\n    <div class=\"elespare-list-wrap list-layout has-background \">\n      <div class=\"elespare-posts-wrap list-style-1 elespare-image-zoom  elespare-light\">\n                    <div class=\"elespare-posts-list-post-items\">\n                              <div class=\"elespare-img-wrapper\">\n\n                  \n      <a href=\"https:\/\/ellotv.com.br\/site\/2026\/08\/03\/pesquisa-aponta-empate-tecnico-entre-raquel-lyra-e-joao-campos-em-pernambuco\/\" aria-label=\"Pesquisa aponta empate t\u00e9cnico entre Raquel Lyra e Jo\u00e3o Campos em Pernambuco\">\n        <img decoding=\"async\" width=\"225\" height=\"300\" src=\"https:\/\/ellotv.com.br\/site\/wp-content\/uploads\/2026\/08\/WhatsApp-Image-2026-07-31-at-08.37.37-225x300.jpeg\" class=\"attachment-medium size-medium wp-post-image\" alt=\"Pesquisa aponta empate t\u00e9cnico entre Raquel Lyra e Jo\u00e3o Campos em Pernambuco\" srcset=\"https:\/\/ellotv.com.br\/site\/wp-content\/uploads\/2026\/08\/WhatsApp-Image-2026-07-31-at-08.37.37-225x300.jpeg 225w, https:\/\/ellotv.com.br\/site\/wp-content\/uploads\/2026\/08\/WhatsApp-Image-2026-07-31-at-08.37.37-767x1024.jpeg 767w, https:\/\/ellotv.com.br\/site\/wp-content\/uploads\/2026\/08\/WhatsApp-Image-2026-07-31-at-08.37.37-768x1026.jpeg 768w, https:\/\/ellotv.com.br\/site\/wp-content\/uploads\/2026\/08\/WhatsApp-Image-2026-07-31-at-08.37.37-1150x1536.jpeg 1150w, https:\/\/ellotv.com.br\/site\/wp-content\/uploads\/2026\/08\/WhatsApp-Image-2026-07-31-at-08.37.37-1024x1368.jpeg 1024w, https:\/\/ellotv.com.br\/site\/wp-content\/uploads\/2026\/08\/WhatsApp-Image-2026-07-31-at-08.37.37.jpeg 1198w\" sizes=\"(max-width: 225px) 100vw, 225px\" \/>      <\/a>\n\n    \n                <\/div>\n              \n              <div class=\"elespare-content-wrapper\">\n                <ul class=\"elespare-cat-links none\"><li class=\"elespare-meta-category\">\n                      <a class=\"elespare-categories\" href=\"https:\/\/ellotv.com.br\/site\/category\/brasil\/\" aria-label=\"View all posts in Brasil category\">\n                      \n                        Brasil\n                      <\/a>\n                  <\/li><li class=\"elespare-meta-category\">\n                      <a class=\"elespare-categories\" href=\"https:\/\/ellotv.com.br\/site\/category\/noticias\/\" aria-label=\"View all posts in Noticias category\">\n                      \n                        Noticias\n                      <\/a>\n                  <\/li><li class=\"elespare-meta-category\">\n                      <a class=\"elespare-categories\" href=\"https:\/\/ellotv.com.br\/site\/category\/regional\/\" aria-label=\"View all posts in Regional category\">\n                      \n                        Regional\n                      <\/a>\n                  <\/li><\/ul>\n    <h3 class=\"elespare-post-title\">\n      <a href=\"https:\/\/ellotv.com.br\/site\/2026\/08\/03\/pesquisa-aponta-empate-tecnico-entre-raquel-lyra-e-joao-campos-em-pernambuco\/\"> <span>Pesquisa aponta empate t\u00e9cnico entre Raquel Lyra e Jo\u00e3o Campos em Pernambuco<\/span><\/a>\n    <\/h3>\n                  <\/div>\n                          <\/div>\n                    <div class=\"elespare-posts-list-post-items\">\n                              <div class=\"elespare-img-wrapper\">\n\n                  \n      <a href=\"https:\/\/ellotv.com.br\/site\/2026\/07\/29\/lula-lidera-cenario-presidencial-em-pernambuco-com-55-aponta-quaest\/\" aria-label=\"Lula lidera cen\u00e1rio presidencial em Pernambuco com 55%, aponta Quaest\">\n        <img loading=\"lazy\" decoding=\"async\" width=\"264\" height=\"300\" src=\"https:\/\/ellotv.com.br\/site\/wp-content\/uploads\/2026\/07\/WhatsApp-Image-2026-07-28-at-16.23.38-264x300.jpeg\" class=\"attachment-medium size-medium wp-post-image\" alt=\"Lula lidera cen\u00e1rio presidencial em Pernambuco com 55%, aponta Quaest\" srcset=\"https:\/\/ellotv.com.br\/site\/wp-content\/uploads\/2026\/07\/WhatsApp-Image-2026-07-28-at-16.23.38-264x300.jpeg 264w, https:\/\/ellotv.com.br\/site\/wp-content\/uploads\/2026\/07\/WhatsApp-Image-2026-07-28-at-16.23.38.jpeg 538w\" sizes=\"(max-width: 264px) 100vw, 264px\" \/>      <\/a>\n\n    \n                <\/div>\n              \n              <div class=\"elespare-content-wrapper\">\n                <ul class=\"elespare-cat-links none\"><li class=\"elespare-meta-category\">\n                      <a class=\"elespare-categories\" href=\"https:\/\/ellotv.com.br\/site\/category\/brasil\/\" aria-label=\"View all posts in Brasil category\">\n                      \n                        Brasil\n                      <\/a>\n                  <\/li><li class=\"elespare-meta-category\">\n                      <a class=\"elespare-categories\" href=\"https:\/\/ellotv.com.br\/site\/category\/noticias\/\" aria-label=\"View all posts in Noticias category\">\n                      \n                        Noticias\n                      <\/a>\n                  <\/li><\/ul>\n    <h3 class=\"elespare-post-title\">\n      <a href=\"https:\/\/ellotv.com.br\/site\/2026\/07\/29\/lula-lidera-cenario-presidencial-em-pernambuco-com-55-aponta-quaest\/\"> <span>Lula lidera cen\u00e1rio presidencial em Pernambuco com 55%, aponta Quaest<\/span><\/a>\n    <\/h3>\n                  <\/div>\n                          <\/div>\n                    <div class=\"elespare-posts-list-post-items\">\n                              <div class=\"elespare-img-wrapper\">\n\n                  \n      <a href=\"https:\/\/ellotv.com.br\/site\/2026\/07\/13\/ayrton-senna-e-oficialmente-reconhecido-como-heroi-da-patria\/\" aria-label=\"Ayrton Senna \u00e9 oficialmente reconhecido como Her\u00f3i da P\u00e1tria\">\n        <img loading=\"lazy\" decoding=\"async\" width=\"169\" height=\"300\" src=\"https:\/\/ellotv.com.br\/site\/wp-content\/uploads\/2026\/07\/WhatsApp-Image-2026-07-12-at-11.31.02-169x300.jpeg\" class=\"attachment-medium size-medium wp-post-image\" alt=\"Ayrton Senna \u00e9 oficialmente reconhecido como Her\u00f3i da P\u00e1tria\" srcset=\"https:\/\/ellotv.com.br\/site\/wp-content\/uploads\/2026\/07\/WhatsApp-Image-2026-07-12-at-11.31.02-169x300.jpeg 169w, https:\/\/ellotv.com.br\/site\/wp-content\/uploads\/2026\/07\/WhatsApp-Image-2026-07-12-at-11.31.02-576x1024.jpeg 576w, https:\/\/ellotv.com.br\/site\/wp-content\/uploads\/2026\/07\/WhatsApp-Image-2026-07-12-at-11.31.02-768x1365.jpeg 768w, https:\/\/ellotv.com.br\/site\/wp-content\/uploads\/2026\/07\/WhatsApp-Image-2026-07-12-at-11.31.02-864x1536.jpeg 864w, https:\/\/ellotv.com.br\/site\/wp-content\/uploads\/2026\/07\/WhatsApp-Image-2026-07-12-at-11.31.02.jpeg 900w\" sizes=\"(max-width: 169px) 100vw, 169px\" \/>      <\/a>\n\n    \n                <\/div>\n              \n              <div class=\"elespare-content-wrapper\">\n                <ul class=\"elespare-cat-links none\"><li class=\"elespare-meta-category\">\n                      <a class=\"elespare-categories\" href=\"https:\/\/ellotv.com.br\/site\/category\/brasil\/\" aria-label=\"View all posts in Brasil category\">\n                      \n                        Brasil\n                      <\/a>\n                  <\/li><li class=\"elespare-meta-category\">\n                      <a class=\"elespare-categories\" href=\"https:\/\/ellotv.com.br\/site\/category\/noticias\/\" aria-label=\"View all posts in Noticias category\">\n                      \n                        Noticias\n                      <\/a>\n                  <\/li><\/ul>\n    <h3 class=\"elespare-post-title\">\n      <a href=\"https:\/\/ellotv.com.br\/site\/2026\/07\/13\/ayrton-senna-e-oficialmente-reconhecido-como-heroi-da-patria\/\"> <span>Ayrton Senna \u00e9 oficialmente reconhecido como Her\u00f3i da P\u00e1tria<\/span><\/a>\n    <\/h3>\n                  <\/div>\n                          <\/div>\n                    <div class=\"elespare-posts-list-post-items\">\n                              <div class=\"elespare-img-wrapper\">\n\n                  \n      <a href=\"https:\/\/ellotv.com.br\/site\/2026\/07\/13\/119-x-80-x-77-marta-supera-neymar-e-pele-e-e-a-maior-artilheira-da-historia-da-selecao-brasileira\/\" aria-label=\"119 x 80 x 77: Marta supera Neymar e Pel\u00e9 e \u00e9 a maior artilheira da hist\u00f3ria da Sele\u00e7\u00e3o Brasileira\">\n        <img loading=\"lazy\" decoding=\"async\" width=\"225\" height=\"300\" src=\"https:\/\/ellotv.com.br\/site\/wp-content\/uploads\/2026\/07\/WhatsApp-Image-2026-07-12-at-11.08.32-225x300.jpeg\" class=\"attachment-medium size-medium wp-post-image\" alt=\"119 x 80 x 77: Marta supera Neymar e Pel\u00e9 e \u00e9 a maior artilheira da hist\u00f3ria da Sele\u00e7\u00e3o Brasileira\" srcset=\"https:\/\/ellotv.com.br\/site\/wp-content\/uploads\/2026\/07\/WhatsApp-Image-2026-07-12-at-11.08.32-225x300.jpeg 225w, https:\/\/ellotv.com.br\/site\/wp-content\/uploads\/2026\/07\/WhatsApp-Image-2026-07-12-at-11.08.32.jpeg 450w\" sizes=\"(max-width: 225px) 100vw, 225px\" \/>      <\/a>\n\n    \n                <\/div>\n              \n              <div class=\"elespare-content-wrapper\">\n                <ul class=\"elespare-cat-links none\"><li class=\"elespare-meta-category\">\n                      <a class=\"elespare-categories\" href=\"https:\/\/ellotv.com.br\/site\/category\/brasil\/\" aria-label=\"View all posts in Brasil category\">\n                      \n                        Brasil\n                      <\/a>\n                  <\/li><li class=\"elespare-meta-category\">\n                      <a class=\"elespare-categories\" href=\"https:\/\/ellotv.com.br\/site\/category\/noticias\/\" aria-label=\"View all posts in Noticias category\">\n                      \n                        Noticias\n                      <\/a>\n                  <\/li><\/ul>\n    <h3 class=\"elespare-post-title\">\n      <a href=\"https:\/\/ellotv.com.br\/site\/2026\/07\/13\/119-x-80-x-77-marta-supera-neymar-e-pele-e-e-a-maior-artilheira-da-historia-da-selecao-brasileira\/\"> <span>119 x 80 x 77: Marta supera Neymar e Pel\u00e9 e \u00e9 a maior artilheira da hist\u00f3ria da Sele\u00e7\u00e3o Brasileira<\/span><\/a>\n    <\/h3>\n                  <\/div>\n                          <\/div>\n                    <div class=\"elespare-posts-list-post-items\">\n                              <div class=\"elespare-img-wrapper\">\n\n                  \n      <a href=\"https:\/\/ellotv.com.br\/site\/2026\/07\/09\/repasse-extra-de-r-99-bilhoes-reforca-caixa-das-prefeituras-brasileiras-em-julho\/\" aria-label=\"Repasse extra de R$ 9,9 bilh\u00f5es refor\u00e7a caixa das prefeituras brasileiras em julho\">\n        <img loading=\"lazy\" decoding=\"async\" width=\"200\" height=\"300\" src=\"https:\/\/ellotv.com.br\/site\/wp-content\/uploads\/2026\/07\/WhatsApp-Image-2026-07-08-at-19.42.53-200x300.jpeg\" class=\"attachment-medium size-medium wp-post-image\" alt=\"Repasse extra de R$ 9,9 bilh\u00f5es refor\u00e7a caixa das prefeituras brasileiras em julho\" srcset=\"https:\/\/ellotv.com.br\/site\/wp-content\/uploads\/2026\/07\/WhatsApp-Image-2026-07-08-at-19.42.53-200x300.jpeg 200w, https:\/\/ellotv.com.br\/site\/wp-content\/uploads\/2026\/07\/WhatsApp-Image-2026-07-08-at-19.42.53-683x1024.jpeg 683w, https:\/\/ellotv.com.br\/site\/wp-content\/uploads\/2026\/07\/WhatsApp-Image-2026-07-08-at-19.42.53-768x1151.jpeg 768w, https:\/\/ellotv.com.br\/site\/wp-content\/uploads\/2026\/07\/WhatsApp-Image-2026-07-08-at-19.42.53.jpeg 854w\" sizes=\"(max-width: 200px) 100vw, 200px\" \/>      <\/a>\n\n    \n                <\/div>\n              \n              <div class=\"elespare-content-wrapper\">\n                <ul class=\"elespare-cat-links none\"><li class=\"elespare-meta-category\">\n                      <a class=\"elespare-categories\" href=\"https:\/\/ellotv.com.br\/site\/category\/brasil\/\" aria-label=\"View all posts in Brasil category\">\n                      \n                        Brasil\n                      <\/a>\n                  <\/li><li class=\"elespare-meta-category\">\n                      <a class=\"elespare-categories\" href=\"https:\/\/ellotv.com.br\/site\/category\/noticias\/\" aria-label=\"View all posts in Noticias category\">\n                      \n                        Noticias\n                      <\/a>\n                  <\/li><\/ul>\n    <h3 class=\"elespare-post-title\">\n      <a href=\"https:\/\/ellotv.com.br\/site\/2026\/07\/09\/repasse-extra-de-r-99-bilhoes-reforca-caixa-das-prefeituras-brasileiras-em-julho\/\"> <span>Repasse extra de R$ 9,9 bilh\u00f5es refor\u00e7a caixa das prefeituras brasileiras em julho<\/span><\/a>\n    <\/h3>\n                  <\/div>\n                          <\/div>\n                    <div class=\"elespare-posts-list-post-items\">\n                              <div class=\"elespare-img-wrapper\">\n\n                  \n      <a href=\"https:\/\/ellotv.com.br\/site\/2026\/07\/08\/tulio-gadelha-destaca-indicacao-ao-premio-congresso-em-foco-pelo-oitavo-ano-consecutivo\/\" aria-label=\"T\u00falio Gadelha destaca indica\u00e7\u00e3o ao Pr\u00eamio Congresso em Foco pelo oitavo ano consecutivo\">\n        <img loading=\"lazy\" decoding=\"async\" width=\"240\" height=\"300\" src=\"https:\/\/ellotv.com.br\/site\/wp-content\/uploads\/2026\/07\/WhatsApp-Image-2026-07-08-at-12.38.05-240x300.jpeg\" class=\"attachment-medium size-medium wp-post-image\" alt=\"T\u00falio Gadelha destaca indica\u00e7\u00e3o ao Pr\u00eamio Congresso em Foco pelo oitavo ano consecutivo\" srcset=\"https:\/\/ellotv.com.br\/site\/wp-content\/uploads\/2026\/07\/WhatsApp-Image-2026-07-08-at-12.38.05-240x300.jpeg 240w, https:\/\/ellotv.com.br\/site\/wp-content\/uploads\/2026\/07\/WhatsApp-Image-2026-07-08-at-12.38.05-819x1024.jpeg 819w, https:\/\/ellotv.com.br\/site\/wp-content\/uploads\/2026\/07\/WhatsApp-Image-2026-07-08-at-12.38.05-768x960.jpeg 768w, https:\/\/ellotv.com.br\/site\/wp-content\/uploads\/2026\/07\/WhatsApp-Image-2026-07-08-at-12.38.05-1024x1280.jpeg 1024w, https:\/\/ellotv.com.br\/site\/wp-content\/uploads\/2026\/07\/WhatsApp-Image-2026-07-08-at-12.38.05.jpeg 1122w\" sizes=\"(max-width: 240px) 100vw, 240px\" \/>      <\/a>\n\n    \n                <\/div>\n              \n              <div class=\"elespare-content-wrapper\">\n                <ul class=\"elespare-cat-links none\"><li class=\"elespare-meta-category\">\n                      <a class=\"elespare-categories\" href=\"https:\/\/ellotv.com.br\/site\/category\/brasil\/\" aria-label=\"View all posts in Brasil category\">\n                      \n                        Brasil\n                      <\/a>\n                  <\/li><li class=\"elespare-meta-category\">\n                      <a class=\"elespare-categories\" href=\"https:\/\/ellotv.com.br\/site\/category\/noticias\/\" aria-label=\"View all posts in Noticias category\">\n                      \n                        Noticias\n                      <\/a>\n                  <\/li><\/ul>\n    <h3 class=\"elespare-post-title\">\n      <a href=\"https:\/\/ellotv.com.br\/site\/2026\/07\/08\/tulio-gadelha-destaca-indicacao-ao-premio-congresso-em-foco-pelo-oitavo-ano-consecutivo\/\"> <span>T\u00falio Gadelha destaca indica\u00e7\u00e3o ao Pr\u00eamio Congresso em Foco pelo oitavo ano consecutivo<\/span><\/a>\n    <\/h3>\n                  <\/div>\n                          <\/div>\n                    <div class=\"elespare-posts-list-post-items\">\n                              <div class=\"elespare-img-wrapper\">\n\n                  \n      <a href=\"https:\/\/ellotv.com.br\/site\/2026\/06\/22\/presidente-lula-aperta-o-cerco-contra-bets-ilegais-e-preve-bloqueio-de-dinheiro-das-plataformas\/\" aria-label=\"Presidente Lula aperta o cerco contra bets ilegais e prev\u00ea bloqueio de dinheiro das plataformas\">\n        <img loading=\"lazy\" decoding=\"async\" width=\"300\" height=\"187\" src=\"https:\/\/ellotv.com.br\/site\/wp-content\/uploads\/2026\/06\/WhatsApp-Image-2026-06-19-at-12.39.37-300x187.jpeg\" class=\"attachment-medium size-medium wp-post-image\" alt=\"Presidente Lula aperta o cerco contra bets ilegais e prev\u00ea bloqueio de dinheiro das plataformas\" srcset=\"https:\/\/ellotv.com.br\/site\/wp-content\/uploads\/2026\/06\/WhatsApp-Image-2026-06-19-at-12.39.37-300x187.jpeg 300w, https:\/\/ellotv.com.br\/site\/wp-content\/uploads\/2026\/06\/WhatsApp-Image-2026-06-19-at-12.39.37-1024x637.jpeg 1024w, https:\/\/ellotv.com.br\/site\/wp-content\/uploads\/2026\/06\/WhatsApp-Image-2026-06-19-at-12.39.37-768x478.jpeg 768w, https:\/\/ellotv.com.br\/site\/wp-content\/uploads\/2026\/06\/WhatsApp-Image-2026-06-19-at-12.39.37.jpeg 1280w\" sizes=\"(max-width: 300px) 100vw, 300px\" \/>      <\/a>\n\n    \n                <\/div>\n              \n              <div class=\"elespare-content-wrapper\">\n                <ul class=\"elespare-cat-links none\"><li class=\"elespare-meta-category\">\n                      <a class=\"elespare-categories\" href=\"https:\/\/ellotv.com.br\/site\/category\/brasil\/\" aria-label=\"View all posts in Brasil category\">\n                      \n                        Brasil\n                      <\/a>\n                  <\/li><li class=\"elespare-meta-category\">\n                      <a class=\"elespare-categories\" href=\"https:\/\/ellotv.com.br\/site\/category\/noticias\/\" aria-label=\"View all posts in Noticias category\">\n                      \n                        Noticias\n                      <\/a>\n                  <\/li><\/ul>\n    <h3 class=\"elespare-post-title\">\n      <a href=\"https:\/\/ellotv.com.br\/site\/2026\/06\/22\/presidente-lula-aperta-o-cerco-contra-bets-ilegais-e-preve-bloqueio-de-dinheiro-das-plataformas\/\"> <span>Presidente Lula aperta o cerco contra bets ilegais e prev\u00ea bloqueio de dinheiro das plataformas<\/span><\/a>\n    <\/h3>\n                  <\/div>\n                          <\/div>\n                    <div class=\"elespare-posts-list-post-items\">\n                              <div class=\"elespare-img-wrapper\">\n\n                  \n      <a href=\"https:\/\/ellotv.com.br\/site\/2026\/06\/11\/a-prefeitura-de-brejinho-celebrou-uma-importante-conquista-para-o-desenvolvimento-economico-do-municipio\/\" aria-label=\"A Prefeitura de Brejinho celebrou uma importante conquista para o desenvolvimento econ\u00f4mico do munic\u00edpio\">\n        <img loading=\"lazy\" decoding=\"async\" width=\"221\" height=\"300\" src=\"https:\/\/ellotv.com.br\/site\/wp-content\/uploads\/2026\/06\/WhatsApp-Image-2026-06-11-at-13.20.13-221x300.jpeg\" class=\"attachment-medium size-medium wp-post-image\" alt=\"A Prefeitura de Brejinho celebrou uma importante conquista para o desenvolvimento econ\u00f4mico do munic\u00edpio\" srcset=\"https:\/\/ellotv.com.br\/site\/wp-content\/uploads\/2026\/06\/WhatsApp-Image-2026-06-11-at-13.20.13-221x300.jpeg 221w, https:\/\/ellotv.com.br\/site\/wp-content\/uploads\/2026\/06\/WhatsApp-Image-2026-06-11-at-13.20.13-755x1024.jpeg 755w, https:\/\/ellotv.com.br\/site\/wp-content\/uploads\/2026\/06\/WhatsApp-Image-2026-06-11-at-13.20.13-768x1041.jpeg 768w, https:\/\/ellotv.com.br\/site\/wp-content\/uploads\/2026\/06\/WhatsApp-Image-2026-06-11-at-13.20.13-1133x1536.jpeg 1133w, https:\/\/ellotv.com.br\/site\/wp-content\/uploads\/2026\/06\/WhatsApp-Image-2026-06-11-at-13.20.13-1024x1388.jpeg 1024w, https:\/\/ellotv.com.br\/site\/wp-content\/uploads\/2026\/06\/WhatsApp-Image-2026-06-11-at-13.20.13.jpeg 1180w\" sizes=\"(max-width: 221px) 100vw, 221px\" \/>      <\/a>\n\n    \n                <\/div>\n              \n              <div class=\"elespare-content-wrapper\">\n                <ul class=\"elespare-cat-links none\"><li class=\"elespare-meta-category\">\n                      <a class=\"elespare-categories\" href=\"https:\/\/ellotv.com.br\/site\/category\/brasil\/\" aria-label=\"View all posts in Brasil category\">\n                      \n                        Brasil\n                      <\/a>\n                  <\/li><li class=\"elespare-meta-category\">\n                      <a class=\"elespare-categories\" href=\"https:\/\/ellotv.com.br\/site\/category\/noticias\/\" aria-label=\"View all posts in Noticias category\">\n                      \n                        Noticias\n                      <\/a>\n                  <\/li><li class=\"elespare-meta-category\">\n                      <a class=\"elespare-categories\" href=\"https:\/\/ellotv.com.br\/site\/category\/regional\/\" aria-label=\"View all posts in Regional category\">\n                      \n                        Regional\n                      <\/a>\n                  <\/li><\/ul>\n    <h3 class=\"elespare-post-title\">\n      <a href=\"https:\/\/ellotv.com.br\/site\/2026\/06\/11\/a-prefeitura-de-brejinho-celebrou-uma-importante-conquista-para-o-desenvolvimento-economico-do-municipio\/\"> <span>A Prefeitura de Brejinho celebrou uma importante conquista para o desenvolvimento econ\u00f4mico do munic\u00edpio<\/span><\/a>\n    <\/h3>\n                  <\/div>\n                          <\/div>\n                    <div class=\"elespare-posts-list-post-items\">\n                              <div class=\"elespare-img-wrapper\">\n\n                  \n      <a href=\"https:\/\/ellotv.com.br\/site\/2026\/05\/29\/ello-tv-lanca-documentario-especial-gravado-no-restaurante-tia-zelia-em-brasilia\/\" aria-label=\"ELLO TV lan\u00e7a document\u00e1rio especial gravado no restaurante Tia Z\u00e9lia, em Bras\u00edlia\">\n        <img loading=\"lazy\" decoding=\"async\" width=\"300\" height=\"169\" src=\"https:\/\/ellotv.com.br\/site\/wp-content\/uploads\/2026\/05\/WhatsApp-Image-2026-05-29-at-16.13.34-300x169.jpeg\" class=\"attachment-medium size-medium wp-post-image\" alt=\"ELLO TV lan\u00e7a document\u00e1rio especial gravado no restaurante Tia Z\u00e9lia, em Bras\u00edlia\" srcset=\"https:\/\/ellotv.com.br\/site\/wp-content\/uploads\/2026\/05\/WhatsApp-Image-2026-05-29-at-16.13.34-300x169.jpeg 300w, https:\/\/ellotv.com.br\/site\/wp-content\/uploads\/2026\/05\/WhatsApp-Image-2026-05-29-at-16.13.34-1024x576.jpeg 1024w, https:\/\/ellotv.com.br\/site\/wp-content\/uploads\/2026\/05\/WhatsApp-Image-2026-05-29-at-16.13.34-768x432.jpeg 768w, https:\/\/ellotv.com.br\/site\/wp-content\/uploads\/2026\/05\/WhatsApp-Image-2026-05-29-at-16.13.34.jpeg 1280w\" sizes=\"(max-width: 300px) 100vw, 300px\" \/>      <\/a>\n\n    \n                <\/div>\n              \n              <div class=\"elespare-content-wrapper\">\n                <ul class=\"elespare-cat-links none\"><li class=\"elespare-meta-category\">\n                      <a class=\"elespare-categories\" href=\"https:\/\/ellotv.com.br\/site\/category\/brasil\/\" aria-label=\"View all posts in Brasil category\">\n                      \n                        Brasil\n                      <\/a>\n                  <\/li><li class=\"elespare-meta-category\">\n                      <a class=\"elespare-categories\" href=\"https:\/\/ellotv.com.br\/site\/category\/ello\/\" aria-label=\"View all posts in Ello category\">\n                      \n                        Ello\n                      <\/a>\n                  <\/li><li class=\"elespare-meta-category\">\n                      <a class=\"elespare-categories\" href=\"https:\/\/ellotv.com.br\/site\/category\/noticias\/\" aria-label=\"View all posts in Noticias category\">\n                      \n                        Noticias\n                      <\/a>\n                  <\/li><\/ul>\n    <h3 class=\"elespare-post-title\">\n      <a href=\"https:\/\/ellotv.com.br\/site\/2026\/05\/29\/ello-tv-lanca-documentario-especial-gravado-no-restaurante-tia-zelia-em-brasilia\/\"> <span>ELLO TV lan\u00e7a document\u00e1rio especial gravado no restaurante Tia Z\u00e9lia, em Bras\u00edlia<\/span><\/a>\n    <\/h3>\n                  <\/div>\n                          <\/div>\n                    <div class=\"elespare-posts-list-post-items\">\n                              <div class=\"elespare-img-wrapper\">\n\n                  \n      <a href=\"https:\/\/ellotv.com.br\/site\/2026\/05\/26\/lula-anuncia-tela-brasil-plataforma-gratuita-dedicada-ao-cinema-brasileiro\/\" aria-label=\"Lula anuncia \u201cTela Brasil\u201d, plataforma gratuita dedicada ao cinema brasileiro\">\n        <img loading=\"lazy\" decoding=\"async\" width=\"300\" height=\"300\" src=\"https:\/\/ellotv.com.br\/site\/wp-content\/uploads\/2026\/05\/WhatsApp-Image-2026-05-26-at-12.59.03-300x300.jpeg\" class=\"attachment-medium size-medium wp-post-image\" alt=\"Lula anuncia \u201cTela Brasil\u201d, plataforma gratuita dedicada ao cinema brasileiro\" srcset=\"https:\/\/ellotv.com.br\/site\/wp-content\/uploads\/2026\/05\/WhatsApp-Image-2026-05-26-at-12.59.03-300x300.jpeg 300w, https:\/\/ellotv.com.br\/site\/wp-content\/uploads\/2026\/05\/WhatsApp-Image-2026-05-26-at-12.59.03-150x150.jpeg 150w, https:\/\/ellotv.com.br\/site\/wp-content\/uploads\/2026\/05\/WhatsApp-Image-2026-05-26-at-12.59.03-350x350.jpeg 350w, https:\/\/ellotv.com.br\/site\/wp-content\/uploads\/2026\/05\/WhatsApp-Image-2026-05-26-at-12.59.03.jpeg 554w\" sizes=\"(max-width: 300px) 100vw, 300px\" \/>      <\/a>\n\n    \n                <\/div>\n              \n              <div class=\"elespare-content-wrapper\">\n                <ul class=\"elespare-cat-links none\"><li class=\"elespare-meta-category\">\n                      <a class=\"elespare-categories\" href=\"https:\/\/ellotv.com.br\/site\/category\/brasil\/\" aria-label=\"View all posts in Brasil category\">\n                      \n                        Brasil\n                      <\/a>\n                  <\/li><li class=\"elespare-meta-category\">\n                      <a class=\"elespare-categories\" href=\"https:\/\/ellotv.com.br\/site\/category\/noticias\/\" aria-label=\"View all posts in Noticias category\">\n                      \n                        Noticias\n                      <\/a>\n                  <\/li><\/ul>\n    <h3 class=\"elespare-post-title\">\n      <a href=\"https:\/\/ellotv.com.br\/site\/2026\/05\/26\/lula-anuncia-tela-brasil-plataforma-gratuita-dedicada-ao-cinema-brasileiro\/\"> <span>Lula anuncia \u201cTela Brasil\u201d, plataforma gratuita dedicada ao cinema brasileiro<\/span><\/a>\n    <\/h3>\n                  <\/div>\n                          <\/div>\n                    <div class=\"elespare-posts-list-post-items\">\n                              <div class=\"elespare-img-wrapper\">\n\n                  \n      <a href=\"https:\/\/ellotv.com.br\/site\/2026\/05\/20\/gestao-fredson-brito-leva-sao-jose-do-egito-a-brasilia-e-municipio-e-destaque-nacional-em-investimentos-agricultura-familiar\/\" aria-label=\"Gest\u00e3o Fredson Brito leva S\u00e3o Jos\u00e9 do Egito \u00e0 Bras\u00edlia e munic\u00edpio \u00e9 destaque nacional em investimentos agricultura familiar\">\n        <img loading=\"lazy\" decoding=\"async\" width=\"225\" height=\"300\" src=\"https:\/\/ellotv.com.br\/site\/wp-content\/uploads\/2026\/05\/WhatsApp-Image-2026-05-20-at-15.07.51-225x300.jpeg\" class=\"attachment-medium size-medium wp-post-image\" alt=\"Gest\u00e3o Fredson Brito leva S\u00e3o Jos\u00e9 do Egito \u00e0 Bras\u00edlia e munic\u00edpio \u00e9 destaque nacional em investimentos agricultura familiar\" srcset=\"https:\/\/ellotv.com.br\/site\/wp-content\/uploads\/2026\/05\/WhatsApp-Image-2026-05-20-at-15.07.51-225x300.jpeg 225w, https:\/\/ellotv.com.br\/site\/wp-content\/uploads\/2026\/05\/WhatsApp-Image-2026-05-20-at-15.07.51-768x1024.jpeg 768w, https:\/\/ellotv.com.br\/site\/wp-content\/uploads\/2026\/05\/WhatsApp-Image-2026-05-20-at-15.07.51-1152x1536.jpeg 1152w, https:\/\/ellotv.com.br\/site\/wp-content\/uploads\/2026\/05\/WhatsApp-Image-2026-05-20-at-15.07.51-1536x2048.jpeg 1536w, https:\/\/ellotv.com.br\/site\/wp-content\/uploads\/2026\/05\/WhatsApp-Image-2026-05-20-at-15.07.51-1024x1365.jpeg 1024w, https:\/\/ellotv.com.br\/site\/wp-content\/uploads\/2026\/05\/WhatsApp-Image-2026-05-20-at-15.07.51-scaled.jpeg 1920w\" sizes=\"(max-width: 225px) 100vw, 225px\" \/>      <\/a>\n\n    \n                <\/div>\n              \n              <div class=\"elespare-content-wrapper\">\n                <ul class=\"elespare-cat-links none\"><li class=\"elespare-meta-category\">\n                      <a class=\"elespare-categories\" href=\"https:\/\/ellotv.com.br\/site\/category\/brasil\/\" aria-label=\"View all posts in Brasil category\">\n                      \n                        Brasil\n                      <\/a>\n                  <\/li><li class=\"elespare-meta-category\">\n                      <a class=\"elespare-categories\" href=\"https:\/\/ellotv.com.br\/site\/category\/noticias\/\" aria-label=\"View all posts in Noticias category\">\n                      \n                        Noticias\n                      <\/a>\n                  <\/li><li class=\"elespare-meta-category\">\n                      <a class=\"elespare-categories\" href=\"https:\/\/ellotv.com.br\/site\/category\/regional\/\" aria-label=\"View all posts in Regional category\">\n                      \n                        Regional\n                      <\/a>\n                  <\/li><\/ul>\n    <h3 class=\"elespare-post-title\">\n      <a href=\"https:\/\/ellotv.com.br\/site\/2026\/05\/20\/gestao-fredson-brito-leva-sao-jose-do-egito-a-brasilia-e-municipio-e-destaque-nacional-em-investimentos-agricultura-familiar\/\"> <span>Gest\u00e3o Fredson Brito leva S\u00e3o Jos\u00e9 do Egito \u00e0 Bras\u00edlia e munic\u00edpio \u00e9 destaque nacional em investimentos agricultura familiar<\/span><\/a>\n    <\/h3>\n                  <\/div>\n                          <\/div>\n                    <div class=\"elespare-posts-list-post-items\">\n                              <div class=\"elespare-img-wrapper\">\n\n                  \n      <a href=\"https:\/\/ellotv.com.br\/site\/2026\/05\/20\/em-brasilia-marconi-santana-participa-de-jantar-da-amupe-e-reforca-sintonia-com-liderancas-estaduais-e-nacionais\/\" aria-label=\"EM BRAS\u00cdLIA, MARCONI SANTANA PARTICIPA DE JANTAR DA AMUPE E REFOR\u00c7A SINTONIA COM LIDERAN\u00c7AS ESTADUAIS E NACIONAIS\">\n        <img loading=\"lazy\" decoding=\"async\" width=\"225\" height=\"300\" src=\"https:\/\/ellotv.com.br\/site\/wp-content\/uploads\/2026\/05\/WhatsApp-Image-2026-05-20-at-15.08.29-225x300.jpeg\" class=\"attachment-medium size-medium wp-post-image\" alt=\"EM BRAS\u00cdLIA, MARCONI SANTANA PARTICIPA DE JANTAR DA AMUPE E REFOR\u00c7A SINTONIA COM LIDERAN\u00c7AS ESTADUAIS E NACIONAIS\" srcset=\"https:\/\/ellotv.com.br\/site\/wp-content\/uploads\/2026\/05\/WhatsApp-Image-2026-05-20-at-15.08.29-225x300.jpeg 225w, https:\/\/ellotv.com.br\/site\/wp-content\/uploads\/2026\/05\/WhatsApp-Image-2026-05-20-at-15.08.29-768x1024.jpeg 768w, https:\/\/ellotv.com.br\/site\/wp-content\/uploads\/2026\/05\/WhatsApp-Image-2026-05-20-at-15.08.29.jpeg 960w\" sizes=\"(max-width: 225px) 100vw, 225px\" \/>      <\/a>\n\n    \n                <\/div>\n              \n              <div class=\"elespare-content-wrapper\">\n                <ul class=\"elespare-cat-links none\"><li class=\"elespare-meta-category\">\n                      <a class=\"elespare-categories\" href=\"https:\/\/ellotv.com.br\/site\/category\/brasil\/\" aria-label=\"View all posts in Brasil category\">\n                      \n                        Brasil\n                      <\/a>\n                  <\/li><li class=\"elespare-meta-category\">\n                      <a class=\"elespare-categories\" href=\"https:\/\/ellotv.com.br\/site\/category\/noticias\/\" aria-label=\"View all posts in Noticias category\">\n                      \n                        Noticias\n                      <\/a>\n                  <\/li><\/ul>\n    <h3 class=\"elespare-post-title\">\n      <a href=\"https:\/\/ellotv.com.br\/site\/2026\/05\/20\/em-brasilia-marconi-santana-participa-de-jantar-da-amupe-e-reforca-sintonia-com-liderancas-estaduais-e-nacionais\/\"> <span>EM BRAS\u00cdLIA, MARCONI SANTANA PARTICIPA DE JANTAR DA AMUPE E REFOR\u00c7A SINTONIA COM LIDERAN\u00c7AS ESTADUAIS E NACIONAIS<\/span><\/a>\n    <\/h3>\n                  <\/div>\n                          <\/div>\n                    <div class=\"elespare-posts-list-post-items\">\n                              <div class=\"elespare-img-wrapper\">\n\n                  \n      <a href=\"https:\/\/ellotv.com.br\/site\/2026\/05\/20\/acidente-em-sao-jose-do-rio-preto-alerta-para-cuidados-no-transito\/\" aria-label=\"Acidente em S\u00e3o Jos\u00e9 do Rio Preto alerta para cuidados no tr\u00e2nsito\">\n        <img loading=\"lazy\" decoding=\"async\" width=\"216\" height=\"300\" src=\"https:\/\/ellotv.com.br\/site\/wp-content\/uploads\/2026\/05\/IMG_20260520_092651.jpg-216x300.jpeg\" class=\"attachment-medium size-medium wp-post-image\" alt=\"Acidente em S\u00e3o Jos\u00e9 do Rio Preto alerta para cuidados no tr\u00e2nsito\" srcset=\"https:\/\/ellotv.com.br\/site\/wp-content\/uploads\/2026\/05\/IMG_20260520_092651.jpg-216x300.jpeg 216w, https:\/\/ellotv.com.br\/site\/wp-content\/uploads\/2026\/05\/IMG_20260520_092651.jpg-738x1024.jpeg 738w, https:\/\/ellotv.com.br\/site\/wp-content\/uploads\/2026\/05\/IMG_20260520_092651.jpg-768x1065.jpeg 768w, https:\/\/ellotv.com.br\/site\/wp-content\/uploads\/2026\/05\/IMG_20260520_092651.jpg-1024x1420.jpeg 1024w, https:\/\/ellotv.com.br\/site\/wp-content\/uploads\/2026\/05\/IMG_20260520_092651.jpg.jpeg 1080w\" sizes=\"(max-width: 216px) 100vw, 216px\" \/>      <\/a>\n\n    \n                <\/div>\n              \n              <div class=\"elespare-content-wrapper\">\n                <ul class=\"elespare-cat-links none\"><li class=\"elespare-meta-category\">\n                      <a class=\"elespare-categories\" href=\"https:\/\/ellotv.com.br\/site\/category\/brasil\/\" aria-label=\"View all posts in Brasil category\">\n                      \n                        Brasil\n                      <\/a>\n                  <\/li><li class=\"elespare-meta-category\">\n                      <a class=\"elespare-categories\" href=\"https:\/\/ellotv.com.br\/site\/category\/noticias\/\" aria-label=\"View all posts in Noticias category\">\n                      \n                        Noticias\n                      <\/a>\n                  <\/li><\/ul>\n    <h3 class=\"elespare-post-title\">\n      <a href=\"https:\/\/ellotv.com.br\/site\/2026\/05\/20\/acidente-em-sao-jose-do-rio-preto-alerta-para-cuidados-no-transito\/\"> <span>Acidente em S\u00e3o Jos\u00e9 do Rio Preto alerta para cuidados no tr\u00e2nsito<\/span><\/a>\n    <\/h3>\n                  <\/div>\n                          <\/div>\n                    <div class=\"elespare-posts-list-post-items\">\n                              <div class=\"elespare-img-wrapper\">\n\n                  \n      <a href=\"https:\/\/ellotv.com.br\/site\/2026\/05\/19\/de-acordo-com-imprensa-neymar-ganhou-r-30-milhoes-em-50-minutos\/\" aria-label=\"De acordo com imprensa, Neymar ganhou R$ 30 milh\u00f5es em 50 minutos\">\n        <img loading=\"lazy\" decoding=\"async\" width=\"300\" height=\"200\" src=\"https:\/\/ellotv.com.br\/site\/wp-content\/uploads\/2026\/05\/WhatsApp-Image-2026-05-19-at-11.17.08-300x200.jpeg\" class=\"attachment-medium size-medium wp-post-image\" alt=\"De acordo com imprensa, Neymar ganhou R$ 30 milh\u00f5es em 50 minutos\" srcset=\"https:\/\/ellotv.com.br\/site\/wp-content\/uploads\/2026\/05\/WhatsApp-Image-2026-05-19-at-11.17.08-300x200.jpeg 300w, https:\/\/ellotv.com.br\/site\/wp-content\/uploads\/2026\/05\/WhatsApp-Image-2026-05-19-at-11.17.08-768x512.jpeg 768w, https:\/\/ellotv.com.br\/site\/wp-content\/uploads\/2026\/05\/WhatsApp-Image-2026-05-19-at-11.17.08.jpeg 888w\" sizes=\"(max-width: 300px) 100vw, 300px\" \/>      <\/a>\n\n    \n                <\/div>\n              \n              <div class=\"elespare-content-wrapper\">\n                <ul class=\"elespare-cat-links none\"><li class=\"elespare-meta-category\">\n                      <a class=\"elespare-categories\" href=\"https:\/\/ellotv.com.br\/site\/category\/brasil\/\" aria-label=\"View all posts in Brasil category\">\n                      \n                        Brasil\n                      <\/a>\n                  <\/li><li class=\"elespare-meta-category\">\n                      <a class=\"elespare-categories\" href=\"https:\/\/ellotv.com.br\/site\/category\/noticias\/\" aria-label=\"View all posts in Noticias category\">\n                      \n                        Noticias\n                      <\/a>\n                  <\/li><\/ul>\n    <h3 class=\"elespare-post-title\">\n      <a href=\"https:\/\/ellotv.com.br\/site\/2026\/05\/19\/de-acordo-com-imprensa-neymar-ganhou-r-30-milhoes-em-50-minutos\/\"> <span>De acordo com imprensa, Neymar ganhou R$ 30 milh\u00f5es em 50 minutos<\/span><\/a>\n    <\/h3>\n                  <\/div>\n                          <\/div>\n              <\/div>\n    <\/div>\n    \t\t\t\t<\/div>\n\t\t\t\t\t<\/div>\n\t\t<\/div>\n\t\t\t\t<div class=\"elementor-column elementor-col-25 elementor-top-column elementor-element elementor-element-150bf991\" data-id=\"150bf991\" data-element_type=\"column\" data-e-type=\"column\">\n\t\t\t<div class=\"elementor-widget-wrap elementor-element-populated\">\n\t\t\t\t\t\t<div class=\"elementor-element elementor-element-688c8bd elementor-widget elementor-widget-image\" data-id=\"688c8bd\" data-element_type=\"widget\" data-e-type=\"widget\" data-widget_type=\"image.default\">\n\t\t\t\t\t\t\t\t\t\t\t\t\t\t\t<img loading=\"lazy\" decoding=\"async\" width=\"297\" height=\"300\" src=\"https:\/\/ellotv.com.br\/site\/wp-content\/uploads\/2025\/12\/Template-3-297x300.png\" class=\"attachment-medium size-medium wp-image-3834\" alt=\"\" srcset=\"https:\/\/ellotv.com.br\/site\/wp-content\/uploads\/2025\/12\/Template-3-297x300.png 297w, https:\/\/ellotv.com.br\/site\/wp-content\/uploads\/2025\/12\/Template-3-1015x1024.png 1015w, https:\/\/ellotv.com.br\/site\/wp-content\/uploads\/2025\/12\/Template-3-768x775.png 768w, https:\/\/ellotv.com.br\/site\/wp-content\/uploads\/2025\/12\/Template-3-1024x1033.png 1024w, https:\/\/ellotv.com.br\/site\/wp-content\/uploads\/2025\/12\/Template-3.png 1080w\" sizes=\"(max-width: 297px) 100vw, 297px\" \/>\t\t\t\t\t\t\t\t\t\t\t\t\t\t\t<\/div>\n\t\t\t\t<div class=\"elementor-element elementor-element-30f74173 elementor-invisible elementor-widget elementor-widget-video\" data-id=\"30f74173\" data-element_type=\"widget\" data-e-type=\"widget\" data-settings=\"{&quot;youtube_url&quot;:&quot;https:\\\/\\\/www.youtube.com\\\/watch?v=v-wMfnwRpaA&quot;,&quot;_animation&quot;:&quot;slideInRight&quot;,&quot;video_type&quot;:&quot;youtube&quot;,&quot;controls&quot;:&quot;yes&quot;}\" data-widget_type=\"video.default\">\n\t\t\t\t\t\t\t<div class=\"elementor-wrapper elementor-open-inline\">\n\t\t\t<div class=\"elementor-video\"><\/div>\t\t<\/div>\n\t\t\t\t\t\t<\/div>\n\t\t\t\t<div class=\"elementor-element elementor-element-50cf6b1 elementor-widget elementor-widget-video\" data-id=\"50cf6b1\" data-element_type=\"widget\" data-e-type=\"widget\" data-settings=\"{&quot;youtube_url&quot;:&quot;https:\\\/\\\/www.youtube.com\\\/watch?v=Ukvo16JT9e0&quot;,&quot;video_type&quot;:&quot;youtube&quot;,&quot;controls&quot;:&quot;yes&quot;}\" data-widget_type=\"video.default\">\n\t\t\t\t\t\t\t<div class=\"elementor-wrapper elementor-open-inline\">\n\t\t\t<div class=\"elementor-video\"><\/div>\t\t<\/div>\n\t\t\t\t\t\t<\/div>\n\t\t\t\t<div class=\"elementor-element elementor-element-a0b1ce1 elementor-widget elementor-widget-video\" data-id=\"a0b1ce1\" data-element_type=\"widget\" data-e-type=\"widget\" data-settings=\"{&quot;youtube_url&quot;:&quot;https:\\\/\\\/www.youtube.com\\\/watch?v=2FxMPp4lrAU&quot;,&quot;video_type&quot;:&quot;youtube&quot;,&quot;controls&quot;:&quot;yes&quot;}\" data-widget_type=\"video.default\">\n\t\t\t\t\t\t\t<div class=\"elementor-wrapper elementor-open-inline\">\n\t\t\t<div class=\"elementor-video\"><\/div>\t\t<\/div>\n\t\t\t\t\t\t<\/div>\n\t\t\t\t<div class=\"elementor-element elementor-element-80b5cd8 elementor-widget elementor-widget-video\" data-id=\"80b5cd8\" data-element_type=\"widget\" data-e-type=\"widget\" data-settings=\"{&quot;youtube_url&quot;:&quot;https:\\\/\\\/www.youtube.com\\\/watch?v=SzWM3EaixAY&amp;t=14s&quot;,&quot;video_type&quot;:&quot;youtube&quot;,&quot;controls&quot;:&quot;yes&quot;}\" data-widget_type=\"video.default\">\n\t\t\t\t\t\t\t<div class=\"elementor-wrapper elementor-open-inline\">\n\t\t\t<div class=\"elementor-video\"><\/div>\t\t<\/div>\n\t\t\t\t\t\t<\/div>\n\t\t\t\t<div class=\"elementor-element elementor-element-f88a23c elementor-widget elementor-widget-video\" data-id=\"f88a23c\" data-element_type=\"widget\" data-e-type=\"widget\" data-settings=\"{&quot;youtube_url&quot;:&quot;https:\\\/\\\/www.youtube.com\\\/watch?v=pdTYNwXRfE8&quot;,&quot;video_type&quot;:&quot;youtube&quot;,&quot;controls&quot;:&quot;yes&quot;}\" data-widget_type=\"video.default\">\n\t\t\t\t\t\t\t<div class=\"elementor-wrapper elementor-open-inline\">\n\t\t\t<div class=\"elementor-video\"><\/div>\t\t<\/div>\n\t\t\t\t\t\t<\/div>\n\t\t\t\t<div class=\"elementor-element elementor-element-6166e1a elementor-widget elementor-widget-video\" data-id=\"6166e1a\" data-element_type=\"widget\" data-e-type=\"widget\" data-settings=\"{&quot;youtube_url&quot;:&quot;https:\\\/\\\/www.youtube.com\\\/watch?v=uyVumxq32Pg&amp;t=2s&quot;,&quot;video_type&quot;:&quot;youtube&quot;,&quot;controls&quot;:&quot;yes&quot;}\" data-widget_type=\"video.default\">\n\t\t\t\t\t\t\t<div class=\"elementor-wrapper elementor-open-inline\">\n\t\t\t<div class=\"elementor-video\"><\/div>\t\t<\/div>\n\t\t\t\t\t\t<\/div>\n\t\t\t\t<div class=\"elementor-element elementor-element-f959630 elementor-widget elementor-widget-video\" data-id=\"f959630\" data-element_type=\"widget\" data-e-type=\"widget\" data-settings=\"{&quot;youtube_url&quot;:&quot;https:\\\/\\\/www.youtube.com\\\/watch?v=MGckTe9KH9Y&amp;t=873s&quot;,&quot;video_type&quot;:&quot;youtube&quot;,&quot;controls&quot;:&quot;yes&quot;}\" data-widget_type=\"video.default\">\n\t\t\t\t\t\t\t<div class=\"elementor-wrapper elementor-open-inline\">\n\t\t\t<div class=\"elementor-video\"><\/div>\t\t<\/div>\n\t\t\t\t\t\t<\/div>\n\t\t\t\t<div class=\"elementor-element elementor-element-2fbf4cb5 elementor-grid-1 elementor-grid-tablet-2 elementor-grid-mobile-1 elespare-section-title-elespare-left elementor-invisible elementor-widget elementor-widget-post-grid\" data-id=\"2fbf4cb5\" data-element_type=\"widget\" data-e-type=\"widget\" data-settings=\"{&quot;columns&quot;:&quot;1&quot;,&quot;_animation&quot;:&quot;slideInUp&quot;,&quot;columns_tablet&quot;:&quot;2&quot;,&quot;columns_mobile&quot;:&quot;1&quot;}\" data-widget_type=\"post-grid.default\">\n\t\t\t\t\t<div class=\"elespare-widget-title-section title-style-1 elespare-left\">\n\t\t\t\t<h2 class=\"elespare-widget-title\">\n\t\t\t\t\t<span class=\"elespare-section-title-before\"><\/span>\n\t\t\t\t\t<span class=\"elespare-section-title\">TECNOLOGIA<\/span>\n\t\t\t\t\t<span class=\"elespare-section-title-after\"><\/span>\n\t\t\t\t<\/h2>\n\t\t\t<\/div>    <div class=\"elespare-grid-wrap grid-layout has-background  elespare-has-equal-height\">\n\n      <div class=\"elespare-posts-wrap  elementor-grid grid-style-1  elespare-image-zoom elespare-light \">\n                    <div class=\"elespare-posts-grid-post-items\">\n\n              <div class=\"elespare-img-wrapper\">\n                \n      <a href=\"https:\/\/ellotv.com.br\/site\/2026\/03\/18\/microsoft-ameaca-processar-dona-do-chatgpt-e-amazon-em-disputa-por-inteligencia-artificial\/\" aria-label=\"Microsoft amea\u00e7a processar dona do ChatGPT e Amazon em disputa por intelig\u00eancia artificial\">\n        <img loading=\"lazy\" decoding=\"async\" width=\"750\" height=\"500\" src=\"https:\/\/ellotv.com.br\/site\/wp-content\/uploads\/2026\/03\/GettyImages-2186206624.webp\" class=\"attachment-darknews-slider-full size-darknews-slider-full wp-post-image\" alt=\"Microsoft amea\u00e7a processar dona do ChatGPT e Amazon em disputa por intelig\u00eancia artificial\" srcset=\"https:\/\/ellotv.com.br\/site\/wp-content\/uploads\/2026\/03\/GettyImages-2186206624.webp 750w, https:\/\/ellotv.com.br\/site\/wp-content\/uploads\/2026\/03\/GettyImages-2186206624-300x200.webp 300w\" sizes=\"(max-width: 750px) 100vw, 750px\" \/>      <\/a>\n\n    \n                <ul class=\"elespare-cat-links solid\"><li class=\"elespare-meta-category\">\n                      <a class=\"elespare-categories\" href=\"https:\/\/ellotv.com.br\/site\/category\/mundo\/\" aria-label=\"View all posts in Mundo category\">\n                      \n                        Mundo\n                      <\/a>\n                  <\/li><li class=\"elespare-meta-category\">\n                      <a class=\"elespare-categories\" href=\"https:\/\/ellotv.com.br\/site\/category\/noticias\/\" aria-label=\"View all posts in Noticias category\">\n                      \n                        Noticias\n                      <\/a>\n                  <\/li><li class=\"elespare-meta-category\">\n                      <a class=\"elespare-categories\" href=\"https:\/\/ellotv.com.br\/site\/category\/tech\/\" aria-label=\"View all posts in Tech category\">\n                      \n                        Tech\n                      <\/a>\n                  <\/li><\/ul>              <\/div>\n              <div class=\"elespare-content-wrapper\">\n                                \n    <h3 class=\"elespare-post-title\">\n      <a href=\"https:\/\/ellotv.com.br\/site\/2026\/03\/18\/microsoft-ameaca-processar-dona-do-chatgpt-e-amazon-em-disputa-por-inteligencia-artificial\/\"> <span>Microsoft amea\u00e7a processar dona do ChatGPT e Amazon em disputa por intelig\u00eancia artificial<\/span><\/a>\n    <\/h3>\n        <div class=\"elespare-exceprt\">\n                <\/div>\n  \n              <\/div>\n            <\/div>\n                    <div class=\"elespare-posts-grid-post-items\">\n\n              <div class=\"elespare-img-wrapper\">\n                \n      <a href=\"https:\/\/ellotv.com.br\/site\/2026\/02\/04\/criada-por-inteligencia-artificial-sina-de-ofelia-expoe-nova-fronteira-e-tensao-na-musica\/\" aria-label=\"Criada por intelig\u00eancia artificial, \u201cSina de Of\u00e9lia\u201d exp\u00f5e nova fronteira (e tens\u00e3o) na m\u00fasica\">\n        <img loading=\"lazy\" decoding=\"async\" width=\"977\" height=\"645\" src=\"https:\/\/ellotv.com.br\/site\/wp-content\/uploads\/2026\/02\/111111.png\" class=\"attachment-darknews-slider-full size-darknews-slider-full wp-post-image\" alt=\"Criada por intelig\u00eancia artificial, \u201cSina de Of\u00e9lia\u201d exp\u00f5e nova fronteira (e tens\u00e3o) na m\u00fasica\" srcset=\"https:\/\/ellotv.com.br\/site\/wp-content\/uploads\/2026\/02\/111111.png 977w, https:\/\/ellotv.com.br\/site\/wp-content\/uploads\/2026\/02\/111111-300x198.png 300w, https:\/\/ellotv.com.br\/site\/wp-content\/uploads\/2026\/02\/111111-768x507.png 768w\" sizes=\"(max-width: 977px) 100vw, 977px\" \/>      <\/a>\n\n    \n                <ul class=\"elespare-cat-links solid\"><li class=\"elespare-meta-category\">\n                      <a class=\"elespare-categories\" href=\"https:\/\/ellotv.com.br\/site\/category\/noticias\/\" aria-label=\"View all posts in Noticias category\">\n                      \n                        Noticias\n                      <\/a>\n                  <\/li><li class=\"elespare-meta-category\">\n                      <a class=\"elespare-categories\" href=\"https:\/\/ellotv.com.br\/site\/category\/tech\/\" aria-label=\"View all posts in Tech category\">\n                      \n                        Tech\n                      <\/a>\n                  <\/li><\/ul>              <\/div>\n              <div class=\"elespare-content-wrapper\">\n                                \n    <h3 class=\"elespare-post-title\">\n      <a href=\"https:\/\/ellotv.com.br\/site\/2026\/02\/04\/criada-por-inteligencia-artificial-sina-de-ofelia-expoe-nova-fronteira-e-tensao-na-musica\/\"> <span>Criada por intelig\u00eancia artificial, \u201cSina de Of\u00e9lia\u201d exp\u00f5e nova fronteira (e tens\u00e3o) na m\u00fasica<\/span><\/a>\n    <\/h3>\n        <div class=\"elespare-exceprt\">\n                <\/div>\n  \n              <\/div>\n            <\/div>\n                    <div class=\"elespare-posts-grid-post-items\">\n\n              <div class=\"elespare-img-wrapper\">\n                \n      <a href=\"https:\/\/ellotv.com.br\/site\/2026\/01\/29\/do-uso-basico-a-lideranca-as-5-habilidades-que-diferenciam-profissionais-na-era-da-inteligencia-artificial\/\" aria-label=\"Do uso b\u00e1sico \u00e0 lideran\u00e7a: as 5 habilidades que diferenciam profissionais na era da intelig\u00eancia artificial\">\n        <img loading=\"lazy\" decoding=\"async\" width=\"1024\" height=\"683\" src=\"https:\/\/ellotv.com.br\/site\/wp-content\/uploads\/2026\/01\/WhatsApp-Image-2026-01-29-at-15.12.30.jpeg\" class=\"attachment-darknews-slider-full size-darknews-slider-full wp-post-image\" alt=\"Do uso b\u00e1sico \u00e0 lideran\u00e7a: as 5 habilidades que diferenciam profissionais na era da intelig\u00eancia artificial\" srcset=\"https:\/\/ellotv.com.br\/site\/wp-content\/uploads\/2026\/01\/WhatsApp-Image-2026-01-29-at-15.12.30.jpeg 1024w, https:\/\/ellotv.com.br\/site\/wp-content\/uploads\/2026\/01\/WhatsApp-Image-2026-01-29-at-15.12.30-300x200.jpeg 300w, https:\/\/ellotv.com.br\/site\/wp-content\/uploads\/2026\/01\/WhatsApp-Image-2026-01-29-at-15.12.30-768x512.jpeg 768w\" sizes=\"(max-width: 1024px) 100vw, 1024px\" \/>      <\/a>\n\n    \n                <ul class=\"elespare-cat-links solid\"><li class=\"elespare-meta-category\">\n                      <a class=\"elespare-categories\" href=\"https:\/\/ellotv.com.br\/site\/category\/mundo\/\" aria-label=\"View all posts in Mundo category\">\n                      \n                        Mundo\n                      <\/a>\n                  <\/li><li class=\"elespare-meta-category\">\n                      <a class=\"elespare-categories\" href=\"https:\/\/ellotv.com.br\/site\/category\/noticias\/\" aria-label=\"View all posts in Noticias category\">\n                      \n                        Noticias\n                      <\/a>\n                  <\/li><li class=\"elespare-meta-category\">\n                      <a class=\"elespare-categories\" href=\"https:\/\/ellotv.com.br\/site\/category\/tech\/\" aria-label=\"View all posts in Tech category\">\n                      \n                        Tech\n                      <\/a>\n                  <\/li><\/ul>              <\/div>\n              <div class=\"elespare-content-wrapper\">\n                                \n    <h3 class=\"elespare-post-title\">\n      <a href=\"https:\/\/ellotv.com.br\/site\/2026\/01\/29\/do-uso-basico-a-lideranca-as-5-habilidades-que-diferenciam-profissionais-na-era-da-inteligencia-artificial\/\"> <span>Do uso b\u00e1sico \u00e0 lideran\u00e7a: as 5 habilidades que diferenciam profissionais na era da intelig\u00eancia artificial<\/span><\/a>\n    <\/h3>\n        <div class=\"elespare-exceprt\">\n                <\/div>\n  \n              <\/div>\n            <\/div>\n                    <div class=\"elespare-posts-grid-post-items\">\n\n              <div class=\"elespare-img-wrapper\">\n                \n      <a href=\"https:\/\/ellotv.com.br\/site\/2026\/01\/29\/brasil-tera-supercomputador-dedicado-a-inteligencia-artificial-em-2026-diz-mcti\/\" aria-label=\"Brasil ter\u00e1 supercomputador dedicado \u00e0 intelig\u00eancia artificial em 2026, diz MCTI\">\n        <img loading=\"lazy\" decoding=\"async\" width=\"1200\" height=\"675\" src=\"https:\/\/ellotv.com.br\/site\/wp-content\/uploads\/2026\/01\/WhatsApp-Image-2026-01-28-at-09.55.40.jpeg\" class=\"attachment-darknews-slider-full size-darknews-slider-full wp-post-image\" alt=\"Brasil ter\u00e1 supercomputador dedicado \u00e0 intelig\u00eancia artificial em 2026, diz MCTI\" srcset=\"https:\/\/ellotv.com.br\/site\/wp-content\/uploads\/2026\/01\/WhatsApp-Image-2026-01-28-at-09.55.40.jpeg 1200w, https:\/\/ellotv.com.br\/site\/wp-content\/uploads\/2026\/01\/WhatsApp-Image-2026-01-28-at-09.55.40-300x169.jpeg 300w, https:\/\/ellotv.com.br\/site\/wp-content\/uploads\/2026\/01\/WhatsApp-Image-2026-01-28-at-09.55.40-1024x576.jpeg 1024w, https:\/\/ellotv.com.br\/site\/wp-content\/uploads\/2026\/01\/WhatsApp-Image-2026-01-28-at-09.55.40-768x432.jpeg 768w\" sizes=\"(max-width: 1200px) 100vw, 1200px\" \/>      <\/a>\n\n    \n                <ul class=\"elespare-cat-links solid\"><li class=\"elespare-meta-category\">\n                      <a class=\"elespare-categories\" href=\"https:\/\/ellotv.com.br\/site\/category\/brasil\/\" aria-label=\"View all posts in Brasil category\">\n                      \n                        Brasil\n                      <\/a>\n                  <\/li><li class=\"elespare-meta-category\">\n                      <a class=\"elespare-categories\" href=\"https:\/\/ellotv.com.br\/site\/category\/noticias\/\" aria-label=\"View all posts in Noticias category\">\n                      \n                        Noticias\n                      <\/a>\n                  <\/li><li class=\"elespare-meta-category\">\n                      <a class=\"elespare-categories\" href=\"https:\/\/ellotv.com.br\/site\/category\/tech\/\" aria-label=\"View all posts in Tech category\">\n                      \n                        Tech\n                      <\/a>\n                  <\/li><\/ul>              <\/div>\n              <div class=\"elespare-content-wrapper\">\n                                \n    <h3 class=\"elespare-post-title\">\n      <a href=\"https:\/\/ellotv.com.br\/site\/2026\/01\/29\/brasil-tera-supercomputador-dedicado-a-inteligencia-artificial-em-2026-diz-mcti\/\"> <span>Brasil ter\u00e1 supercomputador dedicado \u00e0 intelig\u00eancia artificial em 2026, diz MCTI<\/span><\/a>\n    <\/h3>\n        <div class=\"elespare-exceprt\">\n                <\/div>\n  \n              <\/div>\n            <\/div>\n              <\/div>\n    <\/div>\n    \t\t\t\t<\/div>\n\t\t\t\t\t<\/div>\n\t\t<\/div>\n\t\t\t\t\t<\/div>\n\t\t<\/section>\n\t\t\t\t<section class=\"elementor-section elementor-top-section elementor-element elementor-element-28a80587 elementor-section-full_width elementor-section-height-default elementor-section-height-default\" data-id=\"28a80587\" data-element_type=\"section\" data-e-type=\"section\">\n\t\t\t\t\t\t<div class=\"elementor-container elementor-column-gap-default\">\n\t\t\t\t\t<div class=\"elementor-column elementor-col-100 elementor-top-column elementor-element elementor-element-63041c54\" data-id=\"63041c54\" data-element_type=\"column\" data-e-type=\"column\">\n\t\t\t<div class=\"elementor-widget-wrap elementor-element-populated\">\n\t\t\t\t\t\t<div class=\"elementor-element elementor-element-5f57462 elementor-invisible elementor-widget elementor-widget-post-flash\" data-id=\"5f57462\" data-element_type=\"widget\" data-e-type=\"widget\" data-settings=\"{&quot;_animation&quot;:&quot;slideInDown&quot;,&quot;_animation_speed&quot;:80000,&quot;_pause_on_hover&quot;:&quot;yes&quot;}\" data-widget_type=\"post-flash.default\">\n\t\t\t\t\t\n    <div class=\"elespare-flash-wrap flash-layout flash-style-1  elespare_flash_enable\">\n      <div class=\"elespare-exclusive-posts  ele-border-disabled\">\n        <div class=\"elespare-exclusive-now\">\n          \n          <div class=\"elespare-exclusive-now-txt-animation-wrap\">\n                          <span class=\"elespare-spinner spinner-style-2\">\n                <div class=\"ring\"><\/div>\n                <div class=\"ring\"><\/div>\n                <div class=\"ring\"><\/div>\n                <div class=\"ring\"><\/div>\n                <div class=\"ring\"><\/div>\n              <\/span>\n                        <span class=\"elespare-exclusive-texts-wrapper\">\n              ello agora!            <\/span>\n          <\/div>\n        <\/div>\n\n        <div class=\"elespare-exclusive-slides\" dir=\"ltr\">\n                      <div class=\"marquee elespare-flash-side left\" data-direction=\"left\" role=\"list\">\n                              <h4 class=\"elespare-post-title\">\n                  <a href=\"https:\/\/ellotv.com.br\/site\/2026\/08\/28\/ello-tv-recebe-gislandio-araujo-em-entrevista-especial-sobre-as-eleicoes-2026\/\">\n\n                    \n                      <span class=\"elespare-circle-marq\">\n                                                \n      <img loading=\"lazy\" decoding=\"async\" width=\"150\" height=\"150\" src=\"https:\/\/ellotv.com.br\/site\/wp-content\/uploads\/2026\/08\/WhatsApp-Image-2026-08-28-at-15.18.18-150x150.jpeg\" class=\"attachment-thumbnail size-thumbnail wp-post-image\" alt=\"\" srcset=\"https:\/\/ellotv.com.br\/site\/wp-content\/uploads\/2026\/08\/WhatsApp-Image-2026-08-28-at-15.18.18-150x150.jpeg 150w, https:\/\/ellotv.com.br\/site\/wp-content\/uploads\/2026\/08\/WhatsApp-Image-2026-08-28-at-15.18.18-350x350.jpeg 350w\" sizes=\"(max-width: 150px) 100vw, 150px\" \/>\n                      <\/span>\n\n                    \n                    <span class=\"elespare-post-title\"> ELLO TV recebe Gisl\u00e2ndio Ara\u00fajo em entrevista especial sobre as Elei\u00e7\u00f5es 2026<\/span>\n                  <\/a>\n                <\/h4>\n                              <h4 class=\"elespare-post-title\">\n                  <a href=\"https:\/\/ellotv.com.br\/site\/2026\/08\/27\/efesta-mostra-os-melhores-momentos-da-festa-de-agosto-2026-em-santa-rosa\/\">\n\n                    \n                      <span class=\"elespare-circle-marq\">\n                                                \n      <img loading=\"lazy\" decoding=\"async\" width=\"150\" height=\"150\" src=\"https:\/\/ellotv.com.br\/site\/wp-content\/uploads\/2026\/08\/WhatsApp-Image-2026-08-27-at-11.07.25-150x150.jpeg\" class=\"attachment-thumbnail size-thumbnail wp-post-image\" alt=\"\" srcset=\"https:\/\/ellotv.com.br\/site\/wp-content\/uploads\/2026\/08\/WhatsApp-Image-2026-08-27-at-11.07.25-150x150.jpeg 150w, https:\/\/ellotv.com.br\/site\/wp-content\/uploads\/2026\/08\/WhatsApp-Image-2026-08-27-at-11.07.25-350x350.jpeg 350w\" sizes=\"(max-width: 150px) 100vw, 150px\" \/>\n                      <\/span>\n\n                    \n                    <span class=\"elespare-post-title\"> \u00e9Festa mostra os melhores momentos da Festa de Agosto 2026 em Santa Rosa<\/span>\n                  <\/a>\n                <\/h4>\n                              <h4 class=\"elespare-post-title\">\n                  <a href=\"https:\/\/ellotv.com.br\/site\/2026\/08\/26\/causos-causas-do-pajeu-a-amazonia-a-trajetoria-de-dr-valdir-perazzo-leite\/\">\n\n                    \n                      <span class=\"elespare-circle-marq\">\n                                                \n      <img loading=\"lazy\" decoding=\"async\" width=\"150\" height=\"150\" src=\"https:\/\/ellotv.com.br\/site\/wp-content\/uploads\/2026\/08\/WhatsApp-Image-2026-08-26-at-16.35.50-1-150x150.jpeg\" class=\"attachment-thumbnail size-thumbnail wp-post-image\" alt=\"\" srcset=\"https:\/\/ellotv.com.br\/site\/wp-content\/uploads\/2026\/08\/WhatsApp-Image-2026-08-26-at-16.35.50-1-150x150.jpeg 150w, https:\/\/ellotv.com.br\/site\/wp-content\/uploads\/2026\/08\/WhatsApp-Image-2026-08-26-at-16.35.50-1-350x350.jpeg 350w\" sizes=\"(max-width: 150px) 100vw, 150px\" \/>\n                      <\/span>\n\n                    \n                    <span class=\"elespare-post-title\"> Causos &#038; Causas: do Paje\u00fa \u00e0 Amaz\u00f4nia, a trajet\u00f3ria de Dr. Valdir Perazzo Leite<\/span>\n                  <\/a>\n                <\/h4>\n                              <h4 class=\"elespare-post-title\">\n                  <a href=\"https:\/\/ellotv.com.br\/site\/2026\/08\/25\/diga-la-poeta-recebe-mariana-teles-para-celebrar-o-legado-de-valdir-teles\/\">\n\n                    \n                      <span class=\"elespare-circle-marq\">\n                                                \n      <img loading=\"lazy\" decoding=\"async\" width=\"150\" height=\"150\" src=\"https:\/\/ellotv.com.br\/site\/wp-content\/uploads\/2026\/08\/WhatsApp-Image-2026-08-25-at-10.00.35-150x150.jpeg\" class=\"attachment-thumbnail size-thumbnail wp-post-image\" alt=\"\" srcset=\"https:\/\/ellotv.com.br\/site\/wp-content\/uploads\/2026\/08\/WhatsApp-Image-2026-08-25-at-10.00.35-150x150.jpeg 150w, https:\/\/ellotv.com.br\/site\/wp-content\/uploads\/2026\/08\/WhatsApp-Image-2026-08-25-at-10.00.35-350x350.jpeg 350w\" sizes=\"(max-width: 150px) 100vw, 150px\" \/>\n                      <\/span>\n\n                    \n                    <span class=\"elespare-post-title\"> Diga L\u00e1 Poeta recebe Mariana Teles para celebrar o legado de Valdir Teles<\/span>\n                  <\/a>\n                <\/h4>\n                              <h4 class=\"elespare-post-title\">\n                  <a href=\"https:\/\/ellotv.com.br\/site\/2026\/08\/25\/politica-em-foco-recebe-vicente-galdino-para-debater-cenario-atual-e-desafios-da-regiao\/\">\n\n                    \n                      <span class=\"elespare-circle-marq\">\n                                                \n      <img loading=\"lazy\" decoding=\"async\" width=\"150\" height=\"150\" src=\"https:\/\/ellotv.com.br\/site\/wp-content\/uploads\/2026\/08\/WhatsApp-Image-2026-08-25-at-09.36.21-150x150.jpeg\" class=\"attachment-thumbnail size-thumbnail wp-post-image\" alt=\"\" srcset=\"https:\/\/ellotv.com.br\/site\/wp-content\/uploads\/2026\/08\/WhatsApp-Image-2026-08-25-at-09.36.21-150x150.jpeg 150w, https:\/\/ellotv.com.br\/site\/wp-content\/uploads\/2026\/08\/WhatsApp-Image-2026-08-25-at-09.36.21-350x350.jpeg 350w\" sizes=\"(max-width: 150px) 100vw, 150px\" \/>\n                      <\/span>\n\n                    \n                    <span class=\"elespare-post-title\"> Pol\u00edtica em Foco recebe Vicente Galdino para debater cen\u00e1rio atual e desafios da regi\u00e3o<\/span>\n                  <\/a>\n                <\/h4>\n                          <\/div>\n                  <\/div>\n      <\/div>\n    <\/div>\n\n    \t\t\t\t<\/div>\n\t\t\t\t\t<\/div>\n\t\t<\/div>\n\t\t\t\t\t<\/div>\n\t\t<\/section>\n\t\t<div class=\"elementor-element elementor-element-e8f4d0d e-con e-atomic-element e-flexbox-base \" data-id=\"e8f4d0d\" data-element_type=\"e-flexbox\" data-e-type=\"e-flexbox\" data-interaction-id=\"e8f4d0d\">\n    \t\t\t<h2 data-interaction-id=\"9e6540c\" class=\"e-heading-base\">Conhe\u00e7a nossos Programas:<\/h2>\n\t\t\n<\/div>\n<div class=\"elementor-element elementor-element-3b5daa7 e-grid e-con-boxed e-con e-parent\" data-id=\"3b5daa7\" data-element_type=\"container\" data-e-type=\"container\">\n\t\t\t\t\t<div class=\"e-con-inner\">\n\t\t\t\t\t<img loading=\"lazy\" decoding=\"async\" class=\"e-image-base \" data-interaction-id=\"f403722\" id=\"6704\" src=\"https:\/\/ellotv.com.br\/site\/wp-content\/uploads\/2026\/08\/Group-5-1-300x143.png\" width=\"300\" height=\"143\" srcset=\"https:\/\/ellotv.com.br\/site\/wp-content\/uploads\/2026\/08\/Group-5-1-300x143.png 300w, https:\/\/ellotv.com.br\/site\/wp-content\/uploads\/2026\/08\/Group-5-1-1024x489.png 1024w, https:\/\/ellotv.com.br\/site\/wp-content\/uploads\/2026\/08\/Group-5-1-768x367.png 768w, https:\/\/ellotv.com.br\/site\/wp-content\/uploads\/2026\/08\/Group-5-1-1536x733.png 1536w, https:\/\/ellotv.com.br\/site\/wp-content\/uploads\/2026\/08\/Group-5-1-2048x978.png 2048w\" alt=\"\"\/>\t\t\t\t\t<img loading=\"lazy\" decoding=\"async\" class=\"e-image-base \" data-interaction-id=\"8a8dea4\" id=\"6698\" src=\"https:\/\/ellotv.com.br\/site\/wp-content\/uploads\/2026\/08\/Group-6-300x143.png\" width=\"300\" height=\"143\" srcset=\"https:\/\/ellotv.com.br\/site\/wp-content\/uploads\/2026\/08\/Group-6-300x143.png 300w, https:\/\/ellotv.com.br\/site\/wp-content\/uploads\/2026\/08\/Group-6-1024x489.png 1024w, https:\/\/ellotv.com.br\/site\/wp-content\/uploads\/2026\/08\/Group-6-768x367.png 768w, https:\/\/ellotv.com.br\/site\/wp-content\/uploads\/2026\/08\/Group-6-1536x733.png 1536w, https:\/\/ellotv.com.br\/site\/wp-content\/uploads\/2026\/08\/Group-6-2048x978.png 2048w\" alt=\"\"\/>\t\t\t\t\t<img loading=\"lazy\" decoding=\"async\" class=\"e-image-base \" data-interaction-id=\"e40a52b\" id=\"6700\" src=\"https:\/\/ellotv.com.br\/site\/wp-content\/uploads\/2026\/08\/Group-4-300x143.png\" width=\"300\" height=\"143\" srcset=\"https:\/\/ellotv.com.br\/site\/wp-content\/uploads\/2026\/08\/Group-4-300x143.png 300w, https:\/\/ellotv.com.br\/site\/wp-content\/uploads\/2026\/08\/Group-4-1024x489.png 1024w, https:\/\/ellotv.com.br\/site\/wp-content\/uploads\/2026\/08\/Group-4-768x367.png 768w, https:\/\/ellotv.com.br\/site\/wp-content\/uploads\/2026\/08\/Group-4-1536x733.png 1536w, https:\/\/ellotv.com.br\/site\/wp-content\/uploads\/2026\/08\/Group-4-2048x978.png 2048w\" alt=\"\"\/>\t\t\t\t\t<img loading=\"lazy\" decoding=\"async\" class=\"e-image-base \" data-interaction-id=\"c8cf6af\" id=\"6701\" src=\"https:\/\/ellotv.com.br\/site\/wp-content\/uploads\/2026\/08\/Group-2-300x143.png\" width=\"300\" height=\"143\" srcset=\"https:\/\/ellotv.com.br\/site\/wp-content\/uploads\/2026\/08\/Group-2-300x143.png 300w, https:\/\/ellotv.com.br\/site\/wp-content\/uploads\/2026\/08\/Group-2-1024x489.png 1024w, https:\/\/ellotv.com.br\/site\/wp-content\/uploads\/2026\/08\/Group-2-768x367.png 768w, https:\/\/ellotv.com.br\/site\/wp-content\/uploads\/2026\/08\/Group-2-1536x733.png 1536w, https:\/\/ellotv.com.br\/site\/wp-content\/uploads\/2026\/08\/Group-2-2048x978.png 2048w\" alt=\"\"\/>\t\t\t\t\t<img loading=\"lazy\" decoding=\"async\" class=\"e-image-base \" data-interaction-id=\"4147e1c\" id=\"6702\" src=\"https:\/\/ellotv.com.br\/site\/wp-content\/uploads\/2026\/08\/Group-3-300x143.png\" width=\"300\" height=\"143\" srcset=\"https:\/\/ellotv.com.br\/site\/wp-content\/uploads\/2026\/08\/Group-3-300x143.png 300w, https:\/\/ellotv.com.br\/site\/wp-content\/uploads\/2026\/08\/Group-3-1024x489.png 1024w, https:\/\/ellotv.com.br\/site\/wp-content\/uploads\/2026\/08\/Group-3-768x367.png 768w, https:\/\/ellotv.com.br\/site\/wp-content\/uploads\/2026\/08\/Group-3-1536x733.png 1536w, https:\/\/ellotv.com.br\/site\/wp-content\/uploads\/2026\/08\/Group-3-2048x978.png 2048w\" alt=\"\"\/>\t\t\t\t\t<img loading=\"lazy\" decoding=\"async\" class=\"e-image-base \" data-interaction-id=\"c8c6418\" id=\"6703\" src=\"https:\/\/ellotv.com.br\/site\/wp-content\/uploads\/2026\/08\/Group-1-300x143.png\" width=\"300\" height=\"143\" srcset=\"https:\/\/ellotv.com.br\/site\/wp-content\/uploads\/2026\/08\/Group-1-300x143.png 300w, https:\/\/ellotv.com.br\/site\/wp-content\/uploads\/2026\/08\/Group-1-1024x489.png 1024w, https:\/\/ellotv.com.br\/site\/wp-content\/uploads\/2026\/08\/Group-1-768x367.png 768w, https:\/\/ellotv.com.br\/site\/wp-content\/uploads\/2026\/08\/Group-1-1536x733.png 1536w, https:\/\/ellotv.com.br\/site\/wp-content\/uploads\/2026\/08\/Group-1-2048x978.png 2048w\" alt=\"\"\/>\t\t\t\t\t<\/div>\n\t\t\t\t<\/div>\n\t\t<div class=\"elementor-element elementor-element-ac6a836 e-flex e-con-boxed e-con e-parent\" data-id=\"ac6a836\" data-element_type=\"container\" data-e-type=\"container\">\n\t\t\t\t\t<div class=\"e-con-inner\">\n\t\t\t\t\t<\/div>\n\t\t\t\t<\/div>\n\t\t\t\t<\/div>\n\t\t","protected":false},"excerpt":{"rendered":"<p>N\u00e3o Perca Noticias Regional Casa lotada no Agreste refor\u00e7a alcance estadual da pr\u00e9-candidatura de Marconi Santana ELLO TV<\/p>\n","protected":false},"author":1,"featured_media":5976,"parent":0,"menu_order":0,"comment_status":"closed","ping_status":"closed","template":"elementor_header_footer","meta":{"footnotes":""},"class_list":["post-326","page","type-page","status-publish","has-post-thumbnail","hentry"],"yoast_head":"<!-- This site is optimized with the Yoast SEO plugin v28.3 - https:\/\/yoast.com\/product\/yoast-seo-wordpress\/ -->\n<title>Feed De Not\u00edcias - Ello TV<\/title>\n<meta name=\"description\" content=\"Sua fonte atualizada de not\u00edcias: do contexto regional ao cen\u00e1rio global. Informa\u00e7\u00e3o de credibilidade sobre as regi\u00f5es, o Brasil e o mundo.\" \/>\n<meta name=\"robots\" content=\"index, follow, max-snippet:-1, max-image-preview:large, max-video-preview:-1\" \/>\n<link rel=\"canonical\" href=\"https:\/\/ellotv.com.br\/site\/\" \/>\n<meta property=\"og:locale\" content=\"pt_BR\" \/>\n<meta property=\"og:type\" content=\"article\" \/>\n<meta property=\"og:title\" content=\"Feed De Not\u00edcias - Ello TV\" \/>\n<meta property=\"og:description\" content=\"Sua fonte atualizada de not\u00edcias: do contexto regional ao cen\u00e1rio global. Informa\u00e7\u00e3o de credibilidade sobre as regi\u00f5es, o Brasil e o mundo.\" \/>\n<meta property=\"og:url\" content=\"https:\/\/ellotv.com.br\/site\/\" \/>\n<meta property=\"og:site_name\" content=\"Ello TV\" \/>\n<meta property=\"article:modified_time\" content=\"2026-08-06T20:28:22+00:00\" \/>\n<meta property=\"og:image\" content=\"https:\/\/ellotv.com.br\/site\/wp-content\/uploads\/2026\/05\/Group-1-1.png\" \/>\n\t<meta property=\"og:image:width\" content=\"1920\" \/>\n\t<meta property=\"og:image:height\" content=\"1080\" \/>\n\t<meta property=\"og:image:type\" content=\"image\/png\" \/>\n<meta name=\"twitter:card\" content=\"summary_large_image\" \/>\n<meta name=\"twitter:label1\" content=\"Est. tempo de leitura\" \/>\n\t<meta name=\"twitter:data1\" content=\"16 minutos\" \/>\n<script type=\"application\/ld+json\" class=\"yoast-schema-graph\">{\"@context\":\"https:\\\/\\\/schema.org\",\"@graph\":[{\"@type\":\"WebPage\",\"@id\":\"https:\\\/\\\/ellotv.com.br\\\/site\\\/\",\"url\":\"https:\\\/\\\/ellotv.com.br\\\/site\\\/\",\"name\":\"Feed De Not\u00edcias - Ello TV\",\"isPartOf\":{\"@id\":\"https:\\\/\\\/ellotv.com.br\\\/site\\\/#website\"},\"primaryImageOfPage\":{\"@id\":\"https:\\\/\\\/ellotv.com.br\\\/site\\\/#primaryimage\"},\"image\":{\"@id\":\"https:\\\/\\\/ellotv.com.br\\\/site\\\/#primaryimage\"},\"thumbnailUrl\":\"https:\\\/\\\/ellotv.com.br\\\/site\\\/wp-content\\\/uploads\\\/2026\\\/05\\\/Group-1-1.png\",\"datePublished\":\"2018-03-29T18:46:51+00:00\",\"dateModified\":\"2026-08-06T20:28:22+00:00\",\"description\":\"Sua fonte atualizada de not\u00edcias: do contexto regional ao cen\u00e1rio global. Informa\u00e7\u00e3o de credibilidade sobre as regi\u00f5es, o Brasil e o mundo.\",\"breadcrumb\":{\"@id\":\"https:\\\/\\\/ellotv.com.br\\\/site\\\/#breadcrumb\"},\"inLanguage\":\"pt-BR\",\"potentialAction\":[{\"@type\":\"ReadAction\",\"target\":[\"https:\\\/\\\/ellotv.com.br\\\/site\\\/\"]}]},{\"@type\":\"ImageObject\",\"inLanguage\":\"pt-BR\",\"@id\":\"https:\\\/\\\/ellotv.com.br\\\/site\\\/#primaryimage\",\"url\":\"https:\\\/\\\/ellotv.com.br\\\/site\\\/wp-content\\\/uploads\\\/2026\\\/05\\\/Group-1-1.png\",\"contentUrl\":\"https:\\\/\\\/ellotv.com.br\\\/site\\\/wp-content\\\/uploads\\\/2026\\\/05\\\/Group-1-1.png\",\"width\":1920,\"height\":1080},{\"@type\":\"BreadcrumbList\",\"@id\":\"https:\\\/\\\/ellotv.com.br\\\/site\\\/#breadcrumb\",\"itemListElement\":[{\"@type\":\"ListItem\",\"position\":1,\"name\":\"In\u00edcio\",\"item\":\"https:\\\/\\\/ellotv.com.br\\\/site\\\/\"},{\"@type\":\"ListItem\",\"position\":2,\"name\":\"Feed De Not\u00edcias\"}]},{\"@type\":\"WebSite\",\"@id\":\"https:\\\/\\\/ellotv.com.br\\\/site\\\/#website\",\"url\":\"https:\\\/\\\/ellotv.com.br\\\/site\\\/\",\"name\":\"ELLO TV\",\"description\":\"\",\"publisher\":{\"@id\":\"https:\\\/\\\/ellotv.com.br\\\/site\\\/#organization\"},\"potentialAction\":[{\"@type\":\"SearchAction\",\"target\":{\"@type\":\"EntryPoint\",\"urlTemplate\":\"https:\\\/\\\/ellotv.com.br\\\/site\\\/?s={search_term_string}\"},\"query-input\":{\"@type\":\"PropertyValueSpecification\",\"valueRequired\":true,\"valueName\":\"search_term_string\"}}],\"inLanguage\":\"pt-BR\"},{\"@type\":\"Organization\",\"@id\":\"https:\\\/\\\/ellotv.com.br\\\/site\\\/#organization\",\"name\":\"ELLO TV\",\"url\":\"https:\\\/\\\/ellotv.com.br\\\/site\\\/\",\"logo\":{\"@type\":\"ImageObject\",\"inLanguage\":\"pt-BR\",\"@id\":\"https:\\\/\\\/ellotv.com.br\\\/site\\\/#\\\/schema\\\/logo\\\/image\\\/\",\"url\":\"https:\\\/\\\/ellotv.com.br\\\/site\\\/wp-content\\\/uploads\\\/2025\\\/11\\\/ello-logo-2.fw_.png\",\"contentUrl\":\"https:\\\/\\\/ellotv.com.br\\\/site\\\/wp-content\\\/uploads\\\/2025\\\/11\\\/ello-logo-2.fw_.png\",\"width\":400,\"height\":146,\"caption\":\"ELLO TV\"},\"image\":{\"@id\":\"https:\\\/\\\/ellotv.com.br\\\/site\\\/#\\\/schema\\\/logo\\\/image\\\/\"}}]}<\/script>\n<!-- \/ Yoast SEO plugin. -->","yoast_head_json":{"title":"Feed De Not\u00edcias - Ello TV","description":"Sua fonte atualizada de not\u00edcias: do contexto regional ao cen\u00e1rio global. Informa\u00e7\u00e3o de credibilidade sobre as regi\u00f5es, o Brasil e o mundo.","robots":{"index":"index","follow":"follow","max-snippet":"max-snippet:-1","max-image-preview":"max-image-preview:large","max-video-preview":"max-video-preview:-1"},"canonical":"https:\/\/ellotv.com.br\/site\/","og_locale":"pt_BR","og_type":"article","og_title":"Feed De Not\u00edcias - Ello TV","og_description":"Sua fonte atualizada de not\u00edcias: do contexto regional ao cen\u00e1rio global. Informa\u00e7\u00e3o de credibilidade sobre as regi\u00f5es, o Brasil e o mundo.","og_url":"https:\/\/ellotv.com.br\/site\/","og_site_name":"Ello TV","article_modified_time":"2026-08-06T20:28:22+00:00","og_image":[{"width":1920,"height":1080,"url":"https:\/\/ellotv.com.br\/site\/wp-content\/uploads\/2026\/05\/Group-1-1.png","type":"image\/png"}],"twitter_card":"summary_large_image","twitter_misc":{"Est. tempo de leitura":"16 minutos"},"schema":{"@context":"https:\/\/schema.org","@graph":[{"@type":"WebPage","@id":"https:\/\/ellotv.com.br\/site\/","url":"https:\/\/ellotv.com.br\/site\/","name":"Feed De Not\u00edcias - Ello TV","isPartOf":{"@id":"https:\/\/ellotv.com.br\/site\/#website"},"primaryImageOfPage":{"@id":"https:\/\/ellotv.com.br\/site\/#primaryimage"},"image":{"@id":"https:\/\/ellotv.com.br\/site\/#primaryimage"},"thumbnailUrl":"https:\/\/ellotv.com.br\/site\/wp-content\/uploads\/2026\/05\/Group-1-1.png","datePublished":"2018-03-29T18:46:51+00:00","dateModified":"2026-08-06T20:28:22+00:00","description":"Sua fonte atualizada de not\u00edcias: do contexto regional ao cen\u00e1rio global. Informa\u00e7\u00e3o de credibilidade sobre as regi\u00f5es, o Brasil e o mundo.","breadcrumb":{"@id":"https:\/\/ellotv.com.br\/site\/#breadcrumb"},"inLanguage":"pt-BR","potentialAction":[{"@type":"ReadAction","target":["https:\/\/ellotv.com.br\/site\/"]}]},{"@type":"ImageObject","inLanguage":"pt-BR","@id":"https:\/\/ellotv.com.br\/site\/#primaryimage","url":"https:\/\/ellotv.com.br\/site\/wp-content\/uploads\/2026\/05\/Group-1-1.png","contentUrl":"https:\/\/ellotv.com.br\/site\/wp-content\/uploads\/2026\/05\/Group-1-1.png","width":1920,"height":1080},{"@type":"BreadcrumbList","@id":"https:\/\/ellotv.com.br\/site\/#breadcrumb","itemListElement":[{"@type":"ListItem","position":1,"name":"In\u00edcio","item":"https:\/\/ellotv.com.br\/site\/"},{"@type":"ListItem","position":2,"name":"Feed De Not\u00edcias"}]},{"@type":"WebSite","@id":"https:\/\/ellotv.com.br\/site\/#website","url":"https:\/\/ellotv.com.br\/site\/","name":"ELLO TV","description":"","publisher":{"@id":"https:\/\/ellotv.com.br\/site\/#organization"},"potentialAction":[{"@type":"SearchAction","target":{"@type":"EntryPoint","urlTemplate":"https:\/\/ellotv.com.br\/site\/?s={search_term_string}"},"query-input":{"@type":"PropertyValueSpecification","valueRequired":true,"valueName":"search_term_string"}}],"inLanguage":"pt-BR"},{"@type":"Organization","@id":"https:\/\/ellotv.com.br\/site\/#organization","name":"ELLO TV","url":"https:\/\/ellotv.com.br\/site\/","logo":{"@type":"ImageObject","inLanguage":"pt-BR","@id":"https:\/\/ellotv.com.br\/site\/#\/schema\/logo\/image\/","url":"https:\/\/ellotv.com.br\/site\/wp-content\/uploads\/2025\/11\/ello-logo-2.fw_.png","contentUrl":"https:\/\/ellotv.com.br\/site\/wp-content\/uploads\/2025\/11\/ello-logo-2.fw_.png","width":400,"height":146,"caption":"ELLO TV"},"image":{"@id":"https:\/\/ellotv.com.br\/site\/#\/schema\/logo\/image\/"}}]}},"_links":{"self":[{"href":"https:\/\/ellotv.com.br\/site\/wp-json\/wp\/v2\/pages\/326","targetHints":{"allow":["GET"]}}],"collection":[{"href":"https:\/\/ellotv.com.br\/site\/wp-json\/wp\/v2\/pages"}],"about":[{"href":"https:\/\/ellotv.com.br\/site\/wp-json\/wp\/v2\/types\/page"}],"author":[{"embeddable":true,"href":"https:\/\/ellotv.com.br\/site\/wp-json\/wp\/v2\/users\/1"}],"replies":[{"embeddable":true,"href":"https:\/\/ellotv.com.br\/site\/wp-json\/wp\/v2\/comments?post=326"}],"version-history":[{"count":173,"href":"https:\/\/ellotv.com.br\/site\/wp-json\/wp\/v2\/pages\/326\/revisions"}],"predecessor-version":[{"id":6711,"href":"https:\/\/ellotv.com.br\/site\/wp-json\/wp\/v2\/pages\/326\/revisions\/6711"}],"wp:featuredmedia":[{"embeddable":true,"href":"https:\/\/ellotv.com.br\/site\/wp-json\/wp\/v2\/media\/5976"}],"wp:attachment":[{"href":"https:\/\/ellotv.com.br\/site\/wp-json\/wp\/v2\/media?parent=326"}],"curies":[{"name":"wp","href":"https:\/\/api.w.org\/{rel}","templated":true}]}}